{"id":14920,"date":"2018-08-30T16:58:02","date_gmt":"2018-08-30T15:58:02","guid":{"rendered":"http:\/\/www.gannahall.de\/?page_id=14920"},"modified":"2022-01-03T17:49:02","modified_gmt":"2022-01-03T16:49:02","slug":"satzung","status":"publish","type":"page","link":"http:\/\/www.tiuwari.de\/index.php\/semnonenbund\/satzung\/","title":{"rendered":"Satzung"},"content":{"rendered":"<p>[fusion_builder_container hundred_percent=&#8220;no&#8220; hundred_percent_height=&#8220;no&#8220; hundred_percent_height_scroll=&#8220;no&#8220; hundred_percent_height_center_content=&#8220;yes&#8220; equal_height_columns=&#8220;no&#8220; menu_anchor=&#8220;&#8220; hide_on_mobile=&#8220;small-visibility,medium-visibility,large-visibility&#8220; class=&#8220;&#8220; id=&#8220;&#8220; background_color=&#8220;&#8220; background_image=&#8220;&#8220; background_position=&#8220;center center&#8220; background_repeat=&#8220;no-repeat&#8220; fade=&#8220;no&#8220; background_parallax=&#8220;none&#8220; enable_mobile=&#8220;no&#8220; parallax_speed=&#8220;0.3&#8243; video_mp4=&#8220;&#8220; video_webm=&#8220;&#8220; video_ogv=&#8220;&#8220; video_url=&#8220;&#8220; video_aspect_ratio=&#8220;16:9&#8243; video_loop=&#8220;yes&#8220; video_mute=&#8220;yes&#8220; video_preview_image=&#8220;&#8220; border_size=&#8220;&#8220; border_color=&#8220;&#8220; border_style=&#8220;solid&#8220; margin_top=&#8220;&#8220; margin_bottom=&#8220;&#8220; padding_top=&#8220;&#8220; padding_right=&#8220;&#8220; padding_bottom=&#8220;&#8220; padding_left=&#8220;&#8220;][fusion_builder_row][fusion_builder_column type=&#8220;1_1&#8243; layout=&#8220;1_1&#8243; spacing=&#8220;&#8220; center_content=&#8220;no&#8220; link=&#8220;&#8220; target=&#8220;_self&#8220; min_height=&#8220;&#8220; hide_on_mobile=&#8220;small-visibility,medium-visibility,large-visibility&#8220; class=&#8220;&#8220; id=&#8220;&#8220; background_color=&#8220;&#8220; background_image=&#8220;&#8220; background_position=&#8220;left top&#8220; background_repeat=&#8220;no-repeat&#8220; hover_type=&#8220;none&#8220; border_size=&#8220;0&#8243; border_color=&#8220;&#8220; border_style=&#8220;solid&#8220; border_position=&#8220;all&#8220; padding_top=&#8220;&#8220; padding_right=&#8220;&#8220; padding_bottom=&#8220;&#8220; padding_left=&#8220;&#8220; margin_top=&#8220;&#8220; margin_bottom=&#8220;&#8220; animation_type=&#8220;&#8220; animation_direction=&#8220;left&#8220; animation_speed=&#8220;0.3&#8243; animation_offset=&#8220;&#8220; last=&#8220;no&#8220;][fusion_text columns=&#8220;&#8220; column_min_width=&#8220;&#8220; column_spacing=&#8220;&#8220; rule_style=&#8220;default&#8220; rule_size=&#8220;&#8220; rule_color=&#8220;&#8220; hide_on_mobile=&#8220;small-visibility,medium-visibility,large-visibility&#8220; class=&#8220;&#8220; id=&#8220;&#8220;]<\/p>\n<div class=\"fusion-text\">\n<h1>Die Vereins-Satzung des Semnonenbund e.V.<\/h1>\n<\/div>\n<p align=\"CENTER\"><span style=\"color: #000000;\"><span style=\"font-family: Arial, serif;\"><span style=\"font-size: large;\">Satzung<\/span><\/span><\/span><\/p>\n<p align=\"CENTER\"><span style=\"color: #000000;\"><span style=\"font-family: Arial, serif;\"><span style=\"font-size: medium;\">Semnonenbund e.V.<\/span><\/span><\/span><\/p>\n<p><span style=\"color: #000000;\"><span style=\"font-family: Arial, serif;\"><span style=\"font-size: medium;\"><u>\u00a7 1 Name, Sitz, Gesch\u00e4ftsjahr<\/u><\/span><\/span><\/span><\/p>\n<p><span style=\"color: #000000;\"><span style=\"font-family: Arial, serif;\"><span style=\"font-size: medium;\">Der Verein f\u00fchrt den Namen \u201eSemnonenbund\u201c e.V. und ist im Vereinsregister des Amtsgerichtes Potsdam unter VR 5553 eingetragen.<\/span><\/span><\/span><\/p>\n<p><span style=\"color: #000000;\"><span style=\"font-family: Arial, serif;\"><span style=\"font-size: medium;\">Der Sitz, Erf\u00fcllungsort und Gerichtsstand des Vereins ist Nauen.<\/span><\/span><\/span><\/p>\n<p><span style=\"color: #000000;\"><span style=\"font-family: Arial, serif;\"><span style=\"font-size: medium;\">Das Gesch\u00e4ftsjahr ist das Kalenderjahr.<\/span><\/span><\/span><\/p>\n<p><span style=\"color: #000000;\"><span style=\"font-family: Arial, serif;\"><span style=\"font-size: medium;\"><u>\u00a7 2 Zweck und Aufgaben des Vereins<\/u><\/span><\/span><\/span><\/p>\n<p><span style=\"color: #000000;\"><span style=\"font-family: Arial, serif;\"><span style=\"font-size: medium;\">2.1. Der Verein bezweckt ausschlie\u00dflich und unmittelbar gemeinn\u00fctzige Zwecke im Sinne des Abschnittes \u201eSteuerbeg\u00fcnstigte Zwecke\u201c der Abgabenordnung. Er verfolgt nicht in erster Linie eigenwirtschaftliche Zwecke.<\/span><\/span><\/span><\/p>\n<p><span style=\"color: #000000;\"><span style=\"font-family: Arial, serif;\"><span style=\"font-size: medium;\">2.2. Der Verein ist politisch und konfessionell neutral.<\/span><\/span><\/span><\/p>\n<p><span style=\"color: #000000;\"><span style=\"font-family: Arial, serif;\"><span style=\"font-size: medium;\">2.3. Aufgabe des Vereins ist die F\u00f6rderung kultureller Zwecke, das \u00fcberlieferte Kulturgut zu pflegen sowie die F\u00f6rderung der Heimatpflege und Heimatkunde. Der Satzungszweck wird verwirklicht durch die Pflege, Erforschung und Publizierung der Stadt- und Regionalgeschichte in ihrer gesamten Breite: Kulturgeschichte, Volkskunde, Denkmalpflege, Bodendenkmalpflege, und historische Aspekte der Naturwissenschaften im regionalen Bereich, Erhaltung und Ausbau des Projektes \u201eHistorisches Dorf Gannahall\u201c nach arch\u00e4ologischen, historischen und kulturhistorischen Vorgaben zum Museumsdorf sowie diesbez\u00fcgliche F\u00fchrungen, Veranstaltungen, Vortr\u00e4gen und Exkursionen.<\/span><\/span><\/span><\/p>\n<p><span style=\"color: #000000;\"><span style=\"font-family: Arial, serif;\"><span style=\"font-size: medium;\">2.4. Die Mittel des Vereins d\u00fcrfen nur f\u00fcr satzungsgem\u00e4\u00dfe Zwecke verwendet werden. Die Mitglieder erhalten keine Zuwendungen aus Mitteln des Vereins. Es darf keine Person durch Ausgaben, die dem Zweck der K\u00f6rperschaft fremd sind, oder durch unverh\u00e4ltnism\u00e4\u00dfig hohe Verg\u00fctungen beg\u00fcnstigt werden. <\/span><\/span><\/span><\/p>\n<p><span style=\"color: #000000;\"><span style=\"font-family: Arial, serif;\"><span style=\"font-size: medium;\">2.5. Der Verein kann Mitglied in anderen Vereinen oder Vereinigungen werden.<\/span><\/span><\/span><\/p>\n<p><span style=\"color: #000000;\"><span style=\"font-family: Arial, serif;\"><span style=\"font-size: medium;\"><u>\u00a7 3 Mitgliedschaft<\/u><\/span><\/span><\/span><\/p>\n<p><span style=\"color: #000000;\"><span style=\"font-family: Arial, serif;\"><span style=\"font-size: medium;\">Der Verein hat:<\/span><\/span><\/span><\/p>\n<p><span style=\"color: #000000;\"><span style=\"font-family: Arial, serif;\"><span style=\"font-size: medium;\">3.1. Ordentliche Mitglieder, die das 18. Lebensjahr vollendet haben.<\/span><\/span><\/span><\/p>\n<p><span style=\"color: #000000;\"><span style=\"font-family: Arial, serif;\"><span style=\"font-size: medium;\">3.2. Jugendmitglieder, sind ordentliche Mitglieder die das 18. Lebensjahr noch nicht vollendet haben.<\/span><\/span><\/span><\/p>\n<p><span style=\"color: #000000;\"><span style=\"font-family: Arial, serif;\"><span style=\"font-size: medium;\">3.3 Passivmitglieder, Mitglieder die nicht aktiv sein k\u00f6nnen aber die Interessen des Vereins unterst\u00fctzen und f\u00f6rdern.<\/span><\/span><\/span><\/p>\n<p><span style=\"color: #000000;\"><span style=\"font-family: Arial, serif;\"><span style=\"font-size: medium;\">3.4. Ehrenmitglieder, sind ordentliche Mitglieder, die durch ihre bisherigen Verdienste um den Verein beitragsfrei gestellt sind.<\/span><\/span><\/span><\/p>\n<p><span style=\"color: #000000;\"><span style=\"font-family: Arial, serif;\"><span style=\"font-size: medium;\">Dar\u00fcber hinaus stehen dem Verein noch nat\u00fcrliche und juristische F\u00f6rderer zur Seite, die keine Mitglieder sind.<\/span><\/span><\/span><\/p>\n<p><span style=\"color: #000000;\"><span style=\"font-family: Arial, serif;\"><span style=\"font-size: medium;\"><u>\u00a7 4 Erwerb der Mitgliedschaft<\/u><\/span><\/span><\/span><\/p>\n<p><span style=\"color: #000000;\"><span style=\"font-family: Arial, serif;\"><span style=\"font-size: medium;\">Dem Erwerb der Mitgliedschaft geht ein schriftlicher Aufnahmeantrag mit eigenh\u00e4ndiger Unterschrift voraus.<\/span><\/span><\/span><\/p>\n<p><span style=\"color: #000000;\"><span style=\"font-family: Arial, serif;\"><span style=\"font-size: medium;\">Bei Minderj\u00e4hrigen ist die zus\u00e4tzliche Unterschrift des gesetzlichen Vertreters notwendig.<\/span><\/span><\/span><\/p>\n<p><span style=\"color: #000000;\"><span style=\"font-family: Arial, serif;\"><span style=\"font-size: medium;\">\u00dcber den Aufnahmeantrag entscheidet die Mitgliederversammlung. Im Fall einer Ablehnung erh\u00e4lt der Antragsteller eine schriftliche Mitteilung. Eine Begr\u00fcndung der Ablehnung kann nicht verlangt werden.<\/span><\/span><\/span><\/p>\n<p><span style=\"color: #000000;\"><span style=\"font-family: Arial, serif;\"><span style=\"font-size: medium;\"><u>\u00a7 5 Rechte der Mitglieder<\/u><\/span><\/span><\/span><\/p>\n<p><span style=\"color: #000000;\"><span style=\"font-family: Arial, serif;\"><span style=\"font-size: medium;\">5.1. Alle Mitglieder haben das Recht, an allen Veranstaltungen des Vereins in Theorie und Praxis teilzunehmen.<\/span><\/span><\/span><\/p>\n<p><span style=\"color: #000000;\"><span style=\"font-family: Arial, serif;\"><span style=\"font-size: medium;\">5.2. Alle Mitglieder haben das Recht, unter Beachtung weiterer Vereinsregeln, die Vereinseinrichtungen zu nutzen.<\/span><\/span><\/span><\/p>\n<p><span style=\"color: #000000;\"><span style=\"font-family: Arial, serif;\"><span style=\"font-size: medium;\">5.3. Alle ordentlichen Mitglieder, die das 16. Lebensjahr vollendet haben, besitzen Stimmrecht in der Mitgliederversammlung.<\/span><\/span><\/span><\/p>\n<p><span style=\"color: #000000;\"><span style=\"font-family: Arial, serif;\"><span style=\"font-size: medium;\">5.4. Alle ordentlichen Mitglieder haben das Recht, dem Vorstand oder der Mitgliederversammlung Antr\u00e4ge zu unterbreiten.<\/span><\/span><\/span><\/p>\n<p><span style=\"color: #000000;\"><span style=\"font-family: Arial, serif;\"><span style=\"font-size: medium;\"><u>\u00a7 6 Pflichten der Mitglieder<\/u><\/span><\/span><\/span><\/p>\n<p><span style=\"color: #000000;\"><span style=\"font-family: Arial, serif;\"><span style=\"font-size: medium;\">6.1. Jedes Mitglied hat die Pflicht, den Zweck und die Aufgaben des Vereins zu f\u00f6rdern.<\/span><\/span><\/span><\/p>\n<p><span style=\"color: #000000;\"><span style=\"font-family: Arial, serif;\"><span style=\"font-size: medium;\">6.2. Jedes Mitglied hat die Pflicht, die Beschl\u00fcsse des Vereins anzuerkennen und aktiv an deren Umsetzung mitzuwirken.<\/span><\/span><\/span><\/p>\n<p><span style=\"color: #000000;\"><span style=\"font-family: Arial, serif;\"><span style=\"font-size: medium;\">6.3. Jedes Mitglied hat die Pflicht, das Vereinseigentum pfleglich zu behandeln, sowie f\u00fcr Ordnung, Sicherheit und Sauberkeit aktiv Sorge zu tragen.<\/span><\/span><\/span><\/p>\n<p><span style=\"color: #000000;\"><span style=\"font-family: Arial, serif;\"><span style=\"font-size: medium;\">6.4. Jedes Mitglied ist verpflichtet, den Mitgliedsbeitrag entsprechend den Beschl\u00fcssen der Mitgliederversammlung bringepflichtig und p\u00fcnktlich zu entrichten.<\/span><\/span><\/span><\/p>\n<p><span style=\"color: #000000;\"><span style=\"font-family: Arial, serif;\"><span style=\"font-size: medium;\"><u>\u00a7 7 Erl\u00f6schen der Mitgliedschaft<\/u><\/span><\/span><\/span><\/p>\n<p><span style=\"color: #000000;\"><span style=\"font-family: Arial, serif;\"><span style=\"font-size: medium;\">Die Mitgliedschaft erlischt:<\/span><\/span><\/span><\/p>\n<ol type=\"a\">\n<li><span style=\"color: #000000;\"><span style=\"font-family: Arial, serif;\"><span style=\"font-size: medium;\">Durch schriftliche Austrittserkl\u00e4rung bis zum 30. November des laufenden Jahres zum Ende des Kalenderjahres.<\/span><\/span><\/span><\/li>\n<li><span style=\"color: #000000;\"><span style=\"font-family: Arial, serif;\"><span style=\"font-size: medium;\">Durch Streichung, wenn ein Mitglied trotz erfolgter zweimaliger schriftlicher Mahnung seinen Beitragsverpflichtungen nicht nachkommt.<\/span><\/span><\/span><\/li>\n<\/ol>\n<p><span style=\"color: #000000;\"><span style=\"font-family: Arial, serif;\"><span style=\"font-size: medium;\">Die Beitragspflicht endet f\u00fcr a und b in jedem Fall erst mit Ablauf des Kalenderjahres.<\/span><\/span><\/span><\/p>\n<ol start=\"3\" type=\"a\">\n<li><span style=\"color: #000000;\"><span style=\"font-family: Arial, serif;\"><span style=\"font-size: medium;\">Durch Ausschluss, bei grobem oder wiederholtem Versto\u00df gegen die Satzung oder die Interessen des Vereins wegen unehrenhaftes Verhaltens innerhalb und au\u00dferhalb des Vereins, soweit dies im Zusammenhang mit dem Zweck des Vereins steht sowie wegen unsportlichen und unkameradschaftlichen Verhaltens oder sonstiger schwerwiegender, die Vereinsdisziplin ber\u00fchrender Gr\u00fcnde.<\/span><\/span><\/span><\/li>\n<\/ol>\n<p><span style=\"color: #000000;\"><span style=\"font-family: Arial, serif;\"><span style=\"font-size: medium;\">\u00dcber den Ausschluss befindet der Vorstand. Vor der Beschlussfassung ist dem Mitglied unter Beachtung einer angemessenen Frist Gelegenheit zur Stellungnahme zu geben. Der Beschluss \u00fcber den Ausschluss ist vom Vorstand zu begr\u00fcnden und dem Mitglied mittels eingeschriebenem Brief bekannt zu geben. Gegen den Vorstandsbeschluss kann Berufung innerhalb eines Monats,vom Datum der Bekanntmachung, bei der n\u00e4chst folgenden Mitgliederversammlung eingelegt werden. Die Beschreitung des Rechtsweges ist erst nach Aussch\u00f6pfung aller satzungsm\u00e4\u00dfigen M\u00f6glichkeiten zul\u00e4ssig.<\/span><\/span><\/span><\/p>\n<ol start=\"4\" type=\"a\">\n<li><span style=\"color: #000000;\"><span style=\"font-family: Arial, serif;\"><span style=\"font-size: medium;\">Durch Tod<\/span><\/span><\/span><\/li>\n<\/ol>\n<p><span style=\"color: #000000;\"><span style=\"font-family: Arial, serif;\"><span style=\"font-size: medium;\">Bei Erl\u00f6schen der Mitgliedschaft ist daf\u00fcr Sorge zu tragen, das Vereinseigentum und Unterlagen dem Vorstand \u00fcbergeben werden.<\/span><\/span><\/span><\/p>\n<p><span style=\"color: #000000;\"><span style=\"font-family: Arial, serif;\"><span style=\"font-size: medium;\">Bei Erl\u00f6schen der Mitgliedschaft besteht kein Anspruch auf das Verm\u00f6gen oder die Einrichtungen des Vereins.<\/span><\/span><\/span><\/p>\n<p><span style=\"color: #000000;\"><span style=\"font-family: Arial, serif;\"><span style=\"font-size: medium;\"><u>\u00a7 8 Jahresbeitrag\/ Umlagen<\/u><\/span><\/span><\/span><\/p>\n<p><span style=\"color: #000000;\"><span style=\"font-family: Arial, serif;\"><span style=\"font-size: medium;\">8.1. Der Verein erhebt einen Jahresbeitrag, der in monatlichen Teilbetr\u00e4gen zu zahlen ist. Die H\u00f6he des Jahresbeitrages wird von der Mitgliederversammlung beschlossen. N\u00e4heres regelt die Beitragsordnung. \u00c4nderungen der Zahlungsmodalit\u00e4ten sind auf Antrag durch den Vorstand m\u00f6glich.<\/span><\/span><\/span><\/p>\n<p><span style=\"color: #000000;\"><span style=\"font-family: Arial, serif;\"><span style=\"font-size: medium;\">8.2. In begr\u00fcndeten F\u00e4llen kann die Mitgliederversammlung auf Antrag des Vorstandes eine Umlageerhebung beschlie\u00dfen.<\/span><\/span><\/span><\/p>\n<p><span style=\"color: #000000;\"><span style=\"font-family: Arial, serif;\"><span style=\"font-size: medium;\"><u>\u00a7 9 Organe des Vereins<\/u><\/span><\/span><\/span><\/p>\n<p><span style=\"color: #000000;\"><span style=\"font-family: Arial, serif;\"><span style=\"font-size: medium;\">9.1. Mitgliederversammlung<\/span><\/span><\/span><\/p>\n<p><span style=\"color: #000000;\"><span style=\"font-family: Arial, serif;\"><span style=\"font-size: medium;\">Die Jahresmitgliederversammlung findet mindestens einmal j\u00e4hrlich statt. Sie ist in den ersten 4 Monaten des laufenden Jahres durchzuf\u00fchren. Die Versammlung ist mit einer Frist von 3 Wochen unter Angabe der Tagesordnung sowie vorliegender Antr\u00e4ge als Anlage schriftlich einzuberufen.<\/span><\/span><\/span><\/p>\n<p><span style=\"color: #000000;\"><span style=\"font-family: Arial, serif;\"><span style=\"font-size: medium;\">Weitere Antr\u00e4ge an die Mitgliederversammlung sind sp\u00e4testens 1 Woche vor dem Versammlungstermin schriftlich beim 1. Vorsitzenden einzureichen.<\/span><\/span><\/span><\/p>\n<p><span style=\"color: #000000;\"><span style=\"font-family: Arial, serif;\"><span style=\"font-size: medium;\">Die Mitgliederversammlung entscheidet mit einfacher Mehrheit der anwesenden ordentlichen Mitglieder \u00fcber:<\/span><\/span><\/span><\/p>\n<ol type=\"a\">\n<li><span style=\"color: #000000;\"><span style=\"font-family: Arial, serif;\"><span style=\"font-size: medium;\">Den Beschluss bzw. \u00c4nderungen der Satzung<\/span><\/span><\/span><\/li>\n<li><span style=\"color: #000000;\"><span style=\"font-family: Arial, serif;\"><span style=\"font-size: medium;\">Wahl des Vorstandes und der Kassenpr\u00fcfer<\/span><\/span><\/span><\/li>\n<li><span style=\"color: #000000;\"><span style=\"font-family: Arial, serif;\"><span style=\"font-size: medium;\">Beschlussvorlagen des Vorstandes, wie Ordnungen u.\u00e4.<\/span><\/span><\/span><\/li>\n<li><span style=\"color: #000000;\"><span style=\"font-family: Arial, serif;\"><span style=\"font-size: medium;\">Antr\u00e4ge<\/span><\/span><\/span><\/li>\n<\/ol>\n<p><span style=\"color: #000000;\"><span style=\"font-family: Arial, serif;\"><span style=\"font-size: medium;\">Au\u00dferordentliche Mitgliederversammlungen k\u00f6nnen bei Bedarf und wenn es das Interesse des Vereins erfordert vom Vorstand einberufen werden oder ein Drittel der stimmberechtigten Mitglieder dies unter Angabe der Gr\u00fcnde verlangt.<\/span><\/span><\/span><\/p>\n<p><span style=\"color: #000000;\"><span style=\"font-family: Arial, serif;\"><span style=\"font-size: medium;\">Stimmrecht ist grunds\u00e4tzlich nicht \u00fcbertragbar. <\/span><\/span><\/span><\/p>\n<p><span style=\"color: #000000;\"><span style=\"font-family: Arial, serif;\"><span style=\"font-size: medium;\">Schriftliche Wahrnehmung des Stimmrechts ist grunds\u00e4tzlich m\u00f6glich, soweit nachweisbare Teilnahme aus Krankheits-, Arbeits- oder Infektionsschutzgr\u00fcnden nicht m\u00f6glich ist.<\/span><\/span><\/span><\/p>\n<p><span style=\"color: #000000;\"><span style=\"font-family: Arial, serif;\"><span style=\"font-size: medium;\">9.2. Vorstand<\/span><\/span><\/span><\/p>\n<p><span style=\"color: #000000;\"><span style=\"font-family: Arial, serif;\"><span style=\"font-size: medium;\">Der Vorstand besteht aus:<\/span><\/span><\/span><\/p>\n<ol type=\"a\">\n<li><span style=\"color: #000000;\"><span style=\"font-family: Arial, serif;\"><span style=\"font-size: medium;\">1. Vorsitzender<\/span><\/span><\/span><\/li>\n<li><span style=\"color: #000000;\"> <span style=\"font-family: Arial, serif;\"><span style=\"font-size: medium;\">2. Vorsitzender<\/span><\/span><\/span><\/li>\n<li><span style=\"color: #000000;\"><span style=\"font-family: Arial, serif;\"><span style=\"font-size: medium;\">Kassierer<\/span><\/span><\/span><\/li>\n<\/ol>\n<p><span style=\"color: #000000;\"><span style=\"font-family: Arial, serif;\"><span style=\"font-size: medium;\">Die Mitglieder des Vorstandes werden durch die ordentlichen Mitglieder f\u00fcr die Dauer von 4 Jahren gew\u00e4hlt. Wiederwahl ist statthaft. Bei Ausscheiden eines Vorstandsmitgliedes wird in der n\u00e4chsten Mitgliederversammlung durch Kooptierung eine Vorstandserg\u00e4nzung bis zum regul\u00e4ren Wahltermin vorgenommen. Der Vorstand kann bei Bedarf erweitert werden. <\/span><\/span><\/span><\/p>\n<p><span style=\"color: #000000;\"><span style=\"font-family: Arial, serif;\"><span style=\"font-size: medium;\">Dem Vorstand obliegt die Vereinsleitung, die Ausf\u00fchrung der Beschl\u00fcsse der Mitgliederversammlung sowie die Verwaltung der Vereinsunterlagen und insbesondere \u00fcber das Vereinsverm\u00f6gen. <\/span><\/span><\/span><\/p>\n<ul>\n<li><span style=\"color: #000000;\"><span style=\"font-family: Arial, serif;\"><span style=\"font-size: medium;\">Der 1. Vorsitzende und der 2. Vorsitzende sind je einzeln Vertreter des Vereins im Sinne des \u00a7 26 BGB. Diese Vollmacht erstreckt sich auch auf die Vertretung des Vereins in Rechtsgesch\u00e4ften und Rechtsstreitigkeiten. \u00dcber Verm\u00f6gens-angelegenheiten, deren Gegenstand bei Rechtsgesch\u00e4ften einen Betrag von 3.000,00 \u20ac ( dreitausend ) je Einzelvorgang nicht \u00fcbersteigt, kann er selbst\u00e4ndig verf\u00fcgen.<\/span><\/span><\/span><\/li>\n<\/ul>\n<ul>\n<li><span style=\"color: #000000;\"><span style=\"font-family: Arial, serif;\"><span style=\"font-size: medium;\">Der Kassierer verwaltet die Kasse und das Konto des Vereins, f\u00fchrt Buch \u00fcber Einnahmen und Ausgaben und hat dem Vorstand halbj\u00e4hrlich Rechnung \u00fcber den Kassenbestand zu legen. Er nimmt Zahlungen f\u00fcr den Verein gegen Quittung in Empfang und hat Zahlungen zu leisten, jedoch nur auf Anweisung des 1. oder 2. Vorsitzenden. Er hat mit Ablauf des Kalenderjahres die Vereinsfinanzen zur Revisionspr\u00fcfung durch 2 der gew\u00e4hlten Kassenpr\u00fcfer vorzubereiten und einen Kassenbericht zu fertigen.<\/span><\/span><\/span>\n<p><span style=\"color: #000000;\"><span style=\"font-family: Arial, serif;\"><span style=\"font-size: medium;\">9.3. Erweiterter Vorstand <\/span><\/span><\/span><\/li>\n<li><span style=\"color: #000000;\"><span style=\"font-family: Arial, serif;\"><span style=\"font-size: medium;\">Der Schriftf\u00fchrer hat bei jeder Vorstandssitzung sowie Mitgliederversammlung ein Protokoll anzufertigen. Das Protokoll ist vom 1. Vorsitzenden und vom Schriftf\u00fchrer zu unterzeichnen.<\/span><\/span><\/span><\/li>\n<li><span style=\"color: #000000;\"><span style=\"font-family: Arial, serif;\"><span style=\"font-size: medium;\">Der \u00d6ffentlichkeitsverantwortliche ist f\u00fcr die medientechnische Vertretung des Vereins verantwortlich.<\/span><\/span><\/span><\/li>\n<\/ul>\n<p><span style=\"color: #000000;\"><span style=\"font-family: Arial, serif;\"><span style=\"font-size: medium;\">Die Revisoren oder Kassenpr\u00fcferkommission besteht aus 3 von der Mitgliederversammlung zu w\u00e4hlender Personen, die f\u00fcr 2 Jahre gew\u00e4hlt werden. Die finanztechnische Pr\u00fcfung des Jahresrechnungsabschlusses erfolgt von 2 Kassenpr\u00fcfern. Bei Ausfall eines Pr\u00fcfers r\u00fcckt automatisch die 3. gew\u00e4hlte Person nach. Der Bericht der Kassenpr\u00fcfer ist den Mitgliedern auf der Jahresmitgliederversammlung mit einer eventuellen Empfehlung zur Entlastung des Kassierer f\u00fcr das abgelaufene Kalenderjahr vorzulegen.<\/span><\/span><\/span><\/p>\n<p><span style=\"color: #000000;\"><span style=\"font-family: Arial, serif;\"><span style=\"font-size: medium;\">Beschl\u00fcsse und Niederschriften sind als Kopie zu sammeln und allen Mitgliedern bei Bedarf zug\u00e4nglich zu machen.<\/span><\/span><\/span><\/p>\n<p><span style=\"color: #000000;\"><span style=\"font-family: Arial, serif;\"><span style=\"font-size: medium;\"><u>\u00a7 10 Aufl\u00f6sung des Vereins<\/u><\/span><\/span><\/span><\/p>\n<p><span style=\"color: #000000;\"><span style=\"font-family: Arial, serif;\"><span style=\"font-size: medium;\">Die Aufl\u00f6sung des Vereins kann nur auf Beschluss der Jahresmitgliederversammlung erfolgen. Hierzu ist eine Mehrheit von drei Viertel der abgegebenen Stimmen, mindestens jedoch die Zustimmung von 60 % der stimmberechtigten Mitglieder erforderlich.<\/span><\/span><\/span><\/p>\n<p><span style=\"color: #000000;\"><span style=\"font-family: Arial, serif;\"><span style=\"font-size: medium;\">Bei Aufl\u00f6sung der Aufhebung der K\u00f6rperschaft oder Wegfall steuerbeg\u00fcnstigter Zwecke f\u00e4llt das Verm\u00f6gen nach Abzug noch bestehender Verpflichtungen an die \u201eArch\u00e4ologische Gesellschaft in Berlin und Brandenburg\u201c e.V. mit Sitz in Potsdam, die es unmittelbar und ausschlie\u00dflich f\u00fcr gemeinn\u00fctzige Zwecke zu verwenden haben.<\/span><\/span><\/span><\/p>\n<p><span style=\"color: #000000;\"><span style=\"font-family: Arial, serif;\"><span style=\"font-size: medium;\"><u>\u00a7 11 Inkrafttreten<\/u><\/span><\/span><\/span><\/p>\n<p><span style=\"color: #000000;\"><span style=\"font-family: Arial, serif;\"><span style=\"font-size: medium;\">Die Satzung tritt mit Beschlussfassung auf der Mitgliederversammlung des Semnonenbundes am 12.02.2021 in Kraft.<\/span><\/span><\/span><\/p>\n<p><span style=\"color: #000000;\"><span style=\"font-family: Arial, serif;\"><span style=\"font-size: medium;\">\u00a0<\/span><\/span><\/span><\/p>\n<p>[\/fusion_text][\/fusion_builder_column][\/fusion_builder_row][\/fusion_builder_container]<\/p>\n","protected":false},"excerpt":{"rendered":"<p>[fusion_builder_container hundred_percent=&#8220;no&#8220; hundred_percent_height=&#8220;no&#8220; hundred_percent_height_scroll=&#8220;no&#8220; hundred_percent_height_center_content=&#8220;yes&#8220; equal_height_columns=&#8220;no&#8220; menu_anchor=&#8220;&#8220; hide_on_mobile=&#8220;small-visibility,medium-visibility,large-visibility&#8220; class=&#8220;&#8220; id=&#8220;&#8220; background_color=&#8220;&#8220; background_image=&#8220;&#8220; background_position=&#8220;center center&#8220; background_repeat=&#8220;no-repeat&#8220; fade=&#8220;no&#8220; background_parallax=&#8220;none&#8220; enable_mobile=&#8220;no&#8220; parallax_speed=&#8220;0.3&#8243; video_mp4=&#8220;&#8220; video_webm=&#8220;&#8220; video_ogv=&#8220;&#8220; video_url=&#8220;&#8220; video_aspect_ratio=&#8220;16:9&#8243; video_loop=&#8220;yes&#8220; video_mute=&#8220;yes&#8220; video_preview_image=&#8220;&#8220; border_size=&#8220;&#8220; border_color=&#8220;&#8220; border_style=&#8220;solid&#8220; margin_top=&#8220;&#8220; margin_bottom=&#8220;&#8220; padding_top=&#8220;&#8220; padding_right=&#8220;&#8220; padding_bottom=&#8220;&#8220; padding_left=&#8220;&#8220;][fusion_builder_row][fusion_builder_column type=&#8220;1_1&#8243; layout=&#8220;1_1&#8243; spacing=&#8220;&#8220; center_content=&#8220;no&#8220; link=&#8220;&#8220; target=&#8220;_self&#8220; min_height=&#8220;&#8220; hide_on_mobile=&#8220;small-visibility,medium-visibility,large-visibility&#8220; class=&#8220;&#8220; id=&#8220;&#8220; background_color=&#8220;&#8220; background_image=&#8220;&#8220; background_position=&#8220;left top&#8220; background_repeat=&#8220;no-repeat&#8220; hover_type=&#8220;none&#8220; border_size=&#8220;0&#8243; border_color=&#8220;&#8220; border_style=&#8220;solid&#8220; border_position=&#8220;all&#8220; padding_top=&#8220;&#8220; padding_right=&#8220;&#8220; padding_bottom=&#8220;&#8220; padding_left=&#8220;&#8220; margin_top=&#8220;&#8220; margin_bottom=&#8220;&#8220; animation_type=&#8220;&#8220; animation_direction=&#8220;left&#8220; animation_speed=&#8220;0.3&#8243; animation_offset=&#8220;&#8220; last=&#8220;no&#8220;][fusion_text columns=&#8220;&#8220; column_min_width=&#8220;&#8220; column_spacing=&#8220;&#8220; rule_style=&#8220;default&#8220; rule_size=&#8220;&#8220; rule_color=&#8220;&#8220; hide_on_mobile=&#8220;small-visibility,medium-visibility,large-visibility&#8220; class=&#8220;&#8220; id=&#8220;&#8220;] Die Vereins-Satzung des Semnonenbund e.V. Satzung Semnonenbund e.V. \u00a7 1 Name, Sitz, Gesch\u00e4ftsjahr Der Verein f\u00fchrt den Namen \u201eSemnonenbund\u201c e.V. und ist im Vereinsregister [&hellip;]<\/p>\n","protected":false},"author":2,"featured_media":0,"parent":12023,"menu_order":0,"comment_status":"closed","ping_status":"closed","template":"100-width.php","meta":[],"_links":{"self":[{"href":"http:\/\/www.tiuwari.de\/index.php\/wp-json\/wp\/v2\/pages\/14920"}],"collection":[{"href":"http:\/\/www.tiuwari.de\/index.php\/wp-json\/wp\/v2\/pages"}],"about":[{"href":"http:\/\/www.tiuwari.de\/index.php\/wp-json\/wp\/v2\/types\/page"}],"author":[{"embeddable":true,"href":"http:\/\/www.tiuwari.de\/index.php\/wp-json\/wp\/v2\/users\/2"}],"replies":[{"embeddable":true,"href":"http:\/\/www.tiuwari.de\/index.php\/wp-json\/wp\/v2\/comments?post=14920"}],"version-history":[{"count":13,"href":"http:\/\/www.tiuwari.de\/index.php\/wp-json\/wp\/v2\/pages\/14920\/revisions"}],"predecessor-version":[{"id":17350,"href":"http:\/\/www.tiuwari.de\/index.php\/wp-json\/wp\/v2\/pages\/14920\/revisions\/17350"}],"up":[{"embeddable":true,"href":"http:\/\/www.tiuwari.de\/index.php\/wp-json\/wp\/v2\/pages\/12023"}],"wp:attachment":[{"href":"http:\/\/www.tiuwari.de\/index.php\/wp-json\/wp\/v2\/media?parent=14920"}],"curies":[{"name":"wp","href":"https:\/\/api.w.org\/{rel}","templated":true}]}}