{"id":12788,"date":"2017-05-25T12:13:51","date_gmt":"2017-05-25T11:13:51","guid":{"rendered":"http:\/\/www.gannahall.de\/?page_id=12788"},"modified":"2019-12-17T17:36:24","modified_gmt":"2019-12-17T16:36:24","slug":"disclaimer","status":"publish","type":"page","link":"http:\/\/www.tiuwari.de\/index.php\/kontakt\/disclaimer\/","title":{"rendered":"Disclaimer"},"content":{"rendered":"<p>[fusion_builder_container hundred_percent=&#8220;no&#8220; equal_height_columns=&#8220;no&#8220; hide_on_mobile=&#8220;small-visibility,medium-visibility,large-visibility&#8220; background_position=&#8220;center center&#8220; background_repeat=&#8220;no-repeat&#8220; fade=&#8220;no&#8220; background_parallax=&#8220;none&#8220; parallax_speed=&#8220;0.3&#8243; video_aspect_ratio=&#8220;16:9&#8243; video_loop=&#8220;yes&#8220; video_mute=&#8220;yes&#8220; border_style=&#8220;solid&#8220;][fusion_builder_row][fusion_builder_column type=&#8220;1_1&#8243; layout=&#8220;1_1&#8243; spacing=&#8220;&#8220; center_content=&#8220;no&#8220; hover_type=&#8220;none&#8220; link=&#8220;&#8220; min_height=&#8220;&#8220; hide_on_mobile=&#8220;small-visibility,medium-visibility,large-visibility&#8220; class=&#8220;&#8220; id=&#8220;&#8220; background_color=&#8220;&#8220; background_image=&#8220;&#8220; background_position=&#8220;left top&#8220; background_repeat=&#8220;no-repeat&#8220; border_size=&#8220;0&#8243; border_color=&#8220;&#8220; border_style=&#8220;solid&#8220; border_position=&#8220;all&#8220; padding_top=&#8220;&#8220; padding_right=&#8220;&#8220; padding_bottom=&#8220;&#8220; padding_left=&#8220;&#8220; margin_top=&#8220;&#8220; margin_bottom=&#8220;&#8220; animation_type=&#8220;&#8220; animation_direction=&#8220;left&#8220; animation_speed=&#8220;0.3&#8243; animation_offset=&#8220;&#8220; last=&#8220;no&#8220;][fusion_title hide_on_mobile=&#8220;small-visibility,medium-visibility,large-visibility&#8220; size=&#8220;1&#8243; content_align=&#8220;left&#8220; style_type=&#8220;default&#8220;]<\/p>\n<h1 style=\"text-align: center;\">Semnonenbund e.V. im Internet<\/h1>\n<p>[\/fusion_title][fusion_text columns=&#8220;&#8220; column_min_width=&#8220;&#8220; column_spacing=&#8220;&#8220; rule_style=&#8220;default&#8220; rule_size=&#8220;&#8220; rule_color=&#8220;&#8220; hide_on_mobile=&#8220;small-visibility,medium-visibility,large-visibility&#8220; class=&#8220;&#8220; id=&#8220;&#8220;]<\/p>\n<p><strong>I. Verantwortlich im Sinne der datenschutzrechtlichen Vorschriften<\/strong><\/p>\n<p>Rico Kr\u00fcger<br \/>\nSemnonenbund e.V.<br \/>\nKirchstr. 8<br \/>\n14641<br \/>\nTelefon: +49 163 40 17 982<br \/>\nE-Mail: info@gannahall.de<br \/>\nWebseite: www.gannahall.de<\/p>\n<p>Ansprechpartner fu\u0308r Fragen des Datenschutzes ist Rico Kr\u00fcger, Kontakt siehe oben.<\/p>\n<p>&#8212;<br \/>\n<strong>II. Umfang der Verarbeitung personenbezogener Daten bei Besuch unserer Webseite<\/strong><\/p>\n<p>Der Schutz und die Sicherheit Ihrer Daten ist uns sehr wichtig. Wir sichern unsere Webseite und sonstigen Systeme durch technische und organisatorische Ma\u00dfnahmen gegen Verlust, Zerst\u00f6rung, Zugriff, Ver\u00e4nderung oder Verbreitung Ihrer Daten durch unbefugte Personen.<\/p>\n<p><em>1. Logfiles<\/em><br \/>\nGrunds\u00e4tzlich k\u00f6nnen Sie unsere Webseite besuchen, ohne Ihren Namen mitzuteilen.<br \/>\nBei dem Zugriff auf unsere Webseite werden aber automatisch auf dem Server unseres Providers \u00fcber diesen Vorgang Daten tempor\u00e4r in einer Protokolldatei (sog. Logfile) gespeichert.<br \/>\nDabei werden folgende Daten abgerufen und gespeichert:<br \/>\n\u2022 anonymisierte IP-Adresse<br \/>\n\u2022 Datum und Uhrzeit des Zugriffs<br \/>\n\u2022 Internet-Service-Provider des Nutzers<br \/>\n\u2022 Webseiten, von denen das System des Nutzers auf unsere Webseite gelangt ist<br \/>\n\u2022 Webseiten , die vom System des Nutzers \u00fcber unsere Webseite aufgerufen werden<br \/>\n\u2022 Informationen \u00fcber den Browsertyp und die Version des Nutzers<br \/>\n\u2022 Information \u00fcber das Betriebssystem des Nutzers<\/p>\n<p>Auf die Speicherung der anonymisierten IP-Adresse des Anfragenden \u00fcber das Ende des Nutzungsvorgangs hinaus wird verzichtet. Die Erstellung von personenbezogenen Nutzerprofilen ist ausgeschlossen. Eine Weitergabe von Daten an Dritte findet nicht statt.<\/p>\n<p>Zweck der Datenverarbeitung ist es, einen reibungslosen Verbindungsaufbau der Webseite zu gew\u00e4hrleisten und die Nutzung der Seite f\u00fcr die Besucher komfortabler zu gestalten. Rechtsgrundlage f\u00fcr diese vor\u00fcbergehende Datenverarbeitung ist Art. 6 Abs. 1 lit. f) DSGVO. Unser berechtigtes Interesse folgt aus dem genannten Zweck, die Webseite Nutzern zum Abruf bereitstellen zu k\u00f6nnen.<\/p>\n<p>Die Daten werden gel\u00f6scht, sobald sie f\u00fcr die Erreichung des Zweckes ihrer Erhebung nicht mehr erforderlich sind. Im Falle der Erfassung der Daten zur Bereitstellung der Webseite ist dies der Fall, wenn die jeweilige Sitzung beendet ist.<\/p>\n<p><em>2. Cookies<\/em><br \/>\nWir verwenden auf den Seiten unserer Webseite sog. Cookies, kleine Textdateien, die auf dem Endger\u00e4t des Besuchers unserer Webseite abgelegt werden. Bei der Setzung von Cookies erfolgt eine Erhebung und Verarbeitung von Nutzerinformationen, wie Browser und IP-Adressen.<\/p>\n<p>Bei den von uns verwendeten Cookies handelt es sich um sog. Sitzungs-Cookies, die nach dem Schlie\u00dfen des Browsers des Nutzers gel\u00f6scht werden. F\u00fcr die Einbindung der Videos auf einigen Seiten unserer Webseiten werden auch sog. Third-Party Cookies eingesetzt (siehe Nr. 4), die nicht nach dem Schlie\u00dfen des Browsers gel\u00f6scht werden.<\/p>\n<p>Sie haben stets die M\u00f6glichkeit, Ihren Browser so einzustellen, dass Sie \u00fcber das Setzen von Cookies in Kenntnis gesetzt werden und individuell oder generell entscheiden k\u00f6nnen, welche Cookies erlaubt oder abgelehnt werden sollen. In dem Men\u00fc Ihres Browsers k\u00f6nnen Sie sich \u00fcber die M\u00f6glichkeiten der Cookie-Einstellungen informieren. Werden Cookies abgelehnt, ist ggf. die Nutzbarkeit unserer Webseite eingeschr\u00e4nkt.<\/p>\n<p>Zweck der Setzung von Cookies ist es, unsere Webseite f\u00fcr die Nutzer attraktiver zu gestalten und bestimmte Nutzungen \u00fcberhaupt erst zu erm\u00f6glichen. Die Rechtsgrundlage f\u00fcr die vor\u00fcbergehende Speicherung der Daten ist Art. 6 Abs. 1 S. 1 lit. f) DSGVO. Unser berechtigtes Interesse ergibt sich aus wirtschaftlichen Gesichtspunkten, unsere Webseite f\u00fcr Nutzer komfortabler gestalten zu k\u00f6nnen und bestimmte Nutzungen \u00fcberhaupt erst zu erm\u00f6glichen.<\/p>\n<p><em>3. E-Mail-Kontakt<\/em><br \/>\n\u00dcber die angegebenen E-Mail-Adressen ist eine freiwillige Kontaktaufnahme zu uns m\u00f6glich. Sofern Sie mit uns Kontakt \u00fcber diese E-Mail-Adressen aufnehmen, werden die mit der E-Mail \u00fcbermittelten personenbezogenen Daten (E-Mail-Adresse, Name und die \u00fcbrigen an uns \u00fcbermittelten Daten) bei uns verarbeitet.<\/p>\n<p>Die Daten werden ausschlie\u00dflich f\u00fcr die Verarbeitung der Konversation mit Ihnen verwendet. Eine Weitergabe an Dritte erfolgt nur nach entsprechender Einwilligung durch Sie. Rechtsgrundlage f\u00fcr die Verarbeitung der Daten, die im Zuge einer \u00dcbersendung einer E-Mail \u00fcbermittelt werden, ist Art. 6 Abs. 1 lit. f) DSGVO. Unser berechtigtes Interesse ergibt sich an der Beantwortung Ihrer Anfrage. Zielt der E-Mail-Kontakt auf den Abschluss eines Vertrages ab, so ist zus\u00e4tzliche Rechtsgrundlage f\u00fcr die Verarbeitung Art. 6 Abs. 1 lit. b) DSGVO.<\/p>\n<p>Die Verarbeitung der personenbezogenen Daten dient uns allein zur Bearbeitung der Kontaktaufnahme. Folgt auf eine Anfrage per E-Mail hin der Abschluss eines Vertrages, erhalten Sie weitere Informationen.<\/p>\n<p>Sofern wir nicht aufgrund von steuer- und\/oder handelsrechtlichen Aufbewahrungs- und Dokumentationspflichten (aus HGB, StGB oder AO) zu einer l\u00e4ngeren Speicherung verpflichtet sind (i.d.R. bis zu 10 Jahren), werden die Daten gel\u00f6scht, sobald sie f\u00fcr die Erreichung des Zweckes ihrer Erhebung nicht mehr erforderlich sind. Dies ist in der Regelung nach Beendigung der Konversation der Fall. Wir speichern Ihre Daten unter Umst\u00e4nden zur Erhaltung von Beweismitteln f\u00fcr die Zeit, in der Anspr\u00fcche gegen uns geltend gemacht werden k\u00f6nnen (gesetzliche Verj\u00e4hrungsfrist von drei Jahren bzw. in Einzelf\u00e4llen bis zu drei\u00dfig Jahren). Eine Speicherung dar\u00fcber hinaus findet lediglich statt, wenn Sie darin eingewilligt haben.<\/p>\n<p>Die Kontaktaufnahme erfolgt durch Sie freiwillig. Ohne Bereitstellung und Verarbeitung der personenbezogenen Daten ist eine Konversation mit Ihnen nicht m\u00f6glich.<\/p>\n<p>&#8212;<br \/>\n<strong>III. Social Media Pr\u00e4senzen bei Facebook<\/strong><\/p>\n<p>Um unsere Leistungen zu pr\u00e4sentieren und mit Nutzern von Facebook zu kommunizieren, betreiben wir auf den sozialen Netzwerken von Facebook, betrieben von Facebook Ireland Ltd., 4 Grand Canal Square, Dublin 2, Ireland (\u201eFacebook\u201c) eine sog. Infopage bzw. Unternehmensseite. Dies erfolgt in gemeinsamer Verantwortung mit Facebook.<br \/>\nEs ist m\u00f6glich, dass wir von Facebook Statistiken zur Nutzung dieser Infopage \/ Seiten durch Nutzer erhalten. Dazu geh\u00f6ren ggf. Namen, Interkationen, z. B. Likes oder Kommentare sowie zusammengefasste demografische und andere Informationen oder Statistiken anhand bestimmter Parameter \u00fcber unser Unternehmen und das Angebot auf unserer Infopage \/ Seite.<\/p>\n<p>Es wird darauf hingewiesen, dass Facebook beim Besuch der Infopage \/ Seiten Daten von Ihrem Nutzungsverhalten von Facebook und der Infopage zu Facebook \u00fcbertragen werden. Facebook verarbeitet die gesammelten Informationen, um detailliertere Statistiken zu erstellen. Diese Informationen werden f\u00fcr eigene Zwecke, wie Markforschung und Werbung, verwendet. Darauf und welche Daten durch Facebook weiter verarbeitet werden, haben wir keinen Einfluss.<br \/>\nWeitere Informationen und welche Daten verarbeitet werden, finden Sie auch unter: https:\/\/www.facebook.com\/business\/pages\/manage#page_insights<br \/>\nund<br \/>\nhttps:\/\/www.facebook.com\/legal\/terms\/page_controller_addendum<br \/>\nund<br \/>\nhttps:\/\/www.facebook.com\/about\/privacy\/<\/p>\n<p>F\u00fcr den Fall, dass personenbezogene Daten in die USA \u00fcbertragen werden, hat sich Facebook dem EU-US Privacy Shield (https:\/\/www.privacyshield.gov\/participant?id=a2zt0000000GnywAAC) unterworfen.<\/p>\n<p>Die Rechte betroffener Personen sind unten genannt. Die Rechte k\u00f6nnen auch gegen\u00fcber Facebook geltend gemacht werden. Da Facebook allein \u00fcber die unmittelbaren Zugriffsm\u00f6glichkeiten auf erforderliche Informationen verf\u00fcgt, kann Facebook direkt erforderliche Ma\u00dfnahmen ergreifen und Auskunft geben. Die Rechtsgrundlage f\u00fcr die Verarbeitung der beschriebenen Daten ist Art. 6 Abs. 1 lit. f) DSGVO. Das berechtigte Interesse folgt aus den oben angegebenen Zwecken der Datenerhebung. Sofern Sie selbst Nutzer von Facebook sind und eine Einwilligung in die Datenverarbeitung erteilt haben, ist Rechtsgrundlage f\u00fcr die Verarbeitung Art. 6 Abs. 1 lit. a) DSGVO.<\/p>\n<p>Widerspruchsm\u00f6glichkeiten finden Sie unter:<br \/>\nhttps:\/\/www.facebook.com\/help\/contact\/367438723733209<br \/>\nhttps:\/\/www.facebook.com\/ads\/preferences\/?entry_product=ad_settings_screen#_=_<\/p>\n<p>&#8212;<br \/>\n<strong>IV. Verarbeitung von Daten au\u00dferhalb der EU<\/strong><\/p>\n<p>Eine Verarbeitung von Daten au\u00dferhalb der Europ\u00e4ischen Union findet nur in den oben genannten F\u00e4llen statt.<\/p>\n<p>&#8212;<br \/>\n<strong>V. Rechte der betroffenen Person<\/strong><\/p>\n<p>Als betroffene Person haben Sie<br \/>\n\u2022 das Recht auf Auskunft \u00fcber die bei uns verarbeiteten Sie betreffenden personenbezogenen Daten (Art. 15 DSGVO),<br \/>\n\u2022 ein Recht auf Berichtigung der Verarbeitung (Art. 16 DSGVO),<br \/>\n\u2022 ein Recht auf L\u00f6schung der Verarbeitung (Art. 17 DSGVO),<br \/>\n\u2022 ein Recht auf Einschr\u00e4nkung der Verarbeitung (Art. 18 DSGVO),<br \/>\n\u2022 ein Recht auf Unterrichtung (Art. 19 DSGVO),<br \/>\n\u2022 ein Recht auf Daten\u00fcbertragbarkeit (Art. 20 DSGVO),<br \/>\n\u2022 ein Widerspruchsrecht gegen die Verarbeitung (Art. 21 DSGVO; siehe hervorgehoben auch unten),<br \/>\n\u2022 ein Beschwerderecht gegen\u00fcber einer Aufsichtsbeh\u00f6rde (Art. 77 DSGVO i.V. \u00a7 19 BDSG).<br \/>\nBeruht die Verarbeitung der Daten auf Ihrer Einwilligung haben Sie nach Art. 7 Abs. 3 DSGVO<br \/>\n\u2022 das Recht, diese Einwilligung jederzeit zu widerrufen, ohne dass die Rechtm\u00e4\u00dfigkeit der aufgrund der Einwilligung bis zum Widerruf erfolgten Verarbeitung ber\u00fchrt wird.<\/p>\n<p>M\u00f6chten Sie eine erteilte Einwilligung widerrufen, gen\u00fcgt eine einfache Mitteilung an: info@gannahall.de<br \/>\nRecht auf Widerspruch nach Art. 21 DSGVO<br \/>\na) Einzelfallbezogenes Widerspruchsrecht<br \/>\nSie haben das Recht, aus Gr\u00fcnden, die sich aus Ihrer besonderen Situation ergeben, jederzeit gegen die Verarbeitung der Sie betreffenden personenbezogenen Daten, die aufgrund von Art. 6 Abs. 1 lit. e) DSGVO (Datenverarbeitung im \u00f6ffentlichen Interesse) oder Art. 6 Abs. 1 lit. f) DSGVO (Datenverarbeitung auf der Grundlage einer Interessensabw\u00e4gung) erfolgt, Widerspruch einzulegen; dies gilt auch f\u00fcr ein auf diese Bestimmungen gest\u00fctztes Profiling.<br \/>\nb) Widerspruchsrecht gegen Verarbeitung von Daten zu Werbezwecken<br \/>\nWerden die Sie betreffenden personenbezogenen Daten verarbeitet, um Direktwerbung zu betreiben, haben Sie das Recht, jederzeit Widerspruch gegen die Verarbeitung der Sie betreffenden personenbezogenen Daten zum Zwecke derartiger Werbung einzulegen; dies gilt auch f\u00fcr das Profiling, soweit es mit solcher Direktwerbung in Verbindung steht.<\/p>\n<p>Widersprechen Sie der Verarbeitung f\u00fcr Zwecke der Direktwerbung, so werden wir Ihre personenbezogenen Daten nicht mehr f\u00fcr diese Zwecke verarbeiten.<\/p>\n<p>M\u00f6chten Sie der Verarbeitung widersprechen, gen\u00fcgt eine einfache Mitteilung an: info@gannahall.de<\/p>\n<p>&#8212;<br \/>\n<strong>VI. \u00c4nderung der Datenschutzerkl\u00e4rung<\/strong><\/p>\n<p>Bei \u00c4nderungen unseres Angebotes \u00fcber die Webseite ist ggf. auch eine \u00c4nderung der Datenschutzerkl\u00e4rung erforderlich. Die aktuelle Fassung ist \u00fcber diese Webseite stets abrufbar.<\/p>\n<p>Stand der Datenschutzerkl\u00e4rung 17. Dezember 2019<\/p>\n<p>[\/fusion_text][\/fusion_builder_column][\/fusion_builder_row][\/fusion_builder_container]<\/p>\n","protected":false},"excerpt":{"rendered":"<p>[fusion_builder_container hundred_percent=&#8220;no&#8220; equal_height_columns=&#8220;no&#8220; hide_on_mobile=&#8220;small-visibility,medium-visibility,large-visibility&#8220; background_position=&#8220;center center&#8220; background_repeat=&#8220;no-repeat&#8220; fade=&#8220;no&#8220; background_parallax=&#8220;none&#8220; parallax_speed=&#8220;0.3&#8243; video_aspect_ratio=&#8220;16:9&#8243; video_loop=&#8220;yes&#8220; video_mute=&#8220;yes&#8220; border_style=&#8220;solid&#8220;][fusion_builder_row][fusion_builder_column type=&#8220;1_1&#8243; layout=&#8220;1_1&#8243; spacing=&#8220;&#8220; center_content=&#8220;no&#8220; hover_type=&#8220;none&#8220; link=&#8220;&#8220; min_height=&#8220;&#8220; hide_on_mobile=&#8220;small-visibility,medium-visibility,large-visibility&#8220; class=&#8220;&#8220; id=&#8220;&#8220; background_color=&#8220;&#8220; background_image=&#8220;&#8220; background_position=&#8220;left top&#8220; background_repeat=&#8220;no-repeat&#8220; border_size=&#8220;0&#8243; border_color=&#8220;&#8220; border_style=&#8220;solid&#8220; border_position=&#8220;all&#8220; padding_top=&#8220;&#8220; padding_right=&#8220;&#8220; padding_bottom=&#8220;&#8220; padding_left=&#8220;&#8220; margin_top=&#8220;&#8220; margin_bottom=&#8220;&#8220; animation_type=&#8220;&#8220; animation_direction=&#8220;left&#8220; animation_speed=&#8220;0.3&#8243; animation_offset=&#8220;&#8220; last=&#8220;no&#8220;][fusion_title hide_on_mobile=&#8220;small-visibility,medium-visibility,large-visibility&#8220; size=&#8220;1&#8243; content_align=&#8220;left&#8220; style_type=&#8220;default&#8220;] Semnonenbund e.V. im Internet [\/fusion_title][fusion_text columns=&#8220;&#8220; column_min_width=&#8220;&#8220; column_spacing=&#8220;&#8220; rule_style=&#8220;default&#8220; rule_size=&#8220;&#8220; rule_color=&#8220;&#8220; hide_on_mobile=&#8220;small-visibility,medium-visibility,large-visibility&#8220; class=&#8220;&#8220; id=&#8220;&#8220;] I. Verantwortlich im Sinne der datenschutzrechtlichen Vorschriften Rico Kr\u00fcger Semnonenbund e.V. Kirchstr. 8 14641 Telefon: +49 163 40 17 982 E-Mail: info@gannahall.de Webseite: www.gannahall.de Ansprechpartner fu\u0308r Fragen des Datenschutzes ist Rico Kr\u00fcger, Kontakt siehe oben. &#8212; II. Umfang [&hellip;]<\/p>\n","protected":false},"author":1,"featured_media":0,"parent":12687,"menu_order":0,"comment_status":"closed","ping_status":"closed","template":"","meta":[],"_links":{"self":[{"href":"http:\/\/www.tiuwari.de\/index.php\/wp-json\/wp\/v2\/pages\/12788"}],"collection":[{"href":"http:\/\/www.tiuwari.de\/index.php\/wp-json\/wp\/v2\/pages"}],"about":[{"href":"http:\/\/www.tiuwari.de\/index.php\/wp-json\/wp\/v2\/types\/page"}],"author":[{"embeddable":true,"href":"http:\/\/www.tiuwari.de\/index.php\/wp-json\/wp\/v2\/users\/1"}],"replies":[{"embeddable":true,"href":"http:\/\/www.tiuwari.de\/index.php\/wp-json\/wp\/v2\/comments?post=12788"}],"version-history":[{"count":8,"href":"http:\/\/www.tiuwari.de\/index.php\/wp-json\/wp\/v2\/pages\/12788\/revisions"}],"predecessor-version":[{"id":16375,"href":"http:\/\/www.tiuwari.de\/index.php\/wp-json\/wp\/v2\/pages\/12788\/revisions\/16375"}],"up":[{"embeddable":true,"href":"http:\/\/www.tiuwari.de\/index.php\/wp-json\/wp\/v2\/pages\/12687"}],"wp:attachment":[{"href":"http:\/\/www.tiuwari.de\/index.php\/wp-json\/wp\/v2\/media?parent=12788"}],"curies":[{"name":"wp","href":"https:\/\/api.w.org\/{rel}","templated":true}]}}