{"id":12175,"date":"2017-03-22T16:01:15","date_gmt":"2017-03-22T15:01:15","guid":{"rendered":"http:\/\/www.semnonenbund.de\/?page_id=12175"},"modified":"2018-03-01T13:09:49","modified_gmt":"2018-03-01T12:09:49","slug":"hintergrund","status":"publish","type":"page","link":"http:\/\/www.tiuwari.de\/index.php\/hintergrund\/","title":{"rendered":"Historischer Hintergrund"},"content":{"rendered":"<p>[fusion_builder_container hundred_percent=&#8220;no&#8220; equal_height_columns=&#8220;no&#8220; hide_on_mobile=&#8220;small-visibility,medium-visibility,large-visibility&#8220; background_position=&#8220;center center&#8220; background_repeat=&#8220;no-repeat&#8220; fade=&#8220;no&#8220; background_parallax=&#8220;none&#8220; parallax_speed=&#8220;0.3&#8243; video_aspect_ratio=&#8220;16:9&#8243; video_loop=&#8220;yes&#8220; video_mute=&#8220;yes&#8220; overlay_opacity=&#8220;0.5&#8243; border_style=&#8220;solid&#8220;][fusion_builder_row][fusion_builder_column type=&#8220;1_1&#8243; layout=&#8220;1_1&#8243; background_position=&#8220;left top&#8220; background_color=&#8220;&#8220; border_size=&#8220;&#8220; border_color=&#8220;&#8220; border_style=&#8220;solid&#8220; border_position=&#8220;all&#8220; spacing=&#8220;yes&#8220; background_image=&#8220;&#8220; background_repeat=&#8220;no-repeat&#8220; padding=&#8220;&#8220; margin_top=&#8220;0px&#8220; margin_bottom=&#8220;0px&#8220; class=&#8220;&#8220; id=&#8220;&#8220; animation_type=&#8220;&#8220; animation_speed=&#8220;0.3&#8243; animation_direction=&#8220;left&#8220; hide_on_mobile=&#8220;small-visibility,medium-visibility,large-visibility&#8220; center_content=&#8220;no&#8220; last=&#8220;no&#8220; min_height=&#8220;&#8220; hover_type=&#8220;none&#8220; link=&#8220;&#8220;][fusion_text]<\/p>\n<h1 style=\"text-align: center;\"><strong>Historischer Hintergrund<\/strong><\/h1>\n<p>&nbsp;<\/p>\n<p>[\/fusion_text][fusion_imageframe image_id=&#8220;12595&#8243; style_type=&#8220;bottomshadow&#8220; hover_type=&#8220;none&#8220; align=&#8220;center&#8220; lightbox=&#8220;no&#8220; linktarget=&#8220;_self&#8220; hide_on_mobile=&#8220;small-visibility,medium-visibility,large-visibility&#8220; animation_direction=&#8220;left&#8220; animation_speed=&#8220;0.3&#8243;]http:\/\/www.gannahall.de\/wp-content\/uploads\/2017\/03\/Startseite-Geschichte-2-beax.jpg[\/fusion_imageframe][fusion_text]<\/p>\n<h3 style=\"text-align: left;\">Hinweise &amp; Anmerkungen:<\/h3>\n<p>Mit unserer Netzpr\u00e4senz m\u00f6chten wir eine m\u00f6glichst breite \u00d6ffentlichkeit nicht nur \u00fcber unser Projekt \u201eHistorisches Dorf Gannahall\u201c, sondern auch \u00fcber die historischen Hintergr\u00fcnde informieren.<br \/>\nDa allerdings \u201eder Ottonormalb\u00fcrger\u201c in der Regel kein Studium der deutschen Geschichte oder der Arch\u00e4ologie vorweisen kann und dementsprechend sowohl mit dem Thema, als auch mit den anh\u00e4ngigen Fachtermini nur wenig oder gar nicht vertraut ist, haben wir uns dazu entschlossen, einen m\u00f6glichst allgemeinverst\u00e4ndlichen Schreibstil zu w\u00e4hlen.<\/p>\n<p>Auf Fachbegriffe und Zeitangaben wie \u201cPhase B1b\u201d oder \u201cV\u00f6lling Gruppe IV\u201d werden wir in unserer kleinen Zeitreise weitgehend verzichten, da sie den interessierten \u201cNeueinsteiger\u201d zun\u00e4chst eher verwirren als aufkl\u00e4ren.<br \/>\nAus eigener Erfahrung wissen wir wie anstrengend die Fachliteratur zu Arch\u00e4ologie und Geschichte oftmals zu lesen ist und wie wenig dann von der Lekt\u00fcre letztendlich h\u00e4ngen bleibt.<br \/>\nStattdessen werden allgemein gebr\u00e4uchliche Formulierungen und g\u00e4ngige Zeitangaben wie v.d.Z.\/n.d.Z. oder v.Ch.\/n.Ch. verwendet.<\/p>\n<p>Auch eine St\u00f6rung des Leseflusses durch Anmerkungen und die erfahrungsgem\u00e4\u00df umfangreichen Quellenangaben wollen wir vermeiden, weshalb diese \u201eausgelagert\u201c werden.<br \/>\nSie finden die betreffenden Quellen zuk\u00fcnftig in jeder Kategorie als \u201esublink\u201c separat aufgelistet.<br \/>\nDiese Gesamt\u00fcbersicht soll bei gewecktem Interesse gleichsam als Empfehlung f\u00fcr weiterf\u00fchrende Fachliteratur dienen.<\/p>\n<p>Achtung: Dies gilt ausschlie\u00dflich f\u00fcr die von uns verfassten Beitr\u00e4ge.<br \/>\nGastbeitr\u00e4ge, Literaturausz\u00fcge und Zitate werden im Original wiedergegeben, sind aber ggf. entsprechend als Fremdbeitr\u00e4ge gekennzeichnet.<\/p>\n<p>Wir w\u00fcnschen viel Spa\u00df beim Exkurs durch die m\u00e4rkischen Fr\u00fchgeschichte!<\/p>\n<p style=\"text-align: center;\">&#8230;<\/p>\n<p>[\/fusion_text][fusion_text]<\/p>\n<h2><\/h2>\n<h2><\/h2>\n<h1 style=\"text-align: center;\"><strong>Der unbekannte Vorfahr und seine fast vergessene Geschichte<\/strong><\/h1>\n<p>[\/fusion_text][fusion_imageframe image_id=&#8220;13176&#8243; style_type=&#8220;dropshadow&#8220; hover_type=&#8220;none&#8220; align=&#8220;center&#8220; lightbox=&#8220;no&#8220; linktarget=&#8220;_self&#8220; hide_on_mobile=&#8220;small-visibility,medium-visibility,large-visibility&#8220; animation_direction=&#8220;left&#8220; animation_speed=&#8220;0.3&#8243;]http:\/\/www.gannahall.de\/wp-content\/uploads\/2017\/03\/clip_image002.jpg[\/fusion_imageframe][fusion_text]<\/p>\n<h2><\/h2>\n<h2><\/h2>\n<p>Wir schreiben das Jahr 2018 nach Beginn der Zeitrechnung \u2026 unsere Epoche nennen wir das Informationszeitalter.<br \/>\nJeder Geschichtsinteressierte besitzt heute die M\u00f6glichkeit, via Internet, \u00fcber unz\u00e4hlige Doku-Kan\u00e4le und sonstige Medien seinen Wissensdurst zu stillen.<br \/>\nDoch nehmen wir einmal an, wir w\u00fcrden diese Zielgruppe im Zuge einer entsprechenden statistischen Erhebung ausnahmsweise einmal nicht zu den alten \u00c4gyptern oder dem r\u00f6mischen Imperium, sondern beispielsweise ausgerechnet zu ihren eigenen antiken Vorfahren befragen.<br \/>\nDiese Statistik zum allgemeinen Wissensstand fiele wohl einigerma\u00dfen ern\u00fcchternd aus.<br \/>\nBezogen auf die Metropolregion Berlin\/Brandenburg w\u00fcssten sch\u00e4tzungsweise vielleicht zehn Prozent der Befragten den Namen der m\u00e4rkischen Siedler des Jahres Null zu nennen und weniger als die H\u00e4lfte dieser zehn Prozent k\u00f6nnte wohl mit rudiment\u00e4rem Hintergrundwissen zu gl\u00e4nzen.<\/p>\n<p>Leider wei\u00df die Bev\u00f6lkerungsmehrheit im Osten Deutschlands nur wenig bis gar nichts \u00fcber ihre Vorfahren, die Semnonen, welche doch gut 1000 Jahre lang die weiten Gebiete zwischen Elbe und Oder und zeitweilig gar von der Ostseek\u00fcste bis zu den Mittelgebirgen beherrschten.<br \/>\nDas Erstaunen der Befragten w\u00e4re wohl gro\u00df, w\u00fcssten sie um die Gr\u00f6\u00dfe und die geschichtliche Bedeutung dieses Volkes oder gar dessen Einfluss auf Gebiete weit jenseits ihrer Stammlande im heutigen Ostdeutschland.<\/p>\n<p>Wie also kann ein, glaubt man den mittlerweile durch die Arch\u00e4ologie best\u00e4tigten historischen Quellen, derart gro\u00dfer und einflussreicher Stamm nur so kurze Schatten werfen?<br \/>\nMacht man sich auf die Suche nach einer Antwort auf diese Frage, tut sich eine unglaubliche F\u00fclle weiterer Fragen auf:<\/p>\n<p>Wer waren die Semnonen wirklich? Nur irgendein germanischer Stamm unter anderen, ein Name unter vielen auf historischem Kartenmaterial, eine unbedeutende Randnotiz in der mitteleurop\u00e4ischen Fr\u00fchgeschichte?<br \/>\nOder waren sie vielleicht doch viel bedeutender als man auf den ersten Blick glauben mag?<\/p>\n<p>Waren die Semnonen vielmehr die H\u00fcter eines &#8222;heiligen Landes&#8220; und der\u00a0uralten Kultst\u00e4tten aller sogenannten Suebischen St\u00e4mme?<br \/>\nWar ihr Siedlungsgebiet gar das steuernde und kulturelle Zentrum f\u00fcr diese St\u00e4mme, mit einer identit\u00e4tsstiftenden Wirkung welche \u00fcber lange Zeit bis weit \u00fcber ihre Grenzen hinweg ausstrahlte \u2026 und wenn dies so war, wie kam es dazu?<br \/>\nWie und warum wurden sie zum m\u00e4chtigen, best\u00e4ndigen Fels in der Brandung der Zeit, zu einer \u201egrauen Eminenz\u201c des antiken Mitteleuropa, geachtet und unangetastet von den M\u00e4chtigen, den \u201eGlobal Players\u201c ihrer Zeit?<\/p>\n<p>Wohin entschwanden die Semnonen dann nach \u00fcber tausendj\u00e4hriger Herrschaft \u00fcber den Osten Deutschlands oder sind sie nie vollst\u00e4ndig verschwunden?<br \/>\nWie wirkte ihr Einfluss in der europ\u00e4ischen Geschichte nach?<br \/>\nUnd warum schlie\u00dflich legte sich der Nebel des Vergessens \u00fcber die einstmals gro\u00dfen Semnonen und lie\u00df sie im Meer historischer Banalit\u00e4ten und H\u00f6hepunkte versinken?<\/p>\n<p>Was hat all dies mit \u201eden Germanen\u201c und R\u00f6mern, der sogenannten V\u00f6lkerwanderung und der Christianisierung Europas, der j\u00fcngeren deutschen Geschichte, dem Nationalsozialismus, der ehemaligen DDR und dem modernen deutschen Zeitgeist zu tun?<br \/>\nWelche Rolle spielten dabei Arch\u00e4ologie, Geschichtsforschung, Politik, Missbrauch, Manipulation und Diskriminierung?<br \/>\nIst der Umgang mit den historischen Germanen wirklich \u201eproblematisch\u201c, beeinflusst dies deren Bild in der \u00f6ffentlichen Wahrnehmung der heutigen Zeit und wenn, warum ist das so?<\/p>\n<p>Diesen und anderen Fragen werden wir auf diesen Seiten in den verschiedenen Rubriken nachgehen und hoffentlich verst\u00e4ndlich und zufriedenstellend beantworten k\u00f6nnen.<\/p>\n<p style=\"text-align: center;\">&#8230;<\/p>\n<p>[\/fusion_text][fusion_imageframe image_id=&#8220;13246&#8243; style_type=&#8220;dropshadow&#8220; hover_type=&#8220;none&#8220; bordersize=&#8220;0&#8243; align=&#8220;center&#8220; lightbox=&#8220;no&#8220; linktarget=&#8220;_self&#8220; hide_on_mobile=&#8220;small-visibility,medium-visibility,large-visibility&#8220; animation_direction=&#8220;left&#8220; animation_speed=&#8220;0.3&#8243;]http:\/\/www.gannahall.de\/wp-content\/uploads\/2017\/03\/P1030062-Kopie-576&#215;1024.jpg[\/fusion_imageframe][\/fusion_builder_column][\/fusion_builder_row][\/fusion_builder_container]<\/p>\n","protected":false},"excerpt":{"rendered":"<p>[fusion_builder_container hundred_percent=&#8220;no&#8220; equal_height_columns=&#8220;no&#8220; hide_on_mobile=&#8220;small-visibility,medium-visibility,large-visibility&#8220; background_position=&#8220;center center&#8220; background_repeat=&#8220;no-repeat&#8220; fade=&#8220;no&#8220; background_parallax=&#8220;none&#8220; parallax_speed=&#8220;0.3&#8243; video_aspect_ratio=&#8220;16:9&#8243; video_loop=&#8220;yes&#8220; video_mute=&#8220;yes&#8220; overlay_opacity=&#8220;0.5&#8243; border_style=&#8220;solid&#8220;][fusion_builder_row][fusion_builder_column type=&#8220;1_1&#8243; layout=&#8220;1_1&#8243; background_position=&#8220;left top&#8220; background_color=&#8220;&#8220; border_size=&#8220;&#8220; border_color=&#8220;&#8220; border_style=&#8220;solid&#8220; border_position=&#8220;all&#8220; spacing=&#8220;yes&#8220; background_image=&#8220;&#8220; background_repeat=&#8220;no-repeat&#8220; padding=&#8220;&#8220; margin_top=&#8220;0px&#8220; margin_bottom=&#8220;0px&#8220; class=&#8220;&#8220; id=&#8220;&#8220; animation_type=&#8220;&#8220; animation_speed=&#8220;0.3&#8243; animation_direction=&#8220;left&#8220; hide_on_mobile=&#8220;small-visibility,medium-visibility,large-visibility&#8220; center_content=&#8220;no&#8220; last=&#8220;no&#8220; min_height=&#8220;&#8220; hover_type=&#8220;none&#8220; link=&#8220;&#8220;][fusion_text] Historischer Hintergrund &nbsp; [\/fusion_text][fusion_imageframe image_id=&#8220;12595&#8243; style_type=&#8220;bottomshadow&#8220; hover_type=&#8220;none&#8220; align=&#8220;center&#8220; lightbox=&#8220;no&#8220; linktarget=&#8220;_self&#8220; hide_on_mobile=&#8220;small-visibility,medium-visibility,large-visibility&#8220; animation_direction=&#8220;left&#8220; animation_speed=&#8220;0.3&#8243;]http:\/\/www.gannahall.de\/wp-content\/uploads\/2017\/03\/Startseite-Geschichte-2-beax.jpg[\/fusion_imageframe][fusion_text] Hinweise &amp; Anmerkungen: Mit unserer Netzpr\u00e4senz m\u00f6chten wir eine m\u00f6glichst breite \u00d6ffentlichkeit nicht nur \u00fcber unser Projekt \u201eHistorisches Dorf Gannahall\u201c, sondern auch \u00fcber die historischen Hintergr\u00fcnde informieren. Da allerdings \u201eder Ottonormalb\u00fcrger\u201c in der Regel kein Studium der deutschen Geschichte oder der Arch\u00e4ologie vorweisen kann und dementsprechend [&hellip;]<\/p>\n","protected":false},"author":1,"featured_media":0,"parent":0,"menu_order":0,"comment_status":"closed","ping_status":"closed","template":"","meta":[],"_links":{"self":[{"href":"http:\/\/www.tiuwari.de\/index.php\/wp-json\/wp\/v2\/pages\/12175"}],"collection":[{"href":"http:\/\/www.tiuwari.de\/index.php\/wp-json\/wp\/v2\/pages"}],"about":[{"href":"http:\/\/www.tiuwari.de\/index.php\/wp-json\/wp\/v2\/types\/page"}],"author":[{"embeddable":true,"href":"http:\/\/www.tiuwari.de\/index.php\/wp-json\/wp\/v2\/users\/1"}],"replies":[{"embeddable":true,"href":"http:\/\/www.tiuwari.de\/index.php\/wp-json\/wp\/v2\/comments?post=12175"}],"version-history":[{"count":28,"href":"http:\/\/www.tiuwari.de\/index.php\/wp-json\/wp\/v2\/pages\/12175\/revisions"}],"predecessor-version":[{"id":13344,"href":"http:\/\/www.tiuwari.de\/index.php\/wp-json\/wp\/v2\/pages\/12175\/revisions\/13344"}],"wp:attachment":[{"href":"http:\/\/www.tiuwari.de\/index.php\/wp-json\/wp\/v2\/media?parent=12175"}],"curies":[{"name":"wp","href":"https:\/\/api.w.org\/{rel}","templated":true}]}}