{"id":12096,"date":"2017-03-15T15:17:49","date_gmt":"2017-03-15T14:17:49","guid":{"rendered":"http:\/\/test.semnonenbund.de\/?page_id=12096"},"modified":"2021-01-28T22:55:27","modified_gmt":"2021-01-28T21:55:27","slug":"sonstige-veranstaltungen","status":"publish","type":"page","link":"http:\/\/www.tiuwari.de\/index.php\/veranstaltungen\/sonstige-veranstaltungen\/","title":{"rendered":"Jul"},"content":{"rendered":"<p>[fusion_builder_container hundred_percent=&#8220;no&#8220; equal_height_columns=&#8220;no&#8220; hide_on_mobile=&#8220;small-visibility,medium-visibility,large-visibility&#8220; background_position=&#8220;center center&#8220; background_repeat=&#8220;no-repeat&#8220; fade=&#8220;no&#8220; background_parallax=&#8220;none&#8220; enable_mobile=&#8220;no&#8220; parallax_speed=&#8220;0.3&#8243; video_aspect_ratio=&#8220;16:9&#8243; video_loop=&#8220;yes&#8220; video_mute=&#8220;yes&#8220; border_style=&#8220;solid&#8220; padding_top=&#8220;20px&#8220; padding_bottom=&#8220;20px&#8220;][fusion_builder_row][fusion_builder_column type=&#8220;1_1&#8243; layout=&#8220;1_1&#8243; spacing=&#8220;&#8220; center_content=&#8220;no&#8220; hover_type=&#8220;none&#8220; link=&#8220;&#8220; min_height=&#8220;&#8220; hide_on_mobile=&#8220;small-visibility,medium-visibility,large-visibility&#8220; class=&#8220;&#8220; id=&#8220;&#8220; background_color=&#8220;&#8220; background_image=&#8220;&#8220; background_position=&#8220;left top&#8220; background_repeat=&#8220;no-repeat&#8220; border_size=&#8220;0&#8243; border_color=&#8220;&#8220; border_style=&#8220;solid&#8220; border_position=&#8220;all&#8220; padding_top=&#8220;&#8220; padding_right=&#8220;&#8220; padding_bottom=&#8220;&#8220; padding_left=&#8220;&#8220; margin_top=&#8220;&#8220; margin_bottom=&#8220;&#8220; animation_type=&#8220;&#8220; animation_direction=&#8220;left&#8220; animation_speed=&#8220;0.3&#8243; animation_offset=&#8220;&#8220; last=&#8220;no&#8220;][fusion_code]Jmx0O2EgaWQ9JnF1b3Q7dG9wJnF1b3Q7Jmd0OyZsdDsvYSZndDs=[\/fusion_code][fusion_title hide_on_mobile=&#8220;small-visibility,medium-visibility,large-visibility&#8220; class=&#8220;&#8220; id=&#8220;&#8220; content_align=&#8220;left&#8220; size=&#8220;1&#8243; font_size=&#8220;&#8220; line_height=&#8220;&#8220; letter_spacing=&#8220;&#8220; margin_top=&#8220;&#8220; margin_bottom=&#8220;&#8220; text_color=&#8220;&#8220; style_type=&#8220;default&#8220; sep_color=&#8220;&#8220;]<\/p>\n<h1 style=\"text-align: center;\">Mittwinterfest in Gannahall<\/h1>\n<p>[\/fusion_title][fusion_imageframe image_id=&#8220;12568&#8243; style_type=&#8220;none&#8220; hover_type=&#8220;none&#8220; align=&#8220;center&#8220; lightbox=&#8220;no&#8220; linktarget=&#8220;_self&#8220; hide_on_mobile=&#8220;small-visibility,medium-visibility,large-visibility&#8220; animation_direction=&#8220;left&#8220; animation_speed=&#8220;0.3&#8243;]http:\/\/www.gannahall.de\/wp-content\/uploads\/2017\/03\/Banner-Veranstaltungen_vy.jpg[\/fusion_imageframe][\/fusion_builder_column][\/fusion_builder_row][\/fusion_builder_container][fusion_builder_container admin_label=&#8220;Link Liste&#8220; hundred_percent=&#8220;no&#8220; equal_height_columns=&#8220;no&#8220; hide_on_mobile=&#8220;large-visibility&#8220; background_position=&#8220;center center&#8220; background_repeat=&#8220;no-repeat&#8220; fade=&#8220;no&#8220; background_parallax=&#8220;none&#8220; enable_mobile=&#8220;no&#8220; parallax_speed=&#8220;0.3&#8243; video_aspect_ratio=&#8220;16:9&#8243; video_loop=&#8220;yes&#8220; video_mute=&#8220;yes&#8220; border_style=&#8220;solid&#8220; padding_top=&#8220;20px&#8220; padding_bottom=&#8220;20px&#8220;][fusion_builder_row][fusion_builder_column type=&#8220;1_5&#8243; layout=&#8220;1_4&#8243; spacing=&#8220;&#8220; center_content=&#8220;no&#8220; hover_type=&#8220;none&#8220; link=&#8220;&#8220; min_height=&#8220;&#8220; hide_on_mobile=&#8220;small-visibility,medium-visibility,large-visibility&#8220; class=&#8220;&#8220; id=&#8220;&#8220; background_color=&#8220;&#8220; background_image=&#8220;&#8220; background_position=&#8220;left top&#8220; undefined=&#8220;&#8220; background_repeat=&#8220;no-repeat&#8220; border_size=&#8220;0&#8243; border_color=&#8220;&#8220; border_style=&#8220;solid&#8220; border_position=&#8220;all&#8220; padding_top=&#8220;&#8220; padding_right=&#8220;&#8220; padding_bottom=&#8220;&#8220; padding_left=&#8220;&#8220; margin_top=&#8220;&#8220; margin_bottom=&#8220;&#8220; animation_type=&#8220;&#8220; animation_direction=&#8220;left&#8220; animation_speed=&#8220;0.3&#8243; animation_offset=&#8220;&#8220; last=&#8220;no&#8220;][fusion_button link=&#8220;http:\/\/www.gannahall.de\/index.php\/veranstaltungen\/ostara-feuerfest\/#top&#8220; title=&#8220;Ostara&#8220; target=&#8220;_self&#8220; alignment=&#8220;center&#8220; hide_on_mobile=&#8220;small-visibility,medium-visibility,large-visibility&#8220; color=&#8220;lightgray&#8220; type=&#8220;3d&#8220; size=&#8220;small&#8220; stretch=&#8220;default&#8220; shape=&#8220;round&#8220; icon_position=&#8220;left&#8220; icon_divider=&#8220;no&#8220; animation_direction=&#8220;static&#8220; animation_speed=&#8220;1.0&#8243; animation_offset=&#8220;bottom-in-view&#8220;]Ostara[\/fusion_button][fusion_text columns=&#8220;&#8220; column_min_width=&#8220;&#8220; column_spacing=&#8220;&#8220; rule_style=&#8220;default&#8220; rule_size=&#8220;&#8220; rule_color=&#8220;&#8220; hide_on_mobile=&#8220;small-visibility,medium-visibility,large-visibility&#8220; class=&#8220;&#8220; id=&#8220;&#8220;]<\/p>\n<p style=\"text-align: center;\">Das erste Osterfeuer des Jahres&#8230; wir treiben den Winter aus!<\/p>\n<p>[\/fusion_text][\/fusion_builder_column][fusion_builder_column type=&#8220;1_5&#8243; layout=&#8220;1_4&#8243; spacing=&#8220;&#8220; center_content=&#8220;no&#8220; hover_type=&#8220;none&#8220; link=&#8220;&#8220; min_height=&#8220;&#8220; hide_on_mobile=&#8220;small-visibility,medium-visibility,large-visibility&#8220; class=&#8220;&#8220; id=&#8220;&#8220; background_color=&#8220;&#8220; background_image=&#8220;&#8220; background_position=&#8220;left top&#8220; background_repeat=&#8220;no-repeat&#8220; border_size=&#8220;0&#8243; border_color=&#8220;&#8220; border_style=&#8220;solid&#8220; border_position=&#8220;all&#8220; padding_top=&#8220;&#8220; padding_right=&#8220;&#8220; padding_bottom=&#8220;&#8220; padding_left=&#8220;&#8220; margin_top=&#8220;&#8220; margin_bottom=&#8220;&#8220; animation_type=&#8220;&#8220; animation_direction=&#8220;left&#8220; animation_speed=&#8220;0.3&#8243; animation_offset=&#8220;&#8220; last=&#8220;no&#8220; element_content=&#8220;&#8220;][fusion_button link=&#8220;http:\/\/www.gannahall.de\/index.php\/veranstaltungen\/alls-wari-dags\/#top&#8220; title=&#8220;Alls Wari Dags&#8220; target=&#8220;_self&#8220; alignment=&#8220;center&#8220; hide_on_mobile=&#8220;small-visibility,medium-visibility,large-visibility&#8220; color=&#8220;lightgray&#8220; type=&#8220;3d&#8220; size=&#8220;small&#8220; stretch=&#8220;default&#8220; shape=&#8220;round&#8220; icon_position=&#8220;left&#8220; icon_divider=&#8220;no&#8220; animation_direction=&#8220;static&#8220; animation_speed=&#8220;1.0&#8243; animation_offset=&#8220;bottom-in-view&#8220;]Alls Wari Dags[\/fusion_button][fusion_text]<\/p>\n<p style=\"text-align: center;\">Deutschlands erster historischer Wettkampf in ger\u00fcstetem Kampfsport.<\/p>\n<p>[\/fusion_text][\/fusion_builder_column][fusion_builder_column type=&#8220;1_5&#8243; layout=&#8220;1_5&#8243; spacing=&#8220;&#8220; center_content=&#8220;no&#8220; hover_type=&#8220;none&#8220; link=&#8220;&#8220; min_height=&#8220;&#8220; hide_on_mobile=&#8220;small-visibility,medium-visibility,large-visibility&#8220; class=&#8220;&#8220; id=&#8220;&#8220; background_color=&#8220;&#8220; background_image=&#8220;&#8220; background_position=&#8220;left top&#8220; background_repeat=&#8220;no-repeat&#8220; border_size=&#8220;0&#8243; border_color=&#8220;&#8220; border_style=&#8220;solid&#8220; border_position=&#8220;all&#8220; padding_top=&#8220;&#8220; padding_right=&#8220;&#8220; padding_bottom=&#8220;&#8220; padding_left=&#8220;&#8220; margin_top=&#8220;&#8220; margin_bottom=&#8220;&#8220; animation_type=&#8220;&#8220; animation_direction=&#8220;left&#8220; animation_speed=&#8220;0.3&#8243; animation_offset=&#8220;&#8220; last=&#8220;no&#8220; element_content=&#8220;&#8220;][fusion_button link=&#8220;http:\/\/www.gannahall.de\/index.php\/veranstaltungen\/kinder-sommerfest\/#top&#8220; title=&#8220;Kinder- und Sommerfest&#8220; target=&#8220;_self&#8220; alignment=&#8220;center&#8220; hide_on_mobile=&#8220;small-visibility,medium-visibility,large-visibility&#8220; color=&#8220;lightgray&#8220; type=&#8220;3d&#8220; size=&#8220;small&#8220; stretch=&#8220;default&#8220; shape=&#8220;round&#8220; icon_position=&#8220;left&#8220; icon_divider=&#8220;no&#8220; animation_direction=&#8220;left&#8220; animation_speed=&#8220;0.3&#8243; animation_offset=&#8220;bottom-in-view&#8220;]Kinder- und Sommerfest[\/fusion_button][fusion_text]<\/p>\n<p style=\"text-align: center;\">Geschichte vermitteln durch Spa\u00df und Spiel.<\/p>\n<p>[\/fusion_text][\/fusion_builder_column][fusion_builder_column type=&#8220;1_5&#8243; layout=&#8220;1_4&#8243; spacing=&#8220;&#8220; center_content=&#8220;no&#8220; hover_type=&#8220;none&#8220; link=&#8220;&#8220; min_height=&#8220;&#8220; hide_on_mobile=&#8220;small-visibility,medium-visibility,large-visibility&#8220; class=&#8220;&#8220; id=&#8220;&#8220; background_color=&#8220;&#8220; background_image=&#8220;&#8220; background_position=&#8220;left top&#8220; background_repeat=&#8220;no-repeat&#8220; border_size=&#8220;0&#8243; border_color=&#8220;&#8220; border_style=&#8220;solid&#8220; border_position=&#8220;all&#8220; padding_top=&#8220;&#8220; padding_right=&#8220;&#8220; padding_bottom=&#8220;&#8220; padding_left=&#8220;&#8220; margin_top=&#8220;&#8220; margin_bottom=&#8220;&#8220; animation_type=&#8220;&#8220; animation_direction=&#8220;left&#8220; animation_speed=&#8220;0.3&#8243; animation_offset=&#8220;&#8220; last=&#8220;no&#8220; element_content=&#8220;&#8220;][fusion_button link=&#8220;http:\/\/www.gannahall.de\/index.php\/veranstaltungen\/erntedank\/#top&#8220; text_transform=&#8220;&#8220; title=&#8220;Erntedank&#8220; target=&#8220;_self&#8220; link_attributes=&#8220;&#8220; alignment=&#8220;center&#8220; modal=&#8220;&#8220; hide_on_mobile=&#8220;small-visibility,medium-visibility,large-visibility&#8220; class=&#8220;&#8220; id=&#8220;&#8220; color=&#8220;lightgray&#8220; button_gradient_top_color=&#8220;&#8220; button_gradient_bottom_color=&#8220;&#8220; button_gradient_top_color_hover=&#8220;&#8220; button_gradient_bottom_color_hover=&#8220;&#8220; accent_color=&#8220;&#8220; accent_hover_color=&#8220;&#8220; type=&#8220;3d&#8220; bevel_color=&#8220;&#8220; border_width=&#8220;&#8220; size=&#8220;small&#8220; stretch=&#8220;default&#8220; shape=&#8220;round&#8220; icon=&#8220;&#8220; icon_position=&#8220;left&#8220; icon_divider=&#8220;no&#8220; animation_type=&#8220;&#8220; animation_direction=&#8220;left&#8220; animation_speed=&#8220;1.0&#8243; animation_offset=&#8220;bottom-in-view&#8220;]Gannahall-Herbstfest[\/fusion_button][fusion_text columns=&#8220;&#8220; column_min_width=&#8220;&#8220; column_spacing=&#8220;&#8220; rule_style=&#8220;default&#8220; rule_size=&#8220;&#8220; rule_color=&#8220;&#8220; hide_on_mobile=&#8220;small-visibility,medium-visibility,large-visibility&#8220; class=&#8220;&#8220; id=&#8220;&#8220;]<\/p>\n<p style=\"text-align: center;\">Herbstfest mit historischen Handwerkermarkt zu Erntedank.<\/p>\n<p>[\/fusion_text][\/fusion_builder_column][fusion_builder_column type=&#8220;1_5&#8243; layout=&#8220;1_4&#8243; spacing=&#8220;&#8220; center_content=&#8220;no&#8220; hover_type=&#8220;none&#8220; link=&#8220;&#8220; min_height=&#8220;&#8220; hide_on_mobile=&#8220;small-visibility,medium-visibility,large-visibility&#8220; class=&#8220;&#8220; id=&#8220;&#8220; background_color=&#8220;&#8220; background_image=&#8220;&#8220; background_position=&#8220;left top&#8220; background_repeat=&#8220;no-repeat&#8220; border_size=&#8220;0&#8243; border_color=&#8220;&#8220; border_style=&#8220;solid&#8220; border_position=&#8220;all&#8220; padding_top=&#8220;&#8220; padding_right=&#8220;&#8220; padding_bottom=&#8220;&#8220; padding_left=&#8220;&#8220; margin_top=&#8220;&#8220; margin_bottom=&#8220;&#8220; animation_type=&#8220;&#8220; animation_direction=&#8220;left&#8220; animation_speed=&#8220;0.3&#8243; animation_offset=&#8220;&#8220; last=&#8220;no&#8220; element_content=&#8220;&#8220;][fusion_button link=&#8220;http:\/\/www.gannahall.de\/index.php\/veranstaltungen\/sonstige-veranstaltungen\/#top&#8220; title=&#8220;Jul&#8220; target=&#8220;_self&#8220; alignment=&#8220;center&#8220; hide_on_mobile=&#8220;small-visibility,medium-visibility,large-visibility&#8220; color=&#8220;darkgray&#8220; type=&#8220;3d&#8220; size=&#8220;small&#8220; stretch=&#8220;default&#8220; shape=&#8220;round&#8220; icon_position=&#8220;left&#8220; icon_divider=&#8220;no&#8220; animation_direction=&#8220;left&#8220; animation_speed=&#8220;1.0&#8243; animation_offset=&#8220;bottom-in-view&#8220;]Jul[\/fusion_button][fusion_text]<\/p>\n<p style=\"text-align: center;\">Zum Jahresausklang\u2026 feiern wie die Germanen.<\/p>\n<p>[\/fusion_text][\/fusion_builder_column][\/fusion_builder_row][\/fusion_builder_container][fusion_builder_container hundred_percent=&#8220;no&#8220; hundred_percent_height=&#8220;no&#8220; hundred_percent_height_scroll=&#8220;no&#8220; hundred_percent_height_center_content=&#8220;yes&#8220; equal_height_columns=&#8220;no&#8220; menu_anchor=&#8220;&#8220; hide_on_mobile=&#8220;small-visibility,medium-visibility,large-visibility&#8220; status=&#8220;published&#8220; publish_date=&#8220;&#8220; class=&#8220;&#8220; id=&#8220;&#8220; background_color=&#8220;&#8220; background_image=&#8220;&#8220; background_position=&#8220;center center&#8220; background_repeat=&#8220;no-repeat&#8220; fade=&#8220;no&#8220; background_parallax=&#8220;none&#8220; enable_mobile=&#8220;no&#8220; parallax_speed=&#8220;0.3&#8243; video_mp4=&#8220;&#8220; video_webm=&#8220;&#8220; video_ogv=&#8220;&#8220; video_url=&#8220;&#8220; video_aspect_ratio=&#8220;16:9&#8243; video_loop=&#8220;yes&#8220; video_mute=&#8220;yes&#8220; video_preview_image=&#8220;&#8220; border_size=&#8220;&#8220; border_color=&#8220;&#8220; border_style=&#8220;solid&#8220; margin_top=&#8220;&#8220; margin_bottom=&#8220;&#8220; padding_top=&#8220;&#8220; padding_right=&#8220;&#8220; padding_bottom=&#8220;&#8220; padding_left=&#8220;&#8220;][fusion_builder_row][fusion_builder_column type=&#8220;1_1&#8243; spacing=&#8220;&#8220; center_content=&#8220;no&#8220; link=&#8220;&#8220; target=&#8220;_self&#8220; min_height=&#8220;&#8220; hide_on_mobile=&#8220;small-visibility,medium-visibility,large-visibility&#8220; class=&#8220;&#8220; id=&#8220;&#8220; background_color=&#8220;&#8220; background_image=&#8220;&#8220; background_image_id=&#8220;&#8220; background_position=&#8220;left top&#8220; background_repeat=&#8220;no-repeat&#8220; hover_type=&#8220;none&#8220; border_size=&#8220;0&#8243; border_color=&#8220;&#8220; border_style=&#8220;solid&#8220; border_position=&#8220;all&#8220; padding_top=&#8220;&#8220; padding_right=&#8220;&#8220; padding_bottom=&#8220;&#8220; padding_left=&#8220;&#8220; margin_top=&#8220;&#8220; margin_bottom=&#8220;&#8220; animation_type=&#8220;&#8220; animation_direction=&#8220;left&#8220; animation_speed=&#8220;0.3&#8243; animation_offset=&#8220;&#8220; last=&#8220;no&#8220;][fusion_text columns=&#8220;&#8220; column_min_width=&#8220;&#8220; column_spacing=&#8220;&#8220; rule_style=&#8220;default&#8220; rule_size=&#8220;&#8220; rule_color=&#8220;&#8220; hide_on_mobile=&#8220;small-visibility,medium-visibility,large-visibility&#8220; class=&#8220;&#8220; id=&#8220;&#8220;]<\/p>\n<p>H\u00e4tten unsere fr\u00fchgeschichtlichen Vorfahren einst Terminkalender besessen, w\u00e4re der Tag der Wintersonnenwende wohl fett rot markiert gewesen und auch in den folgenden 12 Tagen h\u00e4tte gro\u00df \u201eFrei!\u201c gestanden, denn sowohl die Wintersonnenwende, als auch die darauffolgenden Raun\u00e4chte geh\u00f6rten in vorchristlicher Zeit nicht nur hier im Havelland, sondern in ganz Mittel- und Nordeuropa zu den wichtigsten Terminen, auch damals offenbar schon aus kultisch-religi\u00f6sen Gr\u00fcnden.<\/p>\n<p>Auch bez\u00fcglich des germanischen Mittwinterfestes ist, wie leider generell wenn es um das praktizierte kultisch-religi\u00f6se Brauchtum unserer antiken Vorfahren geht, die Quellenlage \u00e4u\u00dferst sp\u00e4rlich.<br \/>\nAntike Aufzeichnungen die das Feiern der Wintersonnenwende bei den heidnischen Germanen im heutigen Deutschland beschreiben und somit belegen w\u00fcrden, sind mir pers\u00f6nlich nicht bekannt, von konkreten Beschreibungen kultischer Handlungen oder gar fester Rituale zu dieser Zeit ganz zu schweigen.<\/p>\n<p>Sucht man jedoch lang und geduldig genug, kann man einiges Interessantes zutage f\u00f6rdern und zwar nicht selten dort wo niemand es vermuten w\u00fcrde, jenseits der Werke antiker Historiker und manchmal auch ohne die sonst unverzichtbaren arch\u00e4ologischen Funde zur Beweisf\u00fchrung heranziehen zu m\u00fcssen, die uns bei diesem Thema allerdings gl\u00fccklicherweise hier und da zur Verf\u00fcgung stehen.<br \/>\nAuch in diesem Fall sind es vor allem die scheinbar themenfremden wissenschaftlichen Disziplinen, die alle zusammen das Ben\u00f6tigte zutage f\u00f6rdern. Neben der Arbeit verschiedenster Historiker kann es durchaus die Sprachforschung, die Religions-, Kultur- oder Sozialwissenschaft und manchmal gar eine Analyse moderner regionaler Folklore sein, die g\u00e4nzlich unerwartet zu neuen Erkenntnissen f\u00fchrt.<\/p>\n<p>Doch was genau wissen wir nun \u00fcber diesen offenbar besonderen Tag der Wintersonnenwende und der Geschichte ihrer Verehrung durch unsere antiken Vorfahren?<\/p>\n<p>[\/fusion_text][fusion_separator style_type=&#8220;default&#8220; hide_on_mobile=&#8220;small-visibility,medium-visibility,large-visibility&#8220; class=&#8220;&#8220; id=&#8220;&#8220; sep_color=&#8220;&#8220; top_margin=&#8220;&#8220; bottom_margin=&#8220;&#8220; border_size=&#8220;&#8220; icon=&#8220;&#8220; icon_circle=&#8220;&#8220; icon_circle_color=&#8220;&#8220; width=&#8220;&#8220; alignment=&#8220;center&#8220; \/][fusion_text columns=&#8220;&#8220; column_min_width=&#8220;&#8220; column_spacing=&#8220;&#8220; rule_style=&#8220;default&#8220; rule_size=&#8220;&#8220; rule_color=&#8220;&#8220; hide_on_mobile=&#8220;small-visibility,medium-visibility,large-visibility&#8220; class=&#8220;&#8220; id=&#8220;&#8220;]<\/p>\n<h2 style=\"text-align: center;\"><a href=\"http:\/\/www.gannahall.de\/index.php\/hintergrund\/kultur-glaube\/\">HIER<\/a><br \/>\nerfahren Sie mehr \u00fcber die heilige Zeit unserer Vorfahren<br \/>\nund die heidnischen Urspr\u00fcnge des Weihnachtsfestes<\/h2>\n<p>[\/fusion_text][\/fusion_builder_column][\/fusion_builder_row][\/fusion_builder_container][fusion_builder_container hundred_percent=&#8220;no&#8220; equal_height_columns=&#8220;no&#8220; hide_on_mobile=&#8220;small-visibility,medium-visibility,large-visibility&#8220; background_position=&#8220;center center&#8220; background_repeat=&#8220;no-repeat&#8220; fade=&#8220;no&#8220; background_parallax=&#8220;none&#8220; parallax_speed=&#8220;0.3&#8243; video_aspect_ratio=&#8220;16:9&#8243; video_loop=&#8220;yes&#8220; video_mute=&#8220;yes&#8220; border_style=&#8220;solid&#8220;][fusion_builder_row][fusion_builder_column type=&#8220;1_1&#8243; layout=&#8220;1_1&#8243; background_position=&#8220;left top&#8220; background_color=&#8220;&#8220; border_size=&#8220;&#8220; border_color=&#8220;&#8220; border_style=&#8220;solid&#8220; border_position=&#8220;all&#8220; spacing=&#8220;yes&#8220; background_image=&#8220;&#8220; background_repeat=&#8220;no-repeat&#8220; padding_top=&#8220;&#8220; padding_right=&#8220;&#8220; padding_bottom=&#8220;&#8220; padding_left=&#8220;&#8220; margin_top=&#8220;0px&#8220; margin_bottom=&#8220;0px&#8220; class=&#8220;&#8220; id=&#8220;&#8220; animation_type=&#8220;&#8220; animation_speed=&#8220;0.3&#8243; animation_direction=&#8220;left&#8220; hide_on_mobile=&#8220;small-visibility,medium-visibility,large-visibility&#8220; center_content=&#8220;no&#8220; last=&#8220;no&#8220; min_height=&#8220;&#8220; hover_type=&#8220;none&#8220; link=&#8220;&#8220;][fusion_separator style_type=&#8220;default&#8220; hide_on_mobile=&#8220;small-visibility,medium-visibility,large-visibility&#8220; class=&#8220;&#8220; id=&#8220;&#8220; sep_color=&#8220;&#8220; top_margin=&#8220;&#8220; bottom_margin=&#8220;&#8220; border_size=&#8220;&#8220; icon=&#8220;&#8220; icon_circle=&#8220;&#8220; icon_circle_color=&#8220;&#8220; width=&#8220;&#8220; alignment=&#8220;center&#8220; \/][fusion_text columns=&#8220;&#8220; column_min_width=&#8220;&#8220; column_spacing=&#8220;&#8220; rule_style=&#8220;default&#8220; rule_size=&#8220;&#8220; rule_color=&#8220;&#8220; hide_on_mobile=&#8220;small-visibility,medium-visibility,large-visibility&#8220; class=&#8220;&#8220; id=&#8220;&#8220;]<\/p>\n<h1 style=\"text-align: center;\"><\/h1>\n<h1 style=\"text-align: center;\">18.12.2021<br \/>\nGro\u00dfes WINTERNACHTSFEUER mit Jul-Zeremonie und historischem Markt<\/h1>\n<p>[\/fusion_text][fusion_separator style_type=&#8220;default&#8220; hide_on_mobile=&#8220;small-visibility,medium-visibility,large-visibility&#8220; class=&#8220;&#8220; id=&#8220;&#8220; sep_color=&#8220;&#8220; top_margin=&#8220;&#8220; bottom_margin=&#8220;&#8220; border_size=&#8220;&#8220; icon=&#8220;&#8220; icon_circle=&#8220;&#8220; icon_circle_color=&#8220;&#8220; width=&#8220;&#8220; alignment=&#8220;center&#8220; \/][fusion_text columns=&#8220;&#8220; column_min_width=&#8220;&#8220; column_spacing=&#8220;&#8220; rule_style=&#8220;default&#8220; rule_size=&#8220;&#8220; rule_color=&#8220;&#8220; hide_on_mobile=&#8220;small-visibility,medium-visibility,large-visibility&#8220; class=&#8220;&#8220; id=&#8220;&#8220;]<\/p>\n<h1 style=\"text-align: left;\">21.12.2019\u00a0 Das Gannahall &#8211; Mittwinterfest mit gro\u00dfem Julfeuer<\/h1>\n<h2 style=\"text-align: center;\"><a href=\"http:\/\/www.gannahall.de\/index.php\/galerie\/\">Impressionen von Veranstaltungen vergangener Jahre finden Sie hier.<\/a><\/h2>\n<p>[\/fusion_text][fusion_imageframe image_id=&#8220;16381|400&#8243; max_width=&#8220;&#8220; style_type=&#8220;glow&#8220; blur=&#8220;&#8220; stylecolor=&#8220;&#8220; hover_type=&#8220;none&#8220; bordersize=&#8220;3&#8243; bordercolor=&#8220;#444444&#8243; borderradius=&#8220;&#8220; align=&#8220;center&#8220; lightbox=&#8220;no&#8220; gallery_id=&#8220;&#8220; lightbox_image=&#8220;&#8220; lightbox_image_id=&#8220;&#8220; alt=&#8220;&#8220; link=&#8220;&#8220; linktarget=&#8220;_self&#8220; hide_on_mobile=&#8220;small-visibility,medium-visibility,large-visibility&#8220; class=&#8220;&#8220; id=&#8220;&#8220; animation_type=&#8220;&#8220; animation_direction=&#8220;left&#8220; animation_speed=&#8220;0.3&#8243; animation_offset=&#8220;&#8220;]http:\/\/www.gannahall.de\/wp-content\/uploads\/2019\/12\/78927934_1777139525750548_2651510150518538240_o-400&#215;564.jpg[\/fusion_imageframe][fusion_separator style_type=&#8220;default&#8220; hide_on_mobile=&#8220;small-visibility,medium-visibility,large-visibility&#8220; class=&#8220;&#8220; id=&#8220;&#8220; sep_color=&#8220;&#8220; top_margin=&#8220;&#8220; bottom_margin=&#8220;&#8220; border_size=&#8220;&#8220; icon=&#8220;&#8220; icon_circle=&#8220;&#8220; icon_circle_color=&#8220;&#8220; width=&#8220;&#8220; alignment=&#8220;center&#8220; \/][fusion_text columns=&#8220;&#8220; column_min_width=&#8220;&#8220; column_spacing=&#8220;&#8220; rule_style=&#8220;default&#8220; rule_size=&#8220;&#8220; rule_color=&#8220;&#8220; hide_on_mobile=&#8220;small-visibility,medium-visibility,large-visibility&#8220; class=&#8220;&#8220; id=&#8220;&#8220;]<\/p>\n<h1 style=\"text-align: left;\">23.12.2017\u00a0 GANNAHALL \u2013 JULFEUER<\/h1>\n<p>Liebe Gannahall-Unterst\u00fctzer, Besucher und Freunde,<\/p>\n<p>nachdem aufgrund des verregneten Jahres 2017 fast alle unsere geplanten Veranstaltungen, sowie ein Gro\u00dfteil der anstehenden Bauarbeiten am historischen Dorf buchst\u00e4blich \u201eins Wasser gefallen\u201c sind, wollen wir uns, optimistisch und hartn\u00e4ckig wie wir sind, mit einem fr\u00f6hlichen Jul-Fest aus diesem Jahr verabschieden und all jene dazu einladen, die trotz alldem an unser Projekt \u201cHistorisches Dorf Gannahall\u201d geglaubt und dieses unterst\u00fctzt haben.<\/p>\n<p>Dies zelebrieren wir, der Zeitstellung des historischen Dorfes Gannahalls gem\u00e4\u00df, mit dem vorchristlichen Brauch des Jul- oder Weihnachtsfeuers, wie es vor 2000 Jahren wohl \u00fcberall in unserer Region abgehalten wurde.<br \/>\nF\u00fcr unsere semnonischen Vorfahren endete das alte Jahr mit der Wintersonnenwende (k\u00fcrzester Tag\/l\u00e4ngste Nacht) um den 21.12. und es begann die \u201cheilige Zeit\u201d der zw\u00f6lf \u201cgeweihten N\u00e4chte\u201d (daher auch das heutige \u201cWeihnachten\u201d), auch \u201cRauhn\u00e4chte\u201d oder schlicht \u201cZw\u00f6lfe\u201d genannt, in denen fr\u00f6hlich feiernd den G\u00f6ttern gehuldigt und der verstorbenen Ahnen gedacht wurde.<br \/>\nDie Grenze von Diesseits und Jenseits verschwamm in diesen heiligen N\u00e4chten, in der jeglicher Alltag zum Erliegen kam. Arbeit und Streit, Werkzeug und Waffen waren tabu&#8230;es war die Zeit der Feuer und der Gelage, der Freunde und Familie. Es war die Zeit der Magie, der Freude und der W\u00fcnsche, in denen G\u00f6tter und Geister mit gro\u00dfen und kleinen Opfern um gutes Gelingen bei Unternehmungen oder einfach um Gl\u00fcck im neuen Jahr gebeten wurden.<\/p>\n<p>So wollen auch wir es halten und werden versuchen, f\u00fcr Euch ein Fenster in die havell\u00e4ndische Vergangenheit von vor 2000 Jahren zu \u00f6ffnen, und ein solches Jul-Ritual f\u00fcr Euch nachstellen.<br \/>\nAnschlie\u00dfend genie\u00dfen wir gemeinsam das w\u00e4rmende Feuer bei hei\u00dfem Met und Wildschwein vom Spie\u00df!<\/p>\n<h3 style=\"text-align: center;\">ACHTUNG:<\/h3>\n<p>Wir bitten all unsere G\u00e4ste darauf R\u00fccksicht zu nehmen, dass die Veranstaltung quasi auf einer Baustelle stattfindet, die durch das Wetter der letzten Zeit an vielen Stellen nass und schlammig geworden ist.<br \/>\nAchtet auf der WITTERUNG ANGEPASSTE KLEIDUNG &amp; vor allem SCHUHWERK!<br \/>\nBitte bleibt innerhalb der gekennzeichneten Wege und Pl\u00e4tze!<br \/>\nDas Gel\u00e4nde ist mit KFZ NICHT BEFAHRBAR (nur auf eigene Gefahr!), BITTE NUTZT DIE PARKPL\u00c4TZE AUF H\u00d6HE DES VFL-FUSSBALLPLATZES &amp; ENTLANG DER STRASSE!<\/p>\n<p>Wir freuen uns auf Euren Besuch!<\/p>\n<p>[\/fusion_text][fusion_imageframe image_id=&#8220;13212&#8243; style_type=&#8220;none&#8220; hover_type=&#8220;none&#8220; align=&#8220;center&#8220; lightbox=&#8220;no&#8220; linktarget=&#8220;_self&#8220; hide_on_mobile=&#8220;small-visibility,medium-visibility,large-visibility&#8220; animation_direction=&#8220;left&#8220; animation_speed=&#8220;0.3&#8243;]http:\/\/www.gannahall.de\/wp-content\/uploads\/2017\/03\/Kopie-von-IMG_2656-Kopie-1024&#215;683.jpg[\/fusion_imageframe][fusion_text columns=&#8220;&#8220; column_min_width=&#8220;&#8220; column_spacing=&#8220;&#8220; rule_style=&#8220;default&#8220; rule_size=&#8220;&#8220; rule_color=&#8220;&#8220; hide_on_mobile=&#8220;small-visibility,medium-visibility,large-visibility&#8220; class=&#8220;&#8220; id=&#8220;&#8220;]<\/p>\n<h3 style=\"text-align: center;\">Ablauf &#8211; Programm:<\/h3>\n<p style=\"text-align: center;\">18:00\u00a0 Beginn<\/p>\n<p style=\"text-align: center;\">18:30\u00a0 Kurzvortrag zur vorchristlichen Weihnachtsgeschichte<\/p>\n<p style=\"text-align: center;\">18:45\u00a0 Historische Julzeremonie und Entz\u00fcndung des Feuers<\/p>\n<p style=\"text-align: center;\">19:00 (ca.) &#8211; 22:00\u00a0 FEIERN \ud83d\ude09<\/p>\n<p>[\/fusion_text][\/fusion_builder_column][\/fusion_builder_row][\/fusion_builder_container]<\/p>\n","protected":false},"excerpt":{"rendered":"<p>[fusion_builder_container hundred_percent=&#8220;no&#8220; equal_height_columns=&#8220;no&#8220; hide_on_mobile=&#8220;small-visibility,medium-visibility,large-visibility&#8220; background_position=&#8220;center center&#8220; background_repeat=&#8220;no-repeat&#8220; fade=&#8220;no&#8220; background_parallax=&#8220;none&#8220; enable_mobile=&#8220;no&#8220; parallax_speed=&#8220;0.3&#8243; video_aspect_ratio=&#8220;16:9&#8243; video_loop=&#8220;yes&#8220; video_mute=&#8220;yes&#8220; border_style=&#8220;solid&#8220; padding_top=&#8220;20px&#8220; padding_bottom=&#8220;20px&#8220;][fusion_builder_row][fusion_builder_column type=&#8220;1_1&#8243; layout=&#8220;1_1&#8243; spacing=&#8220;&#8220; center_content=&#8220;no&#8220; hover_type=&#8220;none&#8220; link=&#8220;&#8220; min_height=&#8220;&#8220; hide_on_mobile=&#8220;small-visibility,medium-visibility,large-visibility&#8220; class=&#8220;&#8220; id=&#8220;&#8220; background_color=&#8220;&#8220; background_image=&#8220;&#8220; background_position=&#8220;left top&#8220; background_repeat=&#8220;no-repeat&#8220; border_size=&#8220;0&#8243; border_color=&#8220;&#8220; border_style=&#8220;solid&#8220; border_position=&#8220;all&#8220; padding_top=&#8220;&#8220; padding_right=&#8220;&#8220; padding_bottom=&#8220;&#8220; padding_left=&#8220;&#8220; margin_top=&#8220;&#8220; margin_bottom=&#8220;&#8220; animation_type=&#8220;&#8220; animation_direction=&#8220;left&#8220; animation_speed=&#8220;0.3&#8243; animation_offset=&#8220;&#8220; last=&#8220;no&#8220;][fusion_code]Jmx0O2EgaWQ9JnF1b3Q7dG9wJnF1b3Q7Jmd0OyZsdDsvYSZndDs=[\/fusion_code][fusion_title hide_on_mobile=&#8220;small-visibility,medium-visibility,large-visibility&#8220; class=&#8220;&#8220; id=&#8220;&#8220; content_align=&#8220;left&#8220; size=&#8220;1&#8243; font_size=&#8220;&#8220; line_height=&#8220;&#8220; letter_spacing=&#8220;&#8220; margin_top=&#8220;&#8220; margin_bottom=&#8220;&#8220; text_color=&#8220;&#8220; style_type=&#8220;default&#8220; sep_color=&#8220;&#8220;] Mittwinterfest in Gannahall [\/fusion_title][fusion_imageframe image_id=&#8220;12568&#8243; style_type=&#8220;none&#8220; hover_type=&#8220;none&#8220; align=&#8220;center&#8220; lightbox=&#8220;no&#8220; linktarget=&#8220;_self&#8220; hide_on_mobile=&#8220;small-visibility,medium-visibility,large-visibility&#8220; animation_direction=&#8220;left&#8220; animation_speed=&#8220;0.3&#8243;]http:\/\/www.gannahall.de\/wp-content\/uploads\/2017\/03\/Banner-Veranstaltungen_vy.jpg[\/fusion_imageframe][\/fusion_builder_column][\/fusion_builder_row][\/fusion_builder_container][fusion_builder_container admin_label=&#8220;Link Liste&#8220; hundred_percent=&#8220;no&#8220; equal_height_columns=&#8220;no&#8220; hide_on_mobile=&#8220;large-visibility&#8220; background_position=&#8220;center center&#8220; background_repeat=&#8220;no-repeat&#8220; fade=&#8220;no&#8220; background_parallax=&#8220;none&#8220; enable_mobile=&#8220;no&#8220; parallax_speed=&#8220;0.3&#8243; video_aspect_ratio=&#8220;16:9&#8243; video_loop=&#8220;yes&#8220; video_mute=&#8220;yes&#8220; border_style=&#8220;solid&#8220; padding_top=&#8220;20px&#8220; padding_bottom=&#8220;20px&#8220;][fusion_builder_row][fusion_builder_column type=&#8220;1_5&#8243; layout=&#8220;1_4&#8243; spacing=&#8220;&#8220; center_content=&#8220;no&#8220; hover_type=&#8220;none&#8220; link=&#8220;&#8220; min_height=&#8220;&#8220; hide_on_mobile=&#8220;small-visibility,medium-visibility,large-visibility&#8220; class=&#8220;&#8220; [&hellip;]<\/p>\n","protected":false},"author":1,"featured_media":0,"parent":12084,"menu_order":0,"comment_status":"closed","ping_status":"closed","template":"","meta":[],"_links":{"self":[{"href":"http:\/\/www.tiuwari.de\/index.php\/wp-json\/wp\/v2\/pages\/12096"}],"collection":[{"href":"http:\/\/www.tiuwari.de\/index.php\/wp-json\/wp\/v2\/pages"}],"about":[{"href":"http:\/\/www.tiuwari.de\/index.php\/wp-json\/wp\/v2\/types\/page"}],"author":[{"embeddable":true,"href":"http:\/\/www.tiuwari.de\/index.php\/wp-json\/wp\/v2\/users\/1"}],"replies":[{"embeddable":true,"href":"http:\/\/www.tiuwari.de\/index.php\/wp-json\/wp\/v2\/comments?post=12096"}],"version-history":[{"count":29,"href":"http:\/\/www.tiuwari.de\/index.php\/wp-json\/wp\/v2\/pages\/12096\/revisions"}],"predecessor-version":[{"id":17077,"href":"http:\/\/www.tiuwari.de\/index.php\/wp-json\/wp\/v2\/pages\/12096\/revisions\/17077"}],"up":[{"embeddable":true,"href":"http:\/\/www.tiuwari.de\/index.php\/wp-json\/wp\/v2\/pages\/12084"}],"wp:attachment":[{"href":"http:\/\/www.tiuwari.de\/index.php\/wp-json\/wp\/v2\/media?parent=12096"}],"curies":[{"name":"wp","href":"https:\/\/api.w.org\/{rel}","templated":true}]}}