{"id":12092,"date":"2017-03-15T15:16:55","date_gmt":"2017-03-15T14:16:55","guid":{"rendered":"http:\/\/test.semnonenbund.de\/?page_id=12092"},"modified":"2021-01-28T22:39:05","modified_gmt":"2021-01-28T21:39:05","slug":"erntedank","status":"publish","type":"page","link":"http:\/\/www.tiuwari.de\/index.php\/veranstaltungen\/erntedank\/","title":{"rendered":"Herbstfest mit Sippentreffen &#038; hist. Handwerkermarkt"},"content":{"rendered":"<p>[fusion_builder_container hundred_percent=&#8220;no&#8220; equal_height_columns=&#8220;no&#8220; hide_on_mobile=&#8220;small-visibility,medium-visibility,large-visibility&#8220; background_position=&#8220;center center&#8220; background_repeat=&#8220;no-repeat&#8220; fade=&#8220;no&#8220; background_parallax=&#8220;none&#8220; enable_mobile=&#8220;no&#8220; parallax_speed=&#8220;0.3&#8243; video_aspect_ratio=&#8220;16:9&#8243; video_loop=&#8220;yes&#8220; video_mute=&#8220;yes&#8220; border_style=&#8220;solid&#8220; padding_top=&#8220;20px&#8220; padding_bottom=&#8220;20px&#8220;][fusion_builder_row][fusion_builder_column type=&#8220;1_1&#8243; layout=&#8220;1_1&#8243; spacing=&#8220;&#8220; center_content=&#8220;no&#8220; hover_type=&#8220;none&#8220; link=&#8220;&#8220; min_height=&#8220;&#8220; hide_on_mobile=&#8220;small-visibility,medium-visibility,large-visibility&#8220; class=&#8220;&#8220; id=&#8220;&#8220; background_color=&#8220;&#8220; background_image=&#8220;&#8220; background_position=&#8220;left top&#8220; background_repeat=&#8220;no-repeat&#8220; border_size=&#8220;0&#8243; border_color=&#8220;&#8220; border_style=&#8220;solid&#8220; border_position=&#8220;all&#8220; padding_top=&#8220;&#8220; padding_right=&#8220;&#8220; padding_bottom=&#8220;&#8220; padding_left=&#8220;&#8220; margin_top=&#8220;&#8220; margin_bottom=&#8220;&#8220; animation_type=&#8220;&#8220; animation_direction=&#8220;left&#8220; animation_speed=&#8220;0.3&#8243; animation_offset=&#8220;&#8220; last=&#8220;no&#8220;][fusion_code]Jmx0O2EgaWQ9JnF1b3Q7dG9wJnF1b3Q7Jmd0OyZsdDsvYSZndDs=[\/fusion_code][fusion_title hide_on_mobile=&#8220;small-visibility,medium-visibility,large-visibility&#8220; class=&#8220;&#8220; id=&#8220;&#8220; content_align=&#8220;left&#8220; size=&#8220;1&#8243; font_size=&#8220;&#8220; line_height=&#8220;&#8220; letter_spacing=&#8220;&#8220; margin_top=&#8220;&#8220; margin_bottom=&#8220;&#8220; text_color=&#8220;&#8220; style_type=&#8220;default&#8220; sep_color=&#8220;&#8220;]<\/p>\n<h1>Gilbhart in Gannahall<\/h1>\n<h2>Herbstfest mit Sippentreffen &amp; historischem Handwerkermarkt<\/h2>\n<p>[\/fusion_title][fusion_imageframe image_id=&#8220;12568&#8243; style_type=&#8220;none&#8220; hover_type=&#8220;none&#8220; align=&#8220;center&#8220; lightbox=&#8220;no&#8220; linktarget=&#8220;_self&#8220; hide_on_mobile=&#8220;small-visibility,medium-visibility,large-visibility&#8220; animation_direction=&#8220;left&#8220; animation_speed=&#8220;0.3&#8243;]http:\/\/www.gannahall.de\/wp-content\/uploads\/2017\/03\/Banner-Veranstaltungen_vy.jpg[\/fusion_imageframe][\/fusion_builder_column][\/fusion_builder_row][\/fusion_builder_container][fusion_builder_container admin_label=&#8220;Link Liste&#8220; hundred_percent=&#8220;no&#8220; equal_height_columns=&#8220;no&#8220; hide_on_mobile=&#8220;large-visibility&#8220; background_position=&#8220;center center&#8220; background_repeat=&#8220;no-repeat&#8220; fade=&#8220;no&#8220; background_parallax=&#8220;none&#8220; enable_mobile=&#8220;no&#8220; parallax_speed=&#8220;0.3&#8243; video_aspect_ratio=&#8220;16:9&#8243; video_loop=&#8220;yes&#8220; video_mute=&#8220;yes&#8220; border_style=&#8220;solid&#8220; padding_top=&#8220;20px&#8220; padding_bottom=&#8220;20px&#8220;][fusion_builder_row][fusion_builder_column type=&#8220;1_5&#8243; layout=&#8220;1_4&#8243; spacing=&#8220;&#8220; center_content=&#8220;no&#8220; hover_type=&#8220;none&#8220; link=&#8220;&#8220; min_height=&#8220;&#8220; hide_on_mobile=&#8220;small-visibility,medium-visibility,large-visibility&#8220; class=&#8220;&#8220; id=&#8220;&#8220; background_color=&#8220;&#8220; background_image=&#8220;&#8220; background_position=&#8220;left top&#8220; undefined=&#8220;&#8220; background_repeat=&#8220;no-repeat&#8220; border_size=&#8220;0&#8243; border_color=&#8220;&#8220; border_style=&#8220;solid&#8220; border_position=&#8220;all&#8220; padding_top=&#8220;&#8220; padding_right=&#8220;&#8220; padding_bottom=&#8220;&#8220; padding_left=&#8220;&#8220; margin_top=&#8220;&#8220; margin_bottom=&#8220;&#8220; animation_type=&#8220;&#8220; animation_direction=&#8220;left&#8220; animation_speed=&#8220;0.3&#8243; animation_offset=&#8220;&#8220; last=&#8220;no&#8220;][fusion_button link=&#8220;http:\/\/www.gannahall.de\/index.php\/veranstaltungen\/ostara-feuerfest\/#top&#8220; title=&#8220;Ostara&#8220; target=&#8220;_self&#8220; alignment=&#8220;center&#8220; hide_on_mobile=&#8220;small-visibility,medium-visibility,large-visibility&#8220; color=&#8220;lightgray&#8220; type=&#8220;3d&#8220; size=&#8220;small&#8220; stretch=&#8220;default&#8220; shape=&#8220;round&#8220; icon_position=&#8220;left&#8220; icon_divider=&#8220;no&#8220; animation_direction=&#8220;static&#8220; animation_speed=&#8220;1.0&#8243; animation_offset=&#8220;bottom-in-view&#8220;]Ostara[\/fusion_button][fusion_text columns=&#8220;&#8220; column_min_width=&#8220;&#8220; column_spacing=&#8220;&#8220; rule_style=&#8220;default&#8220; rule_size=&#8220;&#8220; rule_color=&#8220;&#8220; hide_on_mobile=&#8220;small-visibility,medium-visibility,large-visibility&#8220; class=&#8220;&#8220; id=&#8220;&#8220;]<\/p>\n<p style=\"text-align: center;\">Das erste Osterfeuer des Jahres&#8230; wir treiben den Winter aus!<\/p>\n<p>[\/fusion_text][\/fusion_builder_column][fusion_builder_column type=&#8220;1_5&#8243; layout=&#8220;1_4&#8243; spacing=&#8220;&#8220; center_content=&#8220;no&#8220; hover_type=&#8220;none&#8220; link=&#8220;&#8220; min_height=&#8220;&#8220; hide_on_mobile=&#8220;small-visibility,medium-visibility,large-visibility&#8220; class=&#8220;&#8220; id=&#8220;&#8220; background_color=&#8220;&#8220; background_image=&#8220;&#8220; background_position=&#8220;left top&#8220; background_repeat=&#8220;no-repeat&#8220; border_size=&#8220;0&#8243; border_color=&#8220;&#8220; border_style=&#8220;solid&#8220; border_position=&#8220;all&#8220; padding_top=&#8220;&#8220; padding_right=&#8220;&#8220; padding_bottom=&#8220;&#8220; padding_left=&#8220;&#8220; margin_top=&#8220;&#8220; margin_bottom=&#8220;&#8220; animation_type=&#8220;&#8220; animation_direction=&#8220;left&#8220; animation_speed=&#8220;0.3&#8243; animation_offset=&#8220;&#8220; last=&#8220;no&#8220; element_content=&#8220;&#8220;][fusion_button link=&#8220;http:\/\/www.gannahall.de\/index.php\/veranstaltungen\/alls-wari-dags\/#top&#8220; title=&#8220;Alls Wari Dags&#8220; target=&#8220;_self&#8220; alignment=&#8220;center&#8220; hide_on_mobile=&#8220;small-visibility,medium-visibility,large-visibility&#8220; color=&#8220;lightgray&#8220; type=&#8220;3d&#8220; size=&#8220;small&#8220; stretch=&#8220;default&#8220; shape=&#8220;round&#8220; icon_position=&#8220;left&#8220; icon_divider=&#8220;no&#8220; animation_direction=&#8220;static&#8220; animation_speed=&#8220;1.0&#8243; animation_offset=&#8220;bottom-in-view&#8220;]Alls Wari Dags[\/fusion_button][fusion_text]<\/p>\n<p style=\"text-align: center;\">Deutschlands erster historischer Wettkampf in ger\u00fcstetem Kampfsport.<\/p>\n<p>[\/fusion_text][\/fusion_builder_column][fusion_builder_column type=&#8220;1_5&#8243; layout=&#8220;1_5&#8243; spacing=&#8220;&#8220; center_content=&#8220;no&#8220; hover_type=&#8220;none&#8220; link=&#8220;&#8220; min_height=&#8220;&#8220; hide_on_mobile=&#8220;small-visibility,medium-visibility,large-visibility&#8220; class=&#8220;&#8220; id=&#8220;&#8220; background_color=&#8220;&#8220; background_image=&#8220;&#8220; background_position=&#8220;left top&#8220; background_repeat=&#8220;no-repeat&#8220; border_size=&#8220;0&#8243; border_color=&#8220;&#8220; border_style=&#8220;solid&#8220; border_position=&#8220;all&#8220; padding_top=&#8220;&#8220; padding_right=&#8220;&#8220; padding_bottom=&#8220;&#8220; padding_left=&#8220;&#8220; margin_top=&#8220;&#8220; margin_bottom=&#8220;&#8220; animation_type=&#8220;&#8220; animation_direction=&#8220;left&#8220; animation_speed=&#8220;0.3&#8243; animation_offset=&#8220;&#8220; last=&#8220;no&#8220; element_content=&#8220;&#8220;][fusion_button link=&#8220;http:\/\/www.gannahall.de\/index.php\/veranstaltungen\/kinder-sommerfest\/#top&#8220; title=&#8220;Kinder- und Sommerfest&#8220; target=&#8220;_self&#8220; alignment=&#8220;center&#8220; hide_on_mobile=&#8220;small-visibility,medium-visibility,large-visibility&#8220; color=&#8220;lightgray&#8220; type=&#8220;3d&#8220; size=&#8220;small&#8220; stretch=&#8220;default&#8220; shape=&#8220;round&#8220; icon_position=&#8220;left&#8220; icon_divider=&#8220;no&#8220; animation_direction=&#8220;left&#8220; animation_speed=&#8220;0.3&#8243; animation_offset=&#8220;bottom-in-view&#8220;]Kinder- und Sommerfest[\/fusion_button][fusion_text]<\/p>\n<p style=\"text-align: center;\">Geschichte vermitteln durch Spa\u00df und Spiel.<\/p>\n<p>[\/fusion_text][\/fusion_builder_column][fusion_builder_column type=&#8220;1_5&#8243; layout=&#8220;1_4&#8243; spacing=&#8220;&#8220; center_content=&#8220;no&#8220; hover_type=&#8220;none&#8220; link=&#8220;&#8220; min_height=&#8220;&#8220; hide_on_mobile=&#8220;small-visibility,medium-visibility,large-visibility&#8220; class=&#8220;&#8220; id=&#8220;&#8220; background_color=&#8220;&#8220; background_image=&#8220;&#8220; background_position=&#8220;left top&#8220; background_repeat=&#8220;no-repeat&#8220; border_size=&#8220;0&#8243; border_color=&#8220;&#8220; border_style=&#8220;solid&#8220; border_position=&#8220;all&#8220; padding_top=&#8220;&#8220; padding_right=&#8220;&#8220; padding_bottom=&#8220;&#8220; padding_left=&#8220;&#8220; margin_top=&#8220;&#8220; margin_bottom=&#8220;&#8220; animation_type=&#8220;&#8220; animation_direction=&#8220;left&#8220; animation_speed=&#8220;0.3&#8243; animation_offset=&#8220;&#8220; last=&#8220;no&#8220; element_content=&#8220;&#8220;][fusion_button link=&#8220;http:\/\/www.gannahall.de\/index.php\/veranstaltungen\/erntedank\/#top&#8220; text_transform=&#8220;&#8220; title=&#8220;Gannahall-Herbstfest&#8220; target=&#8220;_self&#8220; link_attributes=&#8220;&#8220; alignment=&#8220;center&#8220; modal=&#8220;&#8220; hide_on_mobile=&#8220;small-visibility,medium-visibility,large-visibility&#8220; class=&#8220;&#8220; id=&#8220;&#8220; color=&#8220;darkgray&#8220; button_gradient_top_color=&#8220;&#8220; button_gradient_bottom_color=&#8220;&#8220; button_gradient_top_color_hover=&#8220;&#8220; button_gradient_bottom_color_hover=&#8220;&#8220; accent_color=&#8220;&#8220; accent_hover_color=&#8220;&#8220; type=&#8220;3d&#8220; bevel_color=&#8220;&#8220; border_width=&#8220;&#8220; size=&#8220;small&#8220; stretch=&#8220;default&#8220; shape=&#8220;round&#8220; icon=&#8220;&#8220; icon_position=&#8220;left&#8220; icon_divider=&#8220;no&#8220; animation_type=&#8220;&#8220; animation_direction=&#8220;left&#8220; animation_speed=&#8220;1.0&#8243; animation_offset=&#8220;bottom-in-view&#8220;]Gannahall-Herbstfest[\/fusion_button][fusion_text columns=&#8220;&#8220; column_min_width=&#8220;&#8220; column_spacing=&#8220;&#8220; rule_style=&#8220;default&#8220; rule_size=&#8220;&#8220; rule_color=&#8220;&#8220; hide_on_mobile=&#8220;small-visibility,medium-visibility,large-visibility&#8220; class=&#8220;&#8220; id=&#8220;&#8220;]<\/p>\n<p style=\"text-align: center;\">Herbstfest mit Sippentreffen &amp; hist. Handwerkermarkt<\/p>\n<p>[\/fusion_text][\/fusion_builder_column][fusion_builder_column type=&#8220;1_5&#8243; layout=&#8220;1_4&#8243; spacing=&#8220;&#8220; center_content=&#8220;no&#8220; hover_type=&#8220;none&#8220; link=&#8220;&#8220; min_height=&#8220;&#8220; hide_on_mobile=&#8220;small-visibility,medium-visibility,large-visibility&#8220; class=&#8220;&#8220; id=&#8220;&#8220; background_color=&#8220;&#8220; background_image=&#8220;&#8220; background_position=&#8220;left top&#8220; background_repeat=&#8220;no-repeat&#8220; border_size=&#8220;0&#8243; border_color=&#8220;&#8220; border_style=&#8220;solid&#8220; border_position=&#8220;all&#8220; padding_top=&#8220;&#8220; padding_right=&#8220;&#8220; padding_bottom=&#8220;&#8220; padding_left=&#8220;&#8220; margin_top=&#8220;&#8220; margin_bottom=&#8220;&#8220; animation_type=&#8220;&#8220; animation_direction=&#8220;left&#8220; animation_speed=&#8220;0.3&#8243; animation_offset=&#8220;&#8220; last=&#8220;no&#8220; element_content=&#8220;&#8220;][fusion_button link=&#8220;http:\/\/www.gannahall.de\/index.php\/veranstaltungen\/sonstige-veranstaltungen\/#top&#8220; title=&#8220;Jul&#8220; target=&#8220;_self&#8220; alignment=&#8220;center&#8220; hide_on_mobile=&#8220;small-visibility,medium-visibility,large-visibility&#8220; color=&#8220;lightgray&#8220; type=&#8220;3d&#8220; size=&#8220;small&#8220; stretch=&#8220;default&#8220; shape=&#8220;round&#8220; icon_position=&#8220;left&#8220; icon_divider=&#8220;no&#8220; animation_direction=&#8220;left&#8220; animation_speed=&#8220;1.0&#8243; animation_offset=&#8220;bottom-in-view&#8220;]Jul[\/fusion_button][fusion_text]<\/p>\n<p style=\"text-align: center;\">Zum Jahresausklang\u2026 feiern wie die Germanen.<\/p>\n<p>[\/fusion_text][\/fusion_builder_column][\/fusion_builder_row][\/fusion_builder_container][fusion_builder_container hundred_percent=&#8220;no&#8220; hundred_percent_height=&#8220;no&#8220; hundred_percent_height_scroll=&#8220;no&#8220; hundred_percent_height_center_content=&#8220;yes&#8220; equal_height_columns=&#8220;no&#8220; menu_anchor=&#8220;&#8220; hide_on_mobile=&#8220;small-visibility,medium-visibility,large-visibility&#8220; status=&#8220;published&#8220; publish_date=&#8220;&#8220; class=&#8220;&#8220; id=&#8220;&#8220; background_color=&#8220;&#8220; background_image=&#8220;&#8220; background_position=&#8220;center center&#8220; background_repeat=&#8220;no-repeat&#8220; fade=&#8220;no&#8220; background_parallax=&#8220;none&#8220; enable_mobile=&#8220;no&#8220; parallax_speed=&#8220;0.3&#8243; video_mp4=&#8220;&#8220; video_webm=&#8220;&#8220; video_ogv=&#8220;&#8220; video_url=&#8220;&#8220; video_aspect_ratio=&#8220;16:9&#8243; video_loop=&#8220;yes&#8220; video_mute=&#8220;yes&#8220; video_preview_image=&#8220;&#8220; border_size=&#8220;&#8220; border_color=&#8220;&#8220; border_style=&#8220;solid&#8220; margin_top=&#8220;&#8220; margin_bottom=&#8220;&#8220; padding_top=&#8220;&#8220; padding_right=&#8220;&#8220; padding_bottom=&#8220;&#8220; padding_left=&#8220;&#8220;][fusion_builder_row][fusion_builder_column type=&#8220;1_1&#8243; spacing=&#8220;&#8220; center_content=&#8220;no&#8220; link=&#8220;&#8220; target=&#8220;_self&#8220; min_height=&#8220;&#8220; hide_on_mobile=&#8220;small-visibility,medium-visibility,large-visibility&#8220; class=&#8220;&#8220; id=&#8220;&#8220; background_color=&#8220;&#8220; background_image=&#8220;&#8220; background_image_id=&#8220;&#8220; background_position=&#8220;left top&#8220; background_repeat=&#8220;no-repeat&#8220; hover_type=&#8220;none&#8220; border_size=&#8220;0&#8243; border_color=&#8220;&#8220; border_style=&#8220;solid&#8220; border_position=&#8220;all&#8220; padding_top=&#8220;&#8220; padding_right=&#8220;&#8220; padding_bottom=&#8220;&#8220; padding_left=&#8220;&#8220; margin_top=&#8220;&#8220; margin_bottom=&#8220;&#8220; animation_type=&#8220;&#8220; animation_direction=&#8220;left&#8220; animation_speed=&#8220;0.3&#8243; animation_offset=&#8220;&#8220; last=&#8220;no&#8220;][fusion_text columns=&#8220;&#8220; column_min_width=&#8220;&#8220; column_spacing=&#8220;&#8220; rule_style=&#8220;default&#8220; rule_size=&#8220;&#8220; rule_color=&#8220;&#8220; hide_on_mobile=&#8220;small-visibility,medium-visibility,large-visibility&#8220; class=&#8220;&#8220; id=&#8220;&#8220;]<\/p>\n<h1 style=\"text-align: center;\"><\/h1>\n<h1 style=\"text-align: center;\">01.10.-03.10.2021<br \/>\nSIPPENTREFFEN &amp; Herbstfest in Gannahall<\/h1>\n<h1 style=\"text-align: center;\"><\/h1>\n<p>[\/fusion_text][fusion_separator style_type=&#8220;default&#8220; hide_on_mobile=&#8220;small-visibility,medium-visibility,large-visibility&#8220; class=&#8220;&#8220; id=&#8220;&#8220; sep_color=&#8220;&#8220; top_margin=&#8220;&#8220; bottom_margin=&#8220;&#8220; border_size=&#8220;&#8220; icon=&#8220;&#8220; icon_circle=&#8220;&#8220; icon_circle_color=&#8220;&#8220; width=&#8220;&#8220; alignment=&#8220;center&#8220; \/][\/fusion_builder_column][\/fusion_builder_row][\/fusion_builder_container][fusion_builder_container hundred_percent=&#8220;no&#8220; equal_height_columns=&#8220;no&#8220; hide_on_mobile=&#8220;small-visibility,medium-visibility,large-visibility&#8220; background_position=&#8220;center center&#8220; background_repeat=&#8220;no-repeat&#8220; fade=&#8220;no&#8220; background_parallax=&#8220;none&#8220; parallax_speed=&#8220;0.3&#8243; video_aspect_ratio=&#8220;16:9&#8243; video_loop=&#8220;yes&#8220; video_mute=&#8220;yes&#8220; border_style=&#8220;solid&#8220;][fusion_builder_row][fusion_builder_column type=&#8220;1_1&#8243; layout=&#8220;1_1&#8243; background_position=&#8220;left top&#8220; background_color=&#8220;&#8220; border_size=&#8220;&#8220; border_color=&#8220;&#8220; border_style=&#8220;solid&#8220; border_position=&#8220;all&#8220; spacing=&#8220;yes&#8220; background_image=&#8220;&#8220; background_repeat=&#8220;no-repeat&#8220; padding_top=&#8220;&#8220; padding_right=&#8220;&#8220; padding_bottom=&#8220;&#8220; padding_left=&#8220;&#8220; margin_top=&#8220;0px&#8220; margin_bottom=&#8220;0px&#8220; class=&#8220;&#8220; id=&#8220;&#8220; animation_type=&#8220;&#8220; animation_speed=&#8220;0.3&#8243; animation_direction=&#8220;left&#8220; hide_on_mobile=&#8220;small-visibility,medium-visibility,large-visibility&#8220; center_content=&#8220;no&#8220; last=&#8220;no&#8220; min_height=&#8220;&#8220; hover_type=&#8220;none&#8220; link=&#8220;&#8220;][fusion_text columns=&#8220;&#8220; column_min_width=&#8220;&#8220; column_spacing=&#8220;&#8220; rule_style=&#8220;default&#8220; rule_size=&#8220;&#8220; rule_color=&#8220;&#8220; hide_on_mobile=&#8220;small-visibility,medium-visibility,large-visibility&#8220; class=&#8220;&#8220; id=&#8220;&#8220;]<\/p>\n<h1 style=\"text-align: left;\">Gilbhart in Gannahall &#8211; Das Herbstfest mit Sippentreffen &amp; historischem Handwerkermarkt<\/h1>\n<p>Unser Herbstfest ist eine von vier gro\u00dfen Hauptveranstaltungen, mit denen wir nicht nur unser Projekt und dessen Angebote bewerben wollen, sondern zudem auch die regionalen Veranstaltungskalender um einige kulturelle und touristische Angebote bereichert werden sollen. Weiterhin geh\u00f6ren diese Veranstaltungen zu den finanziellen St\u00fctzen des Projektes &#8222;Historisches Dorf Gannahall&#8220;.<\/p>\n<p>Aktuell arbeiten wir daran, in dieser Veranstaltung konzeptionell die noch recherchierbaren Elemente m\u00e4rkischer Erntedank-Traditionen mit anderen historischen Herbstfesttraditionen, wie dem an die Herbstjagden auf Zugv\u00f6gel angelehnten &#8222;Vogelschie\u00dfen&#8220;, dem Handwerkermarkt und \u00e4hnlichem zu verbinden.<\/p>\n<p>Durch die 2019 vorgenommene Zusammenlegung von Herbstfest und dem bis dahin in Friesack veranstalteten Sippentreffen sind wir diesem Vorhaben auch wieder ein gutes St\u00fcck n\u00e4her gekommen.<\/p>\n<p>Weiterhin werden zu diesem Termin gegebenenfalls auch die Richtfeste zu fertig gestellten Grundkonstruktionen der historischen H\u00e4user gefeiert werden.<\/p>\n<p>Langfristig wollen wir versuchen, dieses historische Thema mit dem Thema der \u00f6kologisch-nachhaltigen Landwirtschaft zu verbinden, also zuk\u00fcnftig beispielsweise auch regionalen Kleing\u00e4rtner und Biobauern, sowie thematisch passenden Vereinen, unmittelbar nach dieser Veranstaltung auf unserem Gel\u00e4nde ein Podium zu verschaffen und somit gleichsam eine Br\u00fccke zu schlagen zwischen unseren historischen Vorfahren, den ersten Ackerbauern und Viehz\u00fcchtern in der damaligen Semnonenmark, zu den m\u00e4rkischen Ackerb\u00fcrgern und \u2013Bauern von heute.<br \/>\nSchauen wir was die Zukunft bringt. \ud83d\ude09<\/p>\n<p>Bilder vergangener Herbstfeste und anderer Veranstaltungen finden Sie in unserer <strong><a href=\"http:\/\/www.gannahall.de\/index.php\/galerie\/veranstaltungen\/\">Veranstaltungsgalerie<\/a><\/strong>.<\/p>\n<p style=\"text-align: center;\">&#8230;<\/p>\n<p>[\/fusion_text][fusion_imageframe image_id=&#8220;15997|large&#8220; max_width=&#8220;&#8220; style_type=&#8220;glow&#8220; blur=&#8220;&#8220; stylecolor=&#8220;&#8220; hover_type=&#8220;none&#8220; bordersize=&#8220;3&#8243; bordercolor=&#8220;#e8e8e8&#8243; borderradius=&#8220;&#8220; align=&#8220;center&#8220; lightbox=&#8220;no&#8220; gallery_id=&#8220;&#8220; lightbox_image=&#8220;&#8220; lightbox_image_id=&#8220;&#8220; alt=&#8220;&#8220; link=&#8220;http:\/\/www.obscuraphotos.de&#8220; linktarget=&#8220;_self&#8220; hide_on_mobile=&#8220;small-visibility,medium-visibility,large-visibility&#8220; class=&#8220;&#8220; id=&#8220;&#8220; animation_type=&#8220;&#8220; animation_direction=&#8220;left&#8220; animation_speed=&#8220;0.3&#8243; animation_offset=&#8220;&#8220;]http:\/\/www.gannahall.de\/wp-content\/uploads\/2019\/11\/Sippentreffen2019-Obscuraphotos-3-683&#215;1024.jpg[\/fusion_imageframe][fusion_text columns=&#8220;&#8220; column_min_width=&#8220;&#8220; column_spacing=&#8220;&#8220; rule_style=&#8220;default&#8220; rule_size=&#8220;&#8220; rule_color=&#8220;&#8220; hide_on_mobile=&#8220;small-visibility,medium-visibility,large-visibility&#8220; class=&#8220;&#8220; id=&#8220;&#8220;]<\/p>\n<h1 style=\"text-align: center;\">Herbstfest &amp; Sippentreffen 2019 &#8211; Ein R\u00fcckblick<\/h1>\n<p>Nun ist die Veranstaltung gerade mal eine Woche her und die schiere Menge an Bildmaterial und Feedbacks, die alle (!) positiv bis begeistert ausfielen, macht es mir jetzt schon m\u00f6glich, diesen R\u00fcckblick zu verfassen, ohne dabei auf Eure wertgesch\u00e4tzten Meinungen und Eindr\u00fccke verzichten zu m\u00fcssen. Verglichen mit dem Input nach Veranstaltungen wie AWD ist das geradezu rekordverd\u00e4chtig.<\/p>\n<p>Doch bevor ich fortfahre, m\u00f6chte im Namen des Semnonenbund e.V. allen Beteiligten, egal ob aktiv Mitgestaltende oder \u201enur\u201c Teilnehmer, f\u00fcr dieses rundherum gelungene und sch\u00f6ne Fest danken, dass all unsere Erwartungen \u00fcbertroffen hat und f\u00fcr welches wir r\u00fcckblickend gern unsere urspr\u00fcngliche Herbstfest-Konzeption \u00fcber Bord geworfen haben \u2026 DAS war es auf jeden Fall wert!<br \/>\nDasselbe gilt nat\u00fcrlich f\u00fcr die eben erw\u00e4hnten gastgebenden Semnonen und das sie umgebende erweiterte Feld der aktiven Gannahall-Unterst\u00fctzer, die an Planung, Orga und Umsetzung beteiligt waren! &lt;3 &lt;3 &lt;3<br \/>\nIch bitte um Nachsicht, wenn ich darauf verzichte, alle die es zweifellos verdient h\u00e4tten namentlich zu erw\u00e4hnen, aber dies w\u00fcrde einfach den Rahmen sprengen.<\/p>\n<p>Zur\u00fcck zu Euren Eindr\u00fccken und all der durchweg positiven Resonanz. So etwas hat Seltenheitswert und geht uns nat\u00fcrlich runter wie kaltes Bier mit einem Schuss Met!<br \/>\nIch war in meinem Leben schon an vielen Veranstaltungen beteiligt und seien wir ehrlich, irgendeiner hat doch im Nachhinein immer was zu meckern \u2026 diesmal nicht, sieht man von interner Kritik der Veranstalter untereinander und an sich selbst einmal ab.<\/p>\n<p>Nicht einmal die G\u00e4ste, die am Sonntag nach dem morgendlichen Mini-Unwetter nicht viel mehr als ein allgemeines Abbau- und Aufbruchsszenario vorfanden, beschwerten sich, sondern begn\u00fcgten sich fast dankbar mit dem, was ihnen noch angeboten werden konnte.<br \/>\nKurzum, gute Laune auf allen Seiten und im Nachgang erstmalig auch Kommentare und Zusendungen, die \u00fcber ein \u201eGeiles Ding, weiter so!\u201c deutlich hinausgingen.<br \/>\nEin sch\u00f6nes Beispiel ist der Beitrag eines Teilnehmers mit den Turnierbeschreibungen f\u00fcr \u201a2 vs. 2\u2018 und das \u201aVogelschie\u00dfen\u201c, die ich direkt so \u00fcbernehmen und gleich im Anschluss an meinen Text einf\u00fcgen werde.<\/p>\n<p>[\/fusion_text][fusion_imageframe image_id=&#8220;16085|medium&#8220; max_width=&#8220;&#8220; style_type=&#8220;glow&#8220; blur=&#8220;&#8220; stylecolor=&#8220;&#8220; hover_type=&#8220;none&#8220; bordersize=&#8220;3&#8243; bordercolor=&#8220;#e0e0e0&#8243; borderradius=&#8220;&#8220; align=&#8220;center&#8220; lightbox=&#8220;no&#8220; gallery_id=&#8220;&#8220; lightbox_image=&#8220;&#8220; lightbox_image_id=&#8220;&#8220; alt=&#8220;&#8220; link=&#8220;&#8220; linktarget=&#8220;_self&#8220; hide_on_mobile=&#8220;small-visibility,medium-visibility,large-visibility&#8220; class=&#8220;&#8220; id=&#8220;&#8220; animation_type=&#8220;&#8220; animation_direction=&#8220;left&#8220; animation_speed=&#8220;0.3&#8243; animation_offset=&#8220;&#8220;]http:\/\/www.gannahall.de\/wp-content\/uploads\/2019\/11\/Sippentreffen2019-Silvia_Passow-1-300&#215;225.jpg[\/fusion_imageframe][fusion_text columns=&#8220;&#8220; column_min_width=&#8220;&#8220; column_spacing=&#8220;&#8220; rule_style=&#8220;default&#8220; rule_size=&#8220;&#8220; rule_color=&#8220;&#8220; hide_on_mobile=&#8220;small-visibility,medium-visibility,large-visibility&#8220; class=&#8220;&#8220; id=&#8220;&#8220;]<\/p>\n<p>Dieser Umstand ist f\u00fcr mich \u00fcbrigens doppelt g\u00fcnstig, weil ich nicht nur Zeit spare, sondern zudem von Beidem kaum etwas bis gar nichts mitbekommen habe, denn eine typische Eigenschaft von Debut-Veranstaltungen ist die, dass hinter den Kulissen gef\u00fchlt nichts l\u00e4uft wie geplant und auch die K\u00f6pfe des Ganzen im Verlauf irgendwann zu deren H\u00e4nden und flinken F\u00fc\u00dfen werden.<br \/>\nDies ist auch der Grund f\u00fcr den ein oder anderen Ausfall und diverse Improvisationen im urspr\u00fcnglich geplanten Ablauf. So blieben leider so gut alle f\u00fcr das Thing gesammelten Punkte und Themen unbesprochen, weil selbiges Thing n\u00e4mlich, zusammen mit meiner Person aus organisatorischen Gr\u00fcnden kurzfristig ausfiel, wof\u00fcr ich mich an dieser Stelle noch einmal entschuldigen m\u00f6chte. ?<br \/>\nSomit entfiel unter anderem auch die Abstimmung, eine eventuelle Vorverlegung des Sippentreffen-Termins 2020 betreffend.<\/p>\n<p>Leider konnte ich aufgrund akuten Zeitmangels weder am \u201e2 vs. 2 \u2013 Spiel\u201c teilnehmen, noch dieses \u00fcberhaupt zufriedenstellend verfolgen, womit ich folglich auch den Sieg meines Tiuteiva-Kampfgef\u00e4hrten im Team mit Mike von der Havelsippe verpasste, was ich beides im Nachhinein schon etwas bedauere.<br \/>\nGl\u00fccklicherweise bekam ich am Sonntag zumindest noch das Finale des \u201eVogelschie\u00dfens\u201c mit und war schwer beeindruckt von den F\u00e4higkeiten der Bogensch\u00fctzen. Zwar kam die Idee zur Aufnahme dieses uralten Herbstjagd-Themas von mir, jedoch hatte ich an einen sitzenden Vogel-Dummy gedacht und angesichts des nahezu lebensecht im Wind flatternden Vogels erkannte ich, dass mein Bogen derweil im Zelt ganz gut aufgehoben war.<\/p>\n<p>[\/fusion_text][fusion_imageframe image_id=&#8220;16141|medium&#8220; max_width=&#8220;&#8220; style_type=&#8220;glow&#8220; blur=&#8220;&#8220; stylecolor=&#8220;&#8220; hover_type=&#8220;none&#8220; bordersize=&#8220;3&#8243; bordercolor=&#8220;#e2e2e2&#8243; borderradius=&#8220;&#8220; align=&#8220;center&#8220; lightbox=&#8220;no&#8220; gallery_id=&#8220;&#8220; lightbox_image=&#8220;&#8220; lightbox_image_id=&#8220;&#8220; alt=&#8220;&#8220; link=&#8220;https:\/\/www.facebook.com\/Lichtmaler.gornandt&#8220; linktarget=&#8220;_self&#8220; hide_on_mobile=&#8220;small-visibility,medium-visibility,large-visibility&#8220; class=&#8220;&#8220; id=&#8220;&#8220; animation_type=&#8220;&#8220; animation_direction=&#8220;left&#8220; animation_speed=&#8220;0.3&#8243; animation_offset=&#8220;&#8220;]http:\/\/www.gannahall.de\/wp-content\/uploads\/2019\/11\/Sippentreffen2019-Bogen-J\u00f6rgG\u00f6rnandt-1-min-200&#215;300.jpg[\/fusion_imageframe][fusion_text columns=&#8220;&#8220; column_min_width=&#8220;&#8220; column_spacing=&#8220;&#8220; rule_style=&#8220;default&#8220; rule_size=&#8220;&#8220; rule_color=&#8220;&#8220; hide_on_mobile=&#8220;small-visibility,medium-visibility,large-visibility&#8220; class=&#8220;&#8220; id=&#8220;&#8220;]<\/p>\n<p>Generell ist mir viel entgangen von dem viel zitierten Flair und dem Treiben bei Tageslicht, denn meine Zeit kam erst nach Einbruch der Dunkelheit, beim Musizieren und kollektiven Trinken am Feuer \u2026 aber wof\u00fcr brauche ich Details, wo ich doch Eure Eindr\u00fccke und vor allem diese vielen unglaublich sch\u00f6nen Bilder verschiedenster Fotografen habe.<\/p>\n<p>Bisher sammelte ich nach Veranstaltungen umst\u00e4ndlich Bildmaterial aus Einsendungen und aus dem Netz, in unterschiedlichsten Qualit\u00e4ten und Gr\u00f6\u00dfen, archivierte, bearbeitete und ordnete diese nach Themen, um sie dann in die Galerien zu setzen. Extrem nervig, zeitraubend und anstrengend bis zu Sehnenscheidenentz\u00fcndung im \u201eMausarm\u201c\u2026ein Job \u201ef\u00fcr Jemanden, der Vater und Mutter erschlagen hat\u201c, wie man bei uns so sch\u00f6n sagt.<br \/>\nDiesmal hatte ich kaum Aufwand mit den Bildern, sie flatterten fast wie von selbst ins Haus, was von mir aus jetzt immer so sein kann. \u261d\ufe0f??<br \/>\nUnd es waren gleich mehrere Fotoserien, qualitativ hochwertig und zum Teil derart umfangreich, dass ich mich gezwungen sah diese f\u00fcr unsere Zwecke zu k\u00fcrzen. Aus diesem Grund werde ich die Galerien auf der HP dieses mal auch nicht wie gewohnt thematisch anordnen, sondern nach Fotografen, aber dies sei nur am Rande erw\u00e4hnt.<\/p>\n<p>Hier an dieser Stelle werde ich aus jeder Serie lediglich ein Bild pr\u00e4sentieren. Alle Serien, sowie das Sammelsurium aus Zusendungen und Netzfundst\u00fccken k\u00f6nnt Ihr Euch <strong><a href=\"http:\/\/www.gannahall.de\/index.php\/galerie\/veranstaltungen\/\">HIER<\/a><\/strong> ansehen.<\/p>\n<p>[\/fusion_text][fusion_imageframe image_id=&#8220;16066|medium&#8220; max_width=&#8220;&#8220; style_type=&#8220;glow&#8220; blur=&#8220;&#8220; stylecolor=&#8220;&#8220; hover_type=&#8220;none&#8220; bordersize=&#8220;3&#8243; bordercolor=&#8220;#d3d3d3&#8243; borderradius=&#8220;&#8220; align=&#8220;center&#8220; lightbox=&#8220;no&#8220; gallery_id=&#8220;&#8220; lightbox_image=&#8220;&#8220; lightbox_image_id=&#8220;&#8220; alt=&#8220;&#8220; link=&#8220;http:\/\/www.gannahall.de\/index.php\/galerie\/veranstaltungen\/&#8220; linktarget=&#8220;_self&#8220; hide_on_mobile=&#8220;small-visibility,medium-visibility,large-visibility&#8220; class=&#8220;&#8220; id=&#8220;&#8220; animation_type=&#8220;&#8220; animation_direction=&#8220;left&#8220; animation_speed=&#8220;0.3&#8243; animation_offset=&#8220;&#8220;]http:\/\/www.gannahall.de\/wp-content\/uploads\/2019\/11\/Sippentreffen2019-Sammelsurium-14-300&#215;227.jpg[\/fusion_imageframe][fusion_text columns=&#8220;&#8220; column_min_width=&#8220;&#8220; column_spacing=&#8220;&#8220; rule_style=&#8220;default&#8220; rule_size=&#8220;&#8220; rule_color=&#8220;&#8220; hide_on_mobile=&#8220;small-visibility,medium-visibility,large-visibility&#8220; class=&#8220;&#8220; id=&#8220;&#8220;]<\/p>\n<p>Zur\u00fcck zu meinen pers\u00f6nlichen Highlights, zu denen sicherlich der von Euch aufgestellte Weltrekord im Hochgeschwindigkeits-Wildschweinessen am Freitagabend z\u00e4hlt. Wie im Zeitraffer verwandelten sich 60 kg Schwein innerhalb weniger Minuten in ein Skelett\u2026so etwas bekommt man sonst nur in diversen Dokus \u00fcber Piranhas zu sehen. Bedauerlich, dass dieser Vorgang nicht notariell dokumentiert wurde, ein Eintrag ins Guinness-Buch w\u00e4re uns sicher gewesen! ?<br \/>\nIch hatte nat\u00fcrlich derweil zu tun und bef\u00fcrchtete schon nichts mehr abzubekommen, aber Sedat muss meinen verzweifelten Blick bemerkt haben und rettete mir einen Vorderlauf. Danke daf\u00fcr! ?<\/p>\n<p>Pers\u00f6nlich gefreut habe ich mich, neben den zahlreichen Gastgeschenken in Form selbst hergestellter alkoholischer Getr\u00e4nke, \u00fcber das Zustandekommen einer gro\u00dfen gemeinsamen Tafel, die mich nostalgisch an \u201ealte Zeiten\u201c denken lie\u00df.<\/p>\n<p>Ich bemerke gerade, dass ich schon wieder viel zu viel schreibe und verabschiede mich mit der angek\u00fcndigten Turnierbeschreibung eines Wettkampfteilnehmers:<\/p>\n<p>[\/fusion_text][fusion_text columns=&#8220;&#8220; column_min_width=&#8220;&#8220; column_spacing=&#8220;&#8220; rule_style=&#8220;default&#8220; rule_size=&#8220;&#8220; rule_color=&#8220;&#8220; hide_on_mobile=&#8220;small-visibility,medium-visibility,large-visibility&#8220; class=&#8220;&#8220; id=&#8220;&#8220;]<\/p>\n<p>?<br \/>\n\u201e2 vs. 2<br \/>\nDies ist ein neuer, durch unseren Freund Axel (Schwarzw\u00f6lfe) ins Leben gerufene Turniermodus, welcher beim Gannahall-Sippentreffen erstmals erprobt wurde.<br \/>\n36 Teilnehmer meldeten sich \u201ejust for fun\u201c f\u00fcr diesen Spa\u00df an, der, urspr\u00fcnglich f\u00fcr die Br\u00fccke geplant, kurzfristig in den Alls Wari Dags-Wettkampfring verlegt wurde und allen Beteiligten offensichtlich viel Freude bereitete.<br \/>\nGek\u00e4mpft wurde nach Havelstil mit Kopf und jeder Akteur hatte drei Lebenspunkte.<br \/>\nEine der Herausforderungen war es, dass niemand vorher wusste mit welchem Partner er in den Ring steigen durfte. So ergab die Auslosung so manch spannende Paarung.<br \/>\nIm ersten Durchgang wurde es gleich ernst, im KO-Modus traten die Kombattanten gegen einander an und die neun sich durchsetzenden Teams wurden danach in Dreiergruppen gelost, aus denen nur der Sieger in den Endausscheid kam. Bei den letzten drei Kampfgruppen handelte es sich um: Ralf und Jan (beide Bjornheimar) &#8211; die Einzigen, die das Gl\u00fcck hatten aus der gleichen Sippe zu stammen und aufeinander eingespielt zu sein &#8211; , dann Friedel (Warnow W\u00f6lfe) mit Ulli (Freystatt), sowie Sven (Tiuteiva, aka F\u00f6nich, aka Herr Lorek \/ Anm. Red.) und Egill (Mike) von der Havelsippe.<br \/>\nNachdem jeder gegen jeden die Klingen kreuzte standen die Platzierungen fest:<br \/>\nPlatz 3 f\u00fcr Jan und Ralf<br \/>\nPlatz 2 ging an Friedel und Ulli<br \/>\nPlatz 1 erstritten sich Sven und Mike, die beiden \u201eFr\u00fchergeborenen\u201c haben also das \u00fcberwiegend junge Teilnehmerfeld der \u201eWork Life Balance-Generation\u201c auf die Pl\u00e4tze verwiesen.<br \/>\nGl\u00fcckwunsch an die drei Gewinnerteams. Fazit, ein wirklich spannender und vor allem ergebnisoffener Modus, der noch weitere Verfeinerungen erleben d\u00fcrfte.<\/p>\n<p>[\/fusion_text][fusion_imageframe image_id=&#8220;16176|medium&#8220; max_width=&#8220;&#8220; style_type=&#8220;glow&#8220; blur=&#8220;&#8220; stylecolor=&#8220;&#8220; hover_type=&#8220;none&#8220; bordersize=&#8220;3&#8243; bordercolor=&#8220;#d1d1d1&#8243; borderradius=&#8220;&#8220; align=&#8220;center&#8220; lightbox=&#8220;no&#8220; gallery_id=&#8220;&#8220; lightbox_image=&#8220;&#8220; lightbox_image_id=&#8220;&#8220; alt=&#8220;&#8220; link=&#8220;https:\/\/www.facebook.com\/Lichtmaler.gornandt&#8220; linktarget=&#8220;_self&#8220; hide_on_mobile=&#8220;small-visibility,medium-visibility,large-visibility&#8220; class=&#8220;&#8220; id=&#8220;&#8220; animation_type=&#8220;&#8220; animation_direction=&#8220;left&#8220; animation_speed=&#8220;0.3&#8243; animation_offset=&#8220;&#8220;]http:\/\/www.gannahall.de\/wp-content\/uploads\/2019\/11\/Sippentreffen2019-J\u00f6rgG\u00f6rnandt-20-min-300&#215;200.jpg[\/fusion_imageframe][fusion_text columns=&#8220;&#8220; column_min_width=&#8220;&#8220; column_spacing=&#8220;&#8220; rule_style=&#8220;default&#8220; rule_size=&#8220;&#8220; rule_color=&#8220;&#8220; hide_on_mobile=&#8220;small-visibility,medium-visibility,large-visibility&#8220; class=&#8220;&#8220; id=&#8220;&#8220;]<\/p>\n<p>Das Vogelschie\u00dfen<br \/>\nNach den katastrophalen Regen- und vor allem Windspielen des Sonntagvormittags haben sich einige Gruppen aufgrund verschiedener Sch\u00e4den an Ausr\u00fcstung und Material schon zeitig an den Abbau und auf die Heimreise gemacht.<br \/>\nSechs Tarps und ein Zelt (es waren drei \/ Anm. Red.) haben die teilweise recht kr\u00e4ftigen B\u00f6en und den zwischendurch kurzzeitig heftigen Regen gegen Morgen nicht \u00fcberstanden. Daraus resultierte, dass zum geplanten Bogenturnier leider nicht mehr allzu viele Teilnehmer antraten.<br \/>\nInsgesamt 13 Sch\u00fctzen wollten jedoch den Vogel vom Himmel holen.<br \/>\nGeschossen wurde auf einen in 5 Meter H\u00f6he im Wind schwebenden M\u00e4usebussard, f\u00fcr eventuell mitlesende hauptberufliche Bedenkentr\u00e4ger, der war aus Gummi. Die Entfernung zum Ziel betrug 15 Meter. Das h\u00f6rt sich nicht viel an, sollte jedoch tats\u00e4chlich eine Herausforderung f\u00fcr die ambitionierte Schar darstellen.<br \/>\nIn 3 Durchg\u00e4ngen bei denen je drei Pfeile verschossen werden durften konnten alle Sch\u00fctzen wenigsten einen Treffer verbuchen. Der Viertplatzierte Ralf (Bjornheimar) kam auf 2 Treffer und mit 3 Treffern holte Laura, ebenfalls von den Bjornheimarn, den 3. Platz. Der Zweitplatzierte, Amon, konnte viermal jubeln und der erste Platz ging an Egill von der Havelsippe, der mit f\u00fcnf Treffern den Vogel (sowohl sprichw\u00f6rtlich, als auch buchst\u00e4blich! \/ Anm. Red.) abschoss.<br \/>\nFazit, es hat allen Spa\u00df gemacht, die Idee von El Chaotico (damit bin dann wohl ich gemeint \/ Anm. Red.) auf ein Ziel in der Luft anzulegen war super und mit Sicherheit werden wir im n\u00e4chsten Jahr noch mehr Unverzagte f\u00fcr diesen Wettstreit gewinnen k\u00f6nnen. Auch hier, Gl\u00fcckwunsch an die drei Gewinner\u2026\u201c<\/p>\n<p>[\/fusion_text][fusion_imageframe image_id=&#8220;16155|medium&#8220; max_width=&#8220;&#8220; style_type=&#8220;glow&#8220; blur=&#8220;&#8220; stylecolor=&#8220;&#8220; hover_type=&#8220;none&#8220; bordersize=&#8220;3&#8243; bordercolor=&#8220;#cccccc&#8220; borderradius=&#8220;&#8220; align=&#8220;center&#8220; lightbox=&#8220;no&#8220; gallery_id=&#8220;&#8220; lightbox_image=&#8220;&#8220; lightbox_image_id=&#8220;&#8220; alt=&#8220;&#8220; link=&#8220;https:\/\/www.facebook.com\/Lichtmaler.gornandt&#8220; linktarget=&#8220;_self&#8220; hide_on_mobile=&#8220;small-visibility,medium-visibility,large-visibility&#8220; class=&#8220;&#8220; id=&#8220;&#8220; animation_type=&#8220;&#8220; animation_direction=&#8220;left&#8220; animation_speed=&#8220;0.3&#8243; animation_offset=&#8220;&#8220;]http:\/\/www.gannahall.de\/wp-content\/uploads\/2019\/11\/Sippentreffen2019-Bogen-J\u00f6rgG\u00f6rnandt-15-min-300&#215;200.jpg[\/fusion_imageframe][fusion_text columns=&#8220;&#8220; column_min_width=&#8220;&#8220; column_spacing=&#8220;&#8220; rule_style=&#8220;default&#8220; rule_size=&#8220;&#8220; rule_color=&#8220;&#8220; hide_on_mobile=&#8220;small-visibility,medium-visibility,large-visibility&#8220; class=&#8220;&#8220; id=&#8220;&#8220;]<\/p>\n<p>Das wars f\u00fcrs erste.<\/p>\n<p>VIELEN DANK! Wir freuen uns darauf, Euch alle sp\u00e4testens in einem Jahr wieder bei uns begr\u00fc\u00dfen zu d\u00fcrfen! Habt eine sch\u00f6ne Zeit bis dahin. \u270c\ufe0f?<\/p>\n<p>El Rico<\/p>\n<p>PS: Wenn Ihr Zeit, Lust und keinen allzu weiten Weg habt, dann feiert mit uns am 21.12. in die heilige Zeit hinein.<br \/>\nPPS: Die Sportfraktion kann sich f\u00fcr die AWD-Wettk\u00e4mpfe 2020 \u00fcbrigens wieder auf das erste Maiwochenende festlegen, die Terminverschiebung in 2019 war eine Ausnahme.<\/p>\n<p>[\/fusion_text][fusion_text columns=&#8220;&#8220; column_min_width=&#8220;&#8220; column_spacing=&#8220;&#8220; rule_style=&#8220;default&#8220; rule_size=&#8220;&#8220; rule_color=&#8220;&#8220; hide_on_mobile=&#8220;small-visibility,medium-visibility,large-visibility&#8220; class=&#8220;&#8220; id=&#8220;&#8220;]<\/p>\n<h1 style=\"text-align: center;\">&#8230;<\/h1>\n<p>[\/fusion_text][fusion_text columns=&#8220;&#8220; column_min_width=&#8220;&#8220; column_spacing=&#8220;&#8220; rule_style=&#8220;default&#8220; rule_size=&#8220;&#8220; rule_color=&#8220;&#8220; hide_on_mobile=&#8220;small-visibility,medium-visibility,large-visibility&#8220; class=&#8220;&#8220; id=&#8220;&#8220;]<\/p>\n<h1 style=\"text-align: center;\">.<\/h1>\n<h1 style=\"text-align: center;\">ACHTUNG: Aus organisatorischen Gr\u00fcnden verlegen wir unser Herbstfest auf das Wochenende vom 26.-27.10.2019&#8230;!<\/h1>\n<h2 style=\"text-align: center;\"><a href=\"http:\/\/www.gannahall.de\/index.php\/veranstaltungen\/erntedank\/\">N\u00e4here Informationen finden Sie in K\u00fcrze hier.<\/a><\/h2>\n<p>[\/fusion_text][fusion_imageframe image_id=&#8220;15965|large&#8220; max_width=&#8220;&#8220; style_type=&#8220;glow&#8220; blur=&#8220;&#8220; stylecolor=&#8220;&#8220; hover_type=&#8220;none&#8220; bordersize=&#8220;&#8220; bordercolor=&#8220;&#8220; borderradius=&#8220;&#8220; align=&#8220;center&#8220; lightbox=&#8220;no&#8220; gallery_id=&#8220;&#8220; lightbox_image=&#8220;&#8220; lightbox_image_id=&#8220;&#8220; alt=&#8220;&#8220; link=&#8220;&#8220; linktarget=&#8220;_self&#8220; hide_on_mobile=&#8220;small-visibility,medium-visibility,large-visibility&#8220; class=&#8220;&#8220; id=&#8220;&#8220; animation_type=&#8220;&#8220; animation_direction=&#8220;left&#8220; animation_speed=&#8220;0.3&#8243; animation_offset=&#8220;&#8220;]http:\/\/www.gannahall.de\/wp-content\/uploads\/2019\/07\/GANNAHALL-VeranstaltungsKalender19-734&#215;1024.jpg[\/fusion_imageframe][fusion_imageframe image_id=&#8220;13019&#8243; style_type=&#8220;none&#8220; hover_type=&#8220;none&#8220; align=&#8220;center&#8220; lightbox=&#8220;no&#8220; linktarget=&#8220;_self&#8220; hide_on_mobile=&#8220;small-visibility,medium-visibility,large-visibility&#8220; animation_direction=&#8220;left&#8220; animation_speed=&#8220;0.3&#8243;]http:\/\/www.gannahall.de\/wp-content\/uploads\/2017\/06\/A6_rueckseite_flyer2017herbstfest-e1497172842835.jpg[\/fusion_imageframe][fusion_text columns=&#8220;&#8220; column_min_width=&#8220;&#8220; column_spacing=&#8220;&#8220; rule_style=&#8220;default&#8220; rule_size=&#8220;&#8220; rule_color=&#8220;&#8220; hide_on_mobile=&#8220;small-visibility,medium-visibility,large-visibility&#8220; class=&#8220;&#8220; id=&#8220;&#8220;]<\/p>\n<p>Leider musste unser Herbstfest in den letzten beiden Jahren abgesagt werden.<\/p>\n<p>2017 war das Gel\u00e4nde ganzj\u00e4hrig \u00fcberflutet und 2018 machten die daraufhin vorgenommenen Erdarbeiten zur Anhebung des Gel\u00e4ndes die Veranstaltung unm\u00f6glich. Wir bitten diesbez\u00fcglich um Verst\u00e4ndnis.<\/p>\n<p>[\/fusion_text][\/fusion_builder_column][\/fusion_builder_row][\/fusion_builder_container]<\/p>\n","protected":false},"excerpt":{"rendered":"<p>[fusion_builder_container hundred_percent=&#8220;no&#8220; equal_height_columns=&#8220;no&#8220; hide_on_mobile=&#8220;small-visibility,medium-visibility,large-visibility&#8220; background_position=&#8220;center center&#8220; background_repeat=&#8220;no-repeat&#8220; fade=&#8220;no&#8220; background_parallax=&#8220;none&#8220; enable_mobile=&#8220;no&#8220; parallax_speed=&#8220;0.3&#8243; video_aspect_ratio=&#8220;16:9&#8243; video_loop=&#8220;yes&#8220; video_mute=&#8220;yes&#8220; border_style=&#8220;solid&#8220; padding_top=&#8220;20px&#8220; padding_bottom=&#8220;20px&#8220;][fusion_builder_row][fusion_builder_column type=&#8220;1_1&#8243; layout=&#8220;1_1&#8243; spacing=&#8220;&#8220; center_content=&#8220;no&#8220; hover_type=&#8220;none&#8220; link=&#8220;&#8220; min_height=&#8220;&#8220; hide_on_mobile=&#8220;small-visibility,medium-visibility,large-visibility&#8220; class=&#8220;&#8220; id=&#8220;&#8220; background_color=&#8220;&#8220; background_image=&#8220;&#8220; background_position=&#8220;left top&#8220; background_repeat=&#8220;no-repeat&#8220; border_size=&#8220;0&#8243; border_color=&#8220;&#8220; border_style=&#8220;solid&#8220; border_position=&#8220;all&#8220; padding_top=&#8220;&#8220; padding_right=&#8220;&#8220; padding_bottom=&#8220;&#8220; padding_left=&#8220;&#8220; margin_top=&#8220;&#8220; margin_bottom=&#8220;&#8220; animation_type=&#8220;&#8220; animation_direction=&#8220;left&#8220; animation_speed=&#8220;0.3&#8243; animation_offset=&#8220;&#8220; last=&#8220;no&#8220;][fusion_code]Jmx0O2EgaWQ9JnF1b3Q7dG9wJnF1b3Q7Jmd0OyZsdDsvYSZndDs=[\/fusion_code][fusion_title hide_on_mobile=&#8220;small-visibility,medium-visibility,large-visibility&#8220; class=&#8220;&#8220; id=&#8220;&#8220; content_align=&#8220;left&#8220; size=&#8220;1&#8243; font_size=&#8220;&#8220; line_height=&#8220;&#8220; letter_spacing=&#8220;&#8220; margin_top=&#8220;&#8220; margin_bottom=&#8220;&#8220; text_color=&#8220;&#8220; style_type=&#8220;default&#8220; sep_color=&#8220;&#8220;] Gilbhart in Gannahall Herbstfest mit Sippentreffen &amp; historischem Handwerkermarkt [\/fusion_title][fusion_imageframe image_id=&#8220;12568&#8243; style_type=&#8220;none&#8220; hover_type=&#8220;none&#8220; align=&#8220;center&#8220; lightbox=&#8220;no&#8220; linktarget=&#8220;_self&#8220; hide_on_mobile=&#8220;small-visibility,medium-visibility,large-visibility&#8220; animation_direction=&#8220;left&#8220; animation_speed=&#8220;0.3&#8243;]http:\/\/www.gannahall.de\/wp-content\/uploads\/2017\/03\/Banner-Veranstaltungen_vy.jpg[\/fusion_imageframe][\/fusion_builder_column][\/fusion_builder_row][\/fusion_builder_container][fusion_builder_container admin_label=&#8220;Link Liste&#8220; hundred_percent=&#8220;no&#8220; equal_height_columns=&#8220;no&#8220; hide_on_mobile=&#8220;large-visibility&#8220; background_position=&#8220;center center&#8220; background_repeat=&#8220;no-repeat&#8220; fade=&#8220;no&#8220; background_parallax=&#8220;none&#8220; enable_mobile=&#8220;no&#8220; parallax_speed=&#8220;0.3&#8243; video_aspect_ratio=&#8220;16:9&#8243; video_loop=&#8220;yes&#8220; video_mute=&#8220;yes&#8220; border_style=&#8220;solid&#8220; padding_top=&#8220;20px&#8220; padding_bottom=&#8220;20px&#8220;][fusion_builder_row][fusion_builder_column type=&#8220;1_5&#8243; layout=&#8220;1_4&#8243; spacing=&#8220;&#8220; [&hellip;]<\/p>\n","protected":false},"author":1,"featured_media":0,"parent":12084,"menu_order":0,"comment_status":"closed","ping_status":"closed","template":"","meta":[],"_links":{"self":[{"href":"http:\/\/www.tiuwari.de\/index.php\/wp-json\/wp\/v2\/pages\/12092"}],"collection":[{"href":"http:\/\/www.tiuwari.de\/index.php\/wp-json\/wp\/v2\/pages"}],"about":[{"href":"http:\/\/www.tiuwari.de\/index.php\/wp-json\/wp\/v2\/types\/page"}],"author":[{"embeddable":true,"href":"http:\/\/www.tiuwari.de\/index.php\/wp-json\/wp\/v2\/users\/1"}],"replies":[{"embeddable":true,"href":"http:\/\/www.tiuwari.de\/index.php\/wp-json\/wp\/v2\/comments?post=12092"}],"version-history":[{"count":50,"href":"http:\/\/www.tiuwari.de\/index.php\/wp-json\/wp\/v2\/pages\/12092\/revisions"}],"predecessor-version":[{"id":17076,"href":"http:\/\/www.tiuwari.de\/index.php\/wp-json\/wp\/v2\/pages\/12092\/revisions\/17076"}],"up":[{"embeddable":true,"href":"http:\/\/www.tiuwari.de\/index.php\/wp-json\/wp\/v2\/pages\/12084"}],"wp:attachment":[{"href":"http:\/\/www.tiuwari.de\/index.php\/wp-json\/wp\/v2\/media?parent=12092"}],"curies":[{"name":"wp","href":"https:\/\/api.w.org\/{rel}","templated":true}]}}