{"id":12064,"date":"2017-03-15T14:49:31","date_gmt":"2017-03-15T13:49:31","guid":{"rendered":"http:\/\/test.semnonenbund.de\/?page_id=12064"},"modified":"2017-05-25T14:01:20","modified_gmt":"2017-05-25T13:01:20","slug":"betrieb-bedeutung","status":"publish","type":"page","link":"http:\/\/www.tiuwari.de\/index.php\/gannahall\/betrieb-bedeutung\/","title":{"rendered":"Betrieb &#038; Bedeutung"},"content":{"rendered":"<p>[fusion_builder_container hundred_percent=&#8220;no&#8220; equal_height_columns=&#8220;no&#8220; hide_on_mobile=&#8220;small-visibility,medium-visibility,large-visibility&#8220; background_position=&#8220;center center&#8220; background_repeat=&#8220;no-repeat&#8220; fade=&#8220;no&#8220; background_parallax=&#8220;none&#8220; parallax_speed=&#8220;0.3&#8243; video_aspect_ratio=&#8220;16:9&#8243; video_loop=&#8220;yes&#8220; video_mute=&#8220;yes&#8220; overlay_opacity=&#8220;0.5&#8243; border_style=&#8220;solid&#8220;][fusion_builder_row][fusion_builder_column type=&#8220;1_1&#8243; layout=&#8220;1_1&#8243; spacing=&#8220;&#8220; center_content=&#8220;no&#8220; hover_type=&#8220;none&#8220; link=&#8220;&#8220; min_height=&#8220;&#8220; hide_on_mobile=&#8220;small-visibility,medium-visibility,large-visibility&#8220; class=&#8220;&#8220; id=&#8220;&#8220; background_color=&#8220;&#8220; background_image=&#8220;&#8220; background_position=&#8220;left top&#8220; background_repeat=&#8220;no-repeat&#8220; border_size=&#8220;0&#8243; border_color=&#8220;&#8220; border_style=&#8220;solid&#8220; border_position=&#8220;all&#8220; padding=&#8220;&#8220; dimension_margin=&#8220;&#8220; animation_type=&#8220;&#8220; animation_direction=&#8220;left&#8220; animation_speed=&#8220;0.3&#8243; animation_offset=&#8220;&#8220; last=&#8220;no&#8220;][fusion_title hide_on_mobile=&#8220;small-visibility,medium-visibility,large-visibility&#8220; size=&#8220;1&#8243; content_align=&#8220;center&#8220; style_type=&#8220;default&#8220;]<\/p>\n<h1 class=\"western\" style=\"text-align: justify;\" align=\"CENTER\" data-fontsize=\"18\" data-lineheight=\"26\">Geplanter Betrieb des historischen Dorfes, seine identit\u00e4tsstiftende Funktion f\u00fcr die havell\u00e4ndische Bev\u00f6lkerung, seine Bedeutung f\u00fcr die Wissensvermittlung und die Bewahrung historischer Nutztierrassen und \u2013pflanzen (Anhang I), sowie f\u00fcr die kulturelle und touristische Infrastruktur der Region<\/h1>\n<p>[\/fusion_title][\/fusion_builder_column][fusion_builder_column type=&#8220;1_1&#8243; layout=&#8220;1_1&#8243; background_position=&#8220;left top&#8220; background_color=&#8220;&#8220; border_size=&#8220;&#8220; border_color=&#8220;&#8220; border_style=&#8220;solid&#8220; border_position=&#8220;all&#8220; spacing=&#8220;yes&#8220; background_image=&#8220;&#8220; background_repeat=&#8220;no-repeat&#8220; padding=&#8220;&#8220; margin_top=&#8220;0px&#8220; margin_bottom=&#8220;0px&#8220; class=&#8220;&#8220; id=&#8220;&#8220; animation_type=&#8220;&#8220; animation_speed=&#8220;0.3&#8243; animation_direction=&#8220;left&#8220; hide_on_mobile=&#8220;small-visibility,medium-visibility,large-visibility&#8220; center_content=&#8220;no&#8220; last=&#8220;no&#8220; min_height=&#8220;&#8220; hover_type=&#8220;none&#8220; link=&#8220;&#8220;][fusion_imageframe image_id=&#8220;12802&#8243; style_type=&#8220;none&#8220; hover_type=&#8220;none&#8220; align=&#8220;center&#8220; lightbox=&#8220;no&#8220; linktarget=&#8220;_self&#8220; hide_on_mobile=&#8220;small-visibility,medium-visibility,large-visibility&#8220; animation_direction=&#8220;left&#8220; animation_speed=&#8220;0.3&#8243;]http:\/\/www.gannahall.de\/wp-content\/uploads\/2017\/03\/betrieb1.jpg[\/fusion_imageframe][fusion_text]<\/p>\n<style type=\"text\/css\">\n\t<!-- @page { margin: 2cm } P { margin-bottom: 0cm } P.western { font-family: \"Arial Black\", sans-serif; font-size: 12pt } P.cjk { font-size: 12pt } P.ctl { font-family: \"Arial Black\", sans-serif } --><br \/>\t<\/style>\n<p class=\"western\"><span style=\"font-family: Times New Roman,serif;\"><span style=\"font-size: medium;\"><span style=\"font-family: Verdana,sans-serif;\"><b>Bedeutung des historischen Dorfes f\u00fcr den Tourismus<\/b><\/span><\/span><\/span><\/p>\n<p align=\"JUSTIFY\"><span style=\"font-family: Verdana,sans-serif;\"><span style=\"font-size: medium;\">Die Stadt Nauen, mitten im Naherholungsg\u00fcrtel der deutschen Hauptstadt gelegen, ist aufgrund ihrer idealen Lage zu jeder Jahreszeit ein beliebtes und schnell zu erreichendes Ausflugsziel, f\u00fcr Erholungssuchende aus dem Gro\u00dfraum Berlin.<\/span><\/span><\/p>\n<p class=\"western\" align=\"JUSTIFY\"><span style=\"font-family: Times New Roman,serif;\"><span style=\"font-size: medium;\"><span style=\"font-family: Verdana,sans-serif;\">Sp\u00e4testens wenn im Fr\u00fchjahr die Tage l\u00e4nger werden und die Temperaturen steigen, str\u00f6men die Touristen \u00fcber die Landstra\u00dfen und Radwanderwegen in das Havelland und zwar nicht nur auf der Suche nach kurzweiliger Entspannung und Erholung, sondern vor allem auch um die kulturellen Angebote der Region zu nutzen.<\/span><\/span><\/span><\/p>\n<p class=\"western\" align=\"JUSTIFY\"><span style=\"font-family: Verdana,sans-serif;\"><span style=\"font-size: small;\">Diesbez\u00fcglich hat sich in den letzten Jahren einiges getan im Havelland, dennoch l\u00e4sst gerade die touristische und kulturelle Infrastruktur noch einiges zu w\u00fcnschen \u00fcbrig.<\/span><\/span><\/p>\n<p class=\"western\" align=\"JUSTIFY\"><span style=\"font-family: Verdana,sans-serif;\"><span style=\"font-size: small;\">Insbesondere dem geschichtsinteressierten Touristen wird, bis auf die vom \u201eNauener Nachtw\u00e4chter\u201c durchgef\u00fchrten F\u00fchrungen durch die historische Altstadt Nauens so gut wie nichts angeboten.<\/span><\/span><\/p>\n<p class=\"western\" align=\"JUSTIFY\"><span style=\"font-family: Verdana,sans-serif;\"><span style=\"font-size: small;\">Dabei gibt die Regionalgeschichte so viel mehr her als Ackerbauerkultur, die Quitzows und das Nauener Funkamt.<br \/>\nGerade im Bereich der Vor- und Fr\u00fchgeschichte haben die Stadt Nauen und das Havelland, wie auch die gesamte Mark Brandenburg einige interessante Aspekte von nahezu welthistorischer Bedeutung zu bieten. Zumindest die regionalen Impulse auf die Geschichte Europas sind betr\u00e4chtlich, wenn auch leider einer breiten \u00d6ffentlichkeit noch weitestgehend unbekannt.<\/span><\/span><\/p>\n<p class=\"western\" align=\"JUSTIFY\"><span style=\"font-family: Verdana,sans-serif;\"><span style=\"font-size: small;\">So wissen heute in der Regel nur Historiker und eingefleischte Geschichtsfans zum Beispiel von der Bedeutung der Langobarden und der aus den einstmals hier ans\u00e4ssigen Semnonen hervorgegangenen elbgermanischen St\u00e4mme auf das Ende des r\u00f6mischen Imperiums und damit auf das Ende der Antike und den Beginn des europ\u00e4ischen Fr\u00fchmittelalters.<\/span><\/span><\/p>\n<p class=\"western\" align=\"JUSTIFY\"><span style=\"font-family: Verdana,sans-serif;\"><span style=\"font-size: small;\">Es waren die V\u00f6lker und St\u00e4mme der germanischen V\u00f6lkerwanderung, die das Europa wie wir es heute kennen, in seiner Fr\u00fchform pr\u00e4gten. Unter ihnen die aus den Semnonen hervorgegangenen Allamannen und die skandinavischen G\u00e4ste von Nauen\/B\u00e4rhorst, die Langobarden.<\/span><\/span><\/p>\n<p class=\"western\" align=\"JUSTIFY\"><span style=\"font-family: Verdana,sans-serif;\"><span style=\"font-size: medium;\">Und das ist nur eine der h\u00f6chst interessanten Geschichtsfacetten des Havellandes, die ein touristisches Publikum durchaus interessieren d\u00fcrften.<\/span><\/span><\/p>\n<p class=\"western\" align=\"JUSTIFY\"><span style=\"font-family: Times New Roman,serif;\"><span style=\"font-size: medium;\"><span style=\"font-family: Verdana,sans-serif;\">Bereit diese L\u00fccke zu schlie\u00dfen ist der Semnonenbund e.V. mit seinem Projekt \u201eHistorisches Dorf GANNAHALL\u201c.<\/span><\/span><\/span><\/p>\n<p>[\/fusion_text][fusion_imageframe image_id=&#8220;12803&#8243; style_type=&#8220;none&#8220; hover_type=&#8220;none&#8220; align=&#8220;center&#8220; lightbox=&#8220;yes&#8220; lightbox_image=&#8220;http:\/\/www.gannahall.de\/wp-content\/uploads\/2017\/03\/betrieb2.jpg&#8220; linktarget=&#8220;_self&#8220; hide_on_mobile=&#8220;small-visibility,medium-visibility,large-visibility&#8220; animation_direction=&#8220;left&#8220; animation_speed=&#8220;0.3&#8243;]http:\/\/www.gannahall.de\/wp-content\/uploads\/2017\/03\/betrieb2-300&#215;201.jpg[\/fusion_imageframe][fusion_text]<\/p>\n<style type=\"text\/css\">\n\t<!-- @page { margin: 2cm } P { margin-bottom: 0.21cm } --><br \/>\t<\/style>\n<p align=\"JUSTIFY\"><span style=\"font-family: Verdana,sans-serif;\">Eine Anlage wie das historische Dorf GANNAHALL ist nicht nur aufgrund seiner Position am gr\u00fcnen Stadtrand von Nauen dazu geeignet, Erholungssuchende zum Verweilen einzuladen, sondern vor allem auch geschichtlich und kulturell Interessierten ein Ausflugsziel zu bieten, bevor oder nachdem sie einen Bummel durch die historische Altstadt unternommen haben und das hoffentlich irgendwann ansprechende Heimatmuseum besucht haben.<\/span><\/p>\n<p align=\"JUSTIFY\"><span style=\"font-family: Verdana,sans-serif;\">F\u00fcr viele Touristen d\u00fcrfte unsere Stadt gar erst durch einen geplanten Besuch im historischen Dorf zum Ausflugsziel werden.<\/span><\/p>\n<p align=\"JUSTIFY\"><span style=\"font-family: Verdana,sans-serif;\">Um die touristische Attraktivit\u00e4t der Region weiter zu steigern, wird seitens des Vereins eine zuk\u00fcnftige Vernetzung mit anderen \u00f6ffentlichen, gewerblichen und gemeinn\u00fctzigen Tr\u00e4gern, Firmen und Vereinen, wie z.\u00a0B. dem Tourismusverband, dem Hotel- und Gastst\u00e4ttengewerbe, den Verkehrsbetrieben usw. angestrebt.<\/span><\/p>\n<p align=\"JUSTIFY\"><span style=\"font-family: Verdana,sans-serif;\">Dies d\u00fcrfte der touristischen und kulturellen Infrastruktur weiteren Auftrieb verleihen. <\/span><\/p>\n<p><span style=\"font-family: Verdana,sans-serif;\"><b>Der kulturelle Aspekt des historischen Dorfes<\/b><\/span><\/p>\n<p align=\"JUSTIFY\"><span style=\"font-family: Verdana,sans-serif;\">Der kulturelle Aspekt von Gannahall soll jedoch nicht ausschlie\u00dflich \u00fcber den laufenden Museumsbetrieb des historischen Dorfes erf\u00fcllt werden, sondern insbesondere durch eine Reihe von \u00f6ffentlichen Veranstaltungen, denen die Anlage als Rahmen dienen soll.<\/span><\/p>\n<p align=\"JUSTIFY\"><span style=\"font-family: Verdana,sans-serif;\">Basis dieser noch in Planung befindlichen Veranstaltungsreihe ist das \u201eKonzept der acht Feiertage\u201c.<\/span><\/p>\n<p align=\"JUSTIFY\"><span style=\"font-family: Verdana,sans-serif;\">Dieses fu\u00dft im Wesentlichen auf der Idee einer Einbeziehung der mythologischen und spirituellen Welt der vorchristlichen Mitteleurop\u00e4er, die gepr\u00e4gt war von einer polytheistischen Naturreligion. <\/span><\/p>\n<p align=\"JUSTIFY\"><span style=\"font-family: Verdana,sans-serif;\">Viele der noch heute im christlichen Glauben enthaltenen Feiertage, wie zum Beispiel das Weihnachtsfest (Jul) oder Ostern (Ostara) entstammen urspr\u00fcnglich der Kultur dieser Zeit.<\/span><\/p>\n<p align=\"JUSTIFY\"><span style=\"font-family: Verdana,sans-serif;\">Anders jedoch als heute, waren diese Feierlichkeiten nicht an feste Kalendertage gebunden, sondern von bestimmten Konstellationen der damals bekannten Himmelsk\u00f6rper wie Sonne und Mond abh\u00e4ngig, deren Stand am Himmel die damals \u00fcberaus wichtigen \u00dcberg\u00e4nge der Jahreszeiten kennzeichnete, von denen wiederum die \u00fcberlebenswichtige Aspekte des Alltags, wie Aussaat, Ernte usw. abh\u00e4ngig waren.<\/span><\/p>\n<p align=\"JUSTIFY\"><span style=\"font-family: Verdana,sans-serif;\">Diese und alle anderen Vorg\u00e4nge in der Natur wurden mit \u00fcbernat\u00fcrlichen Wesenheiten, wie G\u00f6ttern und Geistern in Verbindung gebracht, deren Bedeutung f\u00fcr die Glaubenswelt der vorchristlichen Germanen in einer m\u00f6glichst \u201eganzheitlichen\u201c und authentischen Darstellung nicht ausgeklammert werden kann.<\/span><\/p>\n<p align=\"JUSTIFY\"><span style=\"font-family: Verdana,sans-serif;\">Im Groben unterscheidet die Forschung vier so genannte \u201eSonnenfeste\u201c, die die wichtigsten \u00dcberg\u00e4nge im Jahr der vorchristlichen Europ\u00e4er pr\u00e4gten, n\u00e4mlich die beiden Tag- und Nachtgleichen am 21.03. (Ostern) und am 21.09. (Erntedank), sowie die Sonnenwenden am 21.06. und am 21.12. und vier so genannte \u201eMondfeste\u201c, die sich wiederum nach Mondphasen wie Neumond, Vollmond usw. richteten und dadurch auch schwerer fassbar sind.<\/span><\/p>\n<p align=\"JUSTIFY\"><span style=\"font-family: Verdana,sans-serif;\">F\u00fcr die Veranstaltungsreihe sollen zun\u00e4chst nur die Sonnenfeste als Basisdaten herangezogen werden, weil sie zu einen durch den dreimonatigen Zyklus sehr praktisch \u00fcber das Jahr verteilt sind, was sich positiv auf die Organisation derselben auswirkt, zum anderen sind sie auch in der heutigen Zeit durch ihre christlichen Entsprechungen im kollektiven Bewusstsein bestens verankert. Moderne Interpretationen der traditionellen Mondfeste, wie Walpurgisnacht oder Halloween k\u00f6nnen nat\u00fcrlich zu einem sp\u00e4teren Zeitpunkt entsprechend eingebunden werden.<\/span><\/p>\n<p align=\"JUSTIFY\"><span style=\"font-family: Verdana,sans-serif;\">Haupts\u00e4chlich sollen die oben genannten Daten jedoch keiner strikten Darstellung religi\u00f6ser oder kultischer Handlungen dienen, sondern vielmehr als Basisdaten f\u00fcr einen historischen Bezug sorgen.<\/span><\/p>\n<p align=\"JUSTIFY\"><span style=\"font-family: Verdana,sans-serif;\">Die eigentlichen Veranstaltungen sollen nat\u00fcrlich sowohl kulturell, als auch konsumtechnisch auf die Bed\u00fcrfnisse der Besucher abgestimmt werden, denn \u00fcber diese Veranstaltungen soll sich das Projekt in Zukunft haupts\u00e4chlich finanzieren.<\/span><\/p>\n<p>[\/fusion_text][fusion_imageframe image_id=&#8220;12804&#8243; style_type=&#8220;none&#8220; hover_type=&#8220;none&#8220; align=&#8220;center&#8220; lightbox=&#8220;yes&#8220; lightbox_image=&#8220;http:\/\/www.gannahall.de\/wp-content\/uploads\/2017\/03\/betrieb3.jpg&#8220; linktarget=&#8220;_self&#8220; hide_on_mobile=&#8220;small-visibility,medium-visibility,large-visibility&#8220; animation_direction=&#8220;left&#8220; animation_speed=&#8220;0.3&#8243;]http:\/\/www.gannahall.de\/wp-content\/uploads\/2017\/03\/betrieb3-300&#215;225.jpg[\/fusion_imageframe][fusion_text]<\/p>\n<style type=\"text\/css\">\n\t<!-- @page { margin: 2cm } P { margin-bottom: 0.21cm } --><br \/>\t<\/style>\n<p align=\"JUSTIFY\"><span style=\"font-family: Verdana,sans-serif;\"><b>Der p\u00e4dagogische Aspekt des historischen Dorfes<\/b><\/span><\/p>\n<p align=\"JUSTIFY\"><span style=\"font-family: Verdana,sans-serif;\">Weiterhin ist das Museumsdorf als Lehr- und Erlebnisort sehr geeignet um unter anderem unterrichtsbegleitend genutzt zu werden. <\/span><\/p>\n<p align=\"JUSTIFY\"><span style=\"font-family: Verdana,sans-serif;\">Schulklassen von Grundschule bis Gymnasium k\u00f6nnen das Gel\u00e4nde z.\u00a0B. zu Zwecken des themenbezogenen Geschichtsunterrichtes nutzen. P\u00e4dagogen haben die einmalige Gelegenheit, so wertvolle regionale Geschichte anschaulich und gleichsam vor Ort zu vermitteln.<\/span><\/p>\n<p align=\"JUSTIFY\"><span style=\"font-family: Verdana,sans-serif;\">Schul- und Vorschulklassen k\u00f6nnen von Fr\u00fchjahr bis Herbst Ausfl\u00fcge ins Dorf unternehmen um in einer Art Heimatkundeunterricht spielerisch Zugang zu Geschichte und auch Natur ihrer Heimat zu erlangen. Zu diesem Zweck wollen wir einen kleinen Naturlehrpfad anlegen, der auf verschiedene Pflanzen und Tiere hinweist. <\/span><\/p>\n<p align=\"JUSTIFY\"><span style=\"font-family: Verdana,sans-serif;\">Denkbar w\u00e4re in Zukunft sogar eine Nutzung des Dorfes oder einzelner Segmente als Ferienlager unter Betreuung ausgebildeter P\u00e4dagogen. <\/span><\/p>\n<p align=\"JUSTIFY\"><span style=\"font-family: Verdana,sans-serif;\">Au\u00dferdem sollen Kinder und Jugendliche ihren Horizont nicht nur geschichtlich, sondern auch handwerklich erweitern k\u00f6nnen, indem ihnen unter Anleitung zum Beispiel die Nutzung der historischen Werkst\u00e4tten, des Kr\u00e4utergartens usw. erm\u00f6glicht wird.<br \/>\nDesweiteren ist f\u00fcr die Tiere im Dorf langfristig die Vergabe von Patenschaften an Kitas und Schulen der Region geplant. <\/span><\/p>\n<p>[\/fusion_text][fusion_imageframe image_id=&#8220;12805&#8243; style_type=&#8220;none&#8220; hover_type=&#8220;none&#8220; align=&#8220;center&#8220; lightbox=&#8220;yes&#8220; lightbox_image=&#8220;http:\/\/www.gannahall.de\/wp-content\/uploads\/2017\/03\/betrieb4.jpg&#8220; linktarget=&#8220;_self&#8220; hide_on_mobile=&#8220;small-visibility,medium-visibility,large-visibility&#8220; animation_direction=&#8220;left&#8220; animation_speed=&#8220;0.3&#8243;]http:\/\/www.gannahall.de\/wp-content\/uploads\/2017\/03\/betrieb4-300&#215;300.jpg[\/fusion_imageframe][fusion_text]<\/p>\n<style type=\"text\/css\">\n\t<!-- @page { margin: 2cm } P { margin-bottom: 0.21cm } --><br \/>\t<\/style>\n<p align=\"JUSTIFY\"><span style=\"font-family: Verdana,sans-serif;\"><b>M\u00f6gliche Lehr- und Erlebnisprogramme f\u00fcr Kinder und Jugendliche:<\/b><\/span><\/p>\n<ul>\n<li>\n<p align=\"JUSTIFY\"><span style=\"font-family: Verdana,sans-serif;\">Attraktives Ziel f\u00fcr Klassenfahrten und Wandertage<\/span><\/p>\n<\/li>\n<\/ul>\n<ul>\n<li>\n<p align=\"JUSTIFY\"><span style=\"font-family: Verdana,sans-serif;\">Angeboten werden k\u00f6nnen neben F\u00fchrungen auch themenbezogene Vorf\u00fchrungen in traditioneller Kunst und Handwerk<\/span><\/p>\n<\/li>\n<li>\n<p align=\"JUSTIFY\"><span style=\"font-family: Verdana,sans-serif;\">In Projekttagen und \u2013wochen erhalten Schulklassen die M\u00f6glichkeit, regionale Geschichte anschaulich und vor Ort vermittelt zu bekommen<\/span><\/p>\n<\/li>\n<li>\n<p align=\"JUSTIFY\"><span style=\"font-family: Verdana,sans-serif;\">Projektunterricht (Geschichtsforschung und \u2013darstellung, experimentelle Arch\u00e4ologie, Workshops, z.B. T\u00f6pfern, Backen, Naturkunde)<\/span><\/p>\n<\/li>\n<li>\n<p align=\"JUSTIFY\"><span style=\"font-family: Verdana,sans-serif;\">Feriengestaltung (Abenteuerurlaub, Kinderturniere u.\u00e4.)<\/span><\/p>\n<\/li>\n<li>\n<p align=\"JUSTIFY\"><span style=\"font-family: Verdana,sans-serif;\">Kinder und Jugendlichen der Region soll zuk\u00fcnftig das historische Dorf zur betreuten Freizeitgestaltung zur Verf\u00fcgung stehen<\/span><\/p>\n<\/li>\n<\/ul>\n<p>[\/fusion_text][fusion_imageframe image_id=&#8220;12806&#8243; style_type=&#8220;none&#8220; hover_type=&#8220;none&#8220; align=&#8220;center&#8220; lightbox=&#8220;no&#8220; linktarget=&#8220;_self&#8220; hide_on_mobile=&#8220;small-visibility,medium-visibility,large-visibility&#8220; animation_direction=&#8220;left&#8220; animation_speed=&#8220;0.3&#8243;]http:\/\/www.gannahall.de\/wp-content\/uploads\/2017\/03\/betrieb5-300&#215;187.jpg[\/fusion_imageframe][fusion_text]<\/p>\n<style type=\"text\/css\">\n\t<!-- @page { margin: 2cm } P { margin-bottom: 0.21cm } --><br \/>\t<\/style>\n<p align=\"JUSTIFY\"><span style=\"font-family: Verdana,sans-serif;\"><b>Lehr- und Erlebnisprogramme f\u00fcr Familien und Touristen:<\/b><\/span><\/p>\n<ul>\n<li>\n<p align=\"JUSTIFY\"><span style=\"font-family: Verdana,sans-serif;\">F\u00fchrungen an den Wochenenden oder nach vorheriger terminlicher Vereinbarung<\/span><\/p>\n<\/li>\n<li>\n<p align=\"JUSTIFY\"><span style=\"font-family: Verdana,sans-serif;\">diverse Vorf\u00fchrungen und historische Darstellung an den Wochenenden oder nach vorheriger Anmeldung<\/span><\/p>\n<\/li>\n<li>\n<p align=\"JUSTIFY\"><span style=\"font-family: Verdana,sans-serif;\">Vermietung von H\u00e4usern, bzw. der gesamten Anlage f\u00fcr Feierlichkeiten jeglicher Art, ggf. mit \u00dcbernachtung<\/span><\/p>\n<\/li>\n<li>\n<p align=\"JUSTIFY\"><span style=\"font-family: Verdana,sans-serif;\">Seminare zu den Themen Geschichte, Arch\u00e4ologie u.\u00a0\u00e4.<\/span><\/p>\n<\/li>\n<li>\n<p align=\"JUSTIFY\"><span style=\"font-family: Verdana,sans-serif;\">Workshops, z.\u00a0B. in historischem Handwerk (T\u00f6pfern, Schmieden etc.), traditionellen europ\u00e4ischen Kampfk\u00fcnsten <\/span><\/p>\n<\/li>\n<\/ul>\n<p>[\/fusion_text][fusion_imageframe image_id=&#8220;12807&#8243; style_type=&#8220;none&#8220; hover_type=&#8220;none&#8220; align=&#8220;center&#8220; lightbox=&#8220;no&#8220; linktarget=&#8220;_self&#8220; hide_on_mobile=&#8220;small-visibility,medium-visibility,large-visibility&#8220; animation_direction=&#8220;left&#8220; animation_speed=&#8220;0.3&#8243;]http:\/\/www.gannahall.de\/wp-content\/uploads\/2017\/03\/betrieb6-259&#215;300.jpg[\/fusion_imageframe][fusion_text]<\/p>\n<style type=\"text\/css\">\n\t<!-- @page { margin: 2cm } P { margin-bottom: 0.21cm } --><br \/>\t<\/style>\n<p align=\"JUSTIFY\"><span style=\"font-family: Verdana,sans-serif;\"><b>Projekte und Programme f\u00fcr fachlich Interessierte<\/b><\/span><\/p>\n<ul>\n<li>\n<p align=\"JUSTIFY\"><span style=\"font-family: Verdana,sans-serif;\">Angebot arch\u00e4ologischer Langzeitexperimente, f\u00fcr Studenten der Fachgebiete Arch\u00e4ologie und Geschichte, etwa im Hausbau (evtl. auch Auszubildende im Holzhandwerk) oder Forschungen zu fr\u00fchgeschichtlicher Landwirtschaft, zeitgen\u00f6ssischer Lebensmittelherstellung usw.<\/span><\/p>\n<\/li>\n<li>\n<p align=\"JUSTIFY\"><span style=\"font-family: Verdana,sans-serif;\">Kommunikationsplattform f\u00fcr Arch\u00e4ologen und Historiker<\/span><\/p>\n<\/li>\n<li>\n<p align=\"JUSTIFY\"><span style=\"font-family: Verdana,sans-serif;\">Treffpunkt f\u00fcr Darsteller aus den Bereichen \u201eLiving History\u201c und \u201eReenactment\u201c zum Informationsaustausch<\/span><\/p>\n<\/li>\n<\/ul>\n<p align=\"JUSTIFY\"><span style=\"font-family: Verdana,sans-serif;\"><b>Veranstaltungen die zuk\u00fcnftig im und um das Dorf stattfinden sollen:<\/b><\/span><\/p>\n<ul>\n<li>\n<p align=\"JUSTIFY\"><span style=\"font-family: Verdana,sans-serif;\">historische Feste, auch die Einbeziehung in lokale Festivit\u00e4ten (Altstadtfest, Halloween, Kindertag)<\/span><\/p>\n<\/li>\n<li>\n<p align=\"JUSTIFY\"><span style=\"font-family: Verdana,sans-serif;\">Begehung von traditionellen vorchristlichen Feiertagen wie Ostara (Ostern), Jul (Weihnachten), Samhain (Halloween)<\/span><\/p>\n<\/li>\n<li>\n<p align=\"JUSTIFY\"><span style=\"font-family: Verdana,sans-serif;\">Wettk\u00e4mpfe in historischen Sportarten, bei denen sich Touristen und Einheimische in Disziplinen wie Bogenschie\u00dfen und Speerwerfen messen k\u00f6nnen. <\/span><\/p>\n<\/li>\n<li>\n<p align=\"JUSTIFY\"><span style=\"font-family: Verdana,sans-serif;\">j\u00e4hrlich stattfindende Wettk\u00e4mpfe zwischen den verschiedenen Living History- und Reenactment-Gruppen Deutschlands, zum Beispiel in den verschiedenen Disziplinen des Vollkontaktt-Fechtens (siehe \u201eAlls Wari Dags \u2013 Kriegerwettstreit\u201c).<\/span><\/p>\n<\/li>\n<li>\n<p align=\"JUSTIFY\"><span style=\"font-family: Verdana,sans-serif;\">Kunstaktionen, wie Holzkunst-Symposien<\/span><\/p>\n<\/li>\n<li>\n<p align=\"JUSTIFY\"><span style=\"font-family: Verdana,sans-serif;\">M\u00e4rkte f\u00fcr traditionelle Handwerkskunst<\/span><\/p>\n<\/li>\n<li>\n<p align=\"JUSTIFY\"><span style=\"font-family: Verdana,sans-serif;\">Ausrichtung von Betriebs- oder Familienfesten mit entsprechendem Rahmen-programm<\/span><\/p>\n<\/li>\n<\/ul>\n<p>[\/fusion_text][fusion_imageframe image_id=&#8220;12808&#8243; style_type=&#8220;none&#8220; hover_type=&#8220;none&#8220; align=&#8220;center&#8220; lightbox=&#8220;yes&#8220; lightbox_image=&#8220;http:\/\/www.gannahall.de\/wp-content\/uploads\/2017\/03\/betrieb7.jpg&#8220; linktarget=&#8220;_self&#8220; hide_on_mobile=&#8220;small-visibility,medium-visibility,large-visibility&#8220; animation_direction=&#8220;left&#8220; animation_speed=&#8220;0.3&#8243;]http:\/\/www.gannahall.de\/wp-content\/uploads\/2017\/03\/betrieb7-300&#215;227.jpg[\/fusion_imageframe][\/fusion_builder_column][\/fusion_builder_row][\/fusion_builder_container]<\/p>\n","protected":false},"excerpt":{"rendered":"<p>[fusion_builder_container hundred_percent=&#8220;no&#8220; equal_height_columns=&#8220;no&#8220; hide_on_mobile=&#8220;small-visibility,medium-visibility,large-visibility&#8220; background_position=&#8220;center center&#8220; background_repeat=&#8220;no-repeat&#8220; fade=&#8220;no&#8220; background_parallax=&#8220;none&#8220; parallax_speed=&#8220;0.3&#8243; video_aspect_ratio=&#8220;16:9&#8243; video_loop=&#8220;yes&#8220; video_mute=&#8220;yes&#8220; overlay_opacity=&#8220;0.5&#8243; border_style=&#8220;solid&#8220;][fusion_builder_row][fusion_builder_column type=&#8220;1_1&#8243; layout=&#8220;1_1&#8243; spacing=&#8220;&#8220; center_content=&#8220;no&#8220; hover_type=&#8220;none&#8220; link=&#8220;&#8220; min_height=&#8220;&#8220; hide_on_mobile=&#8220;small-visibility,medium-visibility,large-visibility&#8220; class=&#8220;&#8220; id=&#8220;&#8220; background_color=&#8220;&#8220; background_image=&#8220;&#8220; background_position=&#8220;left top&#8220; background_repeat=&#8220;no-repeat&#8220; border_size=&#8220;0&#8243; border_color=&#8220;&#8220; border_style=&#8220;solid&#8220; border_position=&#8220;all&#8220; padding=&#8220;&#8220; dimension_margin=&#8220;&#8220; animation_type=&#8220;&#8220; animation_direction=&#8220;left&#8220; animation_speed=&#8220;0.3&#8243; animation_offset=&#8220;&#8220; last=&#8220;no&#8220;][fusion_title hide_on_mobile=&#8220;small-visibility,medium-visibility,large-visibility&#8220; size=&#8220;1&#8243; content_align=&#8220;center&#8220; style_type=&#8220;default&#8220;] Geplanter Betrieb des historischen Dorfes, seine identit\u00e4tsstiftende Funktion f\u00fcr die havell\u00e4ndische Bev\u00f6lkerung, seine Bedeutung f\u00fcr die Wissensvermittlung und die Bewahrung historischer Nutztierrassen und \u2013pflanzen (Anhang I), sowie f\u00fcr die kulturelle und touristische Infrastruktur der Region [\/fusion_title][\/fusion_builder_column][fusion_builder_column type=&#8220;1_1&#8243; layout=&#8220;1_1&#8243; background_position=&#8220;left top&#8220; background_color=&#8220;&#8220; border_size=&#8220;&#8220; border_color=&#8220;&#8220; border_style=&#8220;solid&#8220; border_position=&#8220;all&#8220; spacing=&#8220;yes&#8220; background_image=&#8220;&#8220; background_repeat=&#8220;no-repeat&#8220; padding=&#8220;&#8220; margin_top=&#8220;0px&#8220; margin_bottom=&#8220;0px&#8220; class=&#8220;&#8220; id=&#8220;&#8220; animation_type=&#8220;&#8220; animation_speed=&#8220;0.3&#8243; [&hellip;]<\/p>\n","protected":false},"author":1,"featured_media":0,"parent":12082,"menu_order":0,"comment_status":"closed","ping_status":"closed","template":"","meta":[],"_links":{"self":[{"href":"http:\/\/www.tiuwari.de\/index.php\/wp-json\/wp\/v2\/pages\/12064"}],"collection":[{"href":"http:\/\/www.tiuwari.de\/index.php\/wp-json\/wp\/v2\/pages"}],"about":[{"href":"http:\/\/www.tiuwari.de\/index.php\/wp-json\/wp\/v2\/types\/page"}],"author":[{"embeddable":true,"href":"http:\/\/www.tiuwari.de\/index.php\/wp-json\/wp\/v2\/users\/1"}],"replies":[{"embeddable":true,"href":"http:\/\/www.tiuwari.de\/index.php\/wp-json\/wp\/v2\/comments?post=12064"}],"version-history":[{"count":4,"href":"http:\/\/www.tiuwari.de\/index.php\/wp-json\/wp\/v2\/pages\/12064\/revisions"}],"predecessor-version":[{"id":12812,"href":"http:\/\/www.tiuwari.de\/index.php\/wp-json\/wp\/v2\/pages\/12064\/revisions\/12812"}],"up":[{"embeddable":true,"href":"http:\/\/www.tiuwari.de\/index.php\/wp-json\/wp\/v2\/pages\/12082"}],"wp:attachment":[{"href":"http:\/\/www.tiuwari.de\/index.php\/wp-json\/wp\/v2\/media?parent=12064"}],"curies":[{"name":"wp","href":"https:\/\/api.w.org\/{rel}","templated":true}]}}