{"id":12062,"date":"2017-03-15T14:49:07","date_gmt":"2017-03-15T13:49:07","guid":{"rendered":"http:\/\/test.semnonenbund.de\/?page_id=12062"},"modified":"2017-05-25T13:23:15","modified_gmt":"2017-05-25T12:23:15","slug":"das-projekt","status":"publish","type":"page","link":"http:\/\/www.tiuwari.de\/index.php\/gannahall\/das-projekt\/","title":{"rendered":"Das Projekt"},"content":{"rendered":"<p>[fusion_builder_container hundred_percent=&#8220;no&#8220; equal_height_columns=&#8220;no&#8220; hide_on_mobile=&#8220;small-visibility,medium-visibility,large-visibility&#8220; background_position=&#8220;center center&#8220; background_repeat=&#8220;no-repeat&#8220; fade=&#8220;no&#8220; background_parallax=&#8220;none&#8220; parallax_speed=&#8220;0.3&#8243; video_aspect_ratio=&#8220;16:9&#8243; video_loop=&#8220;yes&#8220; video_mute=&#8220;yes&#8220; overlay_opacity=&#8220;0.5&#8243; border_style=&#8220;solid&#8220;][fusion_builder_row][fusion_builder_column type=&#8220;1_1&#8243; layout=&#8220;1_1&#8243; background_position=&#8220;left top&#8220; background_color=&#8220;&#8220; border_size=&#8220;&#8220; border_color=&#8220;&#8220; border_style=&#8220;solid&#8220; border_position=&#8220;all&#8220; spacing=&#8220;yes&#8220; background_image=&#8220;&#8220; background_repeat=&#8220;no-repeat&#8220; padding=&#8220;&#8220; margin_top=&#8220;0px&#8220; margin_bottom=&#8220;0px&#8220; class=&#8220;&#8220; id=&#8220;&#8220; animation_type=&#8220;&#8220; animation_speed=&#8220;0.3&#8243; animation_direction=&#8220;left&#8220; hide_on_mobile=&#8220;small-visibility,medium-visibility,large-visibility&#8220; center_content=&#8220;no&#8220; last=&#8220;no&#8220; min_height=&#8220;&#8220; hover_type=&#8220;none&#8220; link=&#8220;&#8220;][fusion_text]<\/p>\n<h1 align=\"CENTER\"><span style=\"font-family: Arial Black,sans-serif;\"><span style=\"font-size: large;\">Das Projekt \u201eHistorisches Dorf &#8211; <\/span><\/span><span style=\"font-family: Arial Black,sans-serif;\"><span style=\"font-size: large;\"><b>GANNAHALL<\/b><\/span><\/span><span style=\"font-family: Arial Black,sans-serif;\"><span style=\"font-size: large;\">\u201c<\/span><\/span><\/h1>\n<p align=\"CENTER\"><span style=\"font-family: Arial Black,sans-serif;\"><span style=\"font-size: small;\">Ein historischer Lehr- Erlebnis- und Veranstaltungsort f\u00fcr offene Kinder- und Jugendarbeit, Kultur, Tourismus, sowie experimentelle Arch\u00e4ologie und den Erhalt bedrohter einheimischer Nutztierrassen und \u2013Pflanzen<\/span><\/span><\/p>\n<p>[\/fusion_text][fusion_imageframe image_id=&#8220;12210&#8243; style_type=&#8220;none&#8220; hover_type=&#8220;none&#8220; align=&#8220;center&#8220; lightbox=&#8220;no&#8220; linktarget=&#8220;_self&#8220; hide_on_mobile=&#8220;small-visibility,medium-visibility,large-visibility&#8220; animation_direction=&#8220;left&#8220; animation_speed=&#8220;0.3&#8243;]http:\/\/www.semnonenbund.de\/wp-content\/uploads\/2017\/03\/projekt1-300&#215;217.jpg[\/fusion_imageframe][fusion_text]<\/p>\n<h1 style=\"text-align: center;\">Das Projekt<\/h1>\n<p align=\"CENTER\">Die Rekonstruktion eines Teiles der fr\u00fchgeschichtlichen Siedlung<\/p>\n<p align=\"CENTER\">von Nauen-B\u00e4rhorst<\/p>\n<p align=\"JUSTIFY\">Der gemeinn\u00fctzige Verein SEMNONENBUND e.V. plant als Bauherr und zuk\u00fcnftiger Betreiber die Rekonstruktion eines Teiles dieser fr\u00fchgeschichtlichen Siedlung.<\/p>\n<p align=\"JUSTIFY\">Als Standort f\u00fcr das Projekt sind die Flurst\u00fccke\u00a096 und 97 der Flur\u00a010 in der Gemarkung Nauen vorgesehen, unweit vom so genannten B\u00e4rhorst, auf dem vor 80 Jahren das Original der Siedlung lokalisiert wurde.<\/p>\n<p align=\"JUSTIFY\">Zu diesem Zweck hat der Verein mit der Stadt Nauen einen Erbbaupachtvertrag \u00fcber die o.\u00a0g. Flurst\u00fccke geschlossen, die bauplanerische und rechtliche Vorarbeit hinter sich gebracht und erste Arbeiten im Sinne experimenteller Arch\u00e4ologie vorgenommen.<\/p>\n<p align=\"JUSTIFY\">Geplant ist der Aufbau des historischen Dorfes GANNAHALL bereits seit 2004 und findet seitdem auch in der \u00d6ffentlichkeit breite Akzeptanz. Sowohl die F\u00fchrung der Stadt Nauen, als auch die zust\u00e4ndigen Beh\u00f6rden erkennen das Potential des Projektes f\u00fcr die touristische und kulturelle Infrastruktur der Region und unterst\u00fctzen den Aufbau des Projektes mit den ihnen zur Verf\u00fcgung stehenden Mitteln.<\/p>\n<p align=\"JUSTIFY\">Erste Planungen zur Errichtung des historischen Dorfes in den Jahren 2005 \u2013 08 scheiterten zun\u00e4chst aus verschiedenen Gr\u00fcnden und auch die Durchf\u00fchrbarkeit des Projektes auf dem aktuellen Grundst\u00fcck gestaltete sich aufgrund des mehrheitlich ung\u00fcnstigen Untergrundes und des hohen Schichtenwasserstandes als sehr problematisch und vor allem deutlich teurer als gedacht.<br \/>\nImmer wieder mussten Umplanungen, sowie teure und zeitraubende \u00c4nderungen des bestehenden Bebauungsplanes vorgenommen werden, wor\u00fcber wieder Monate und Jahre ins Land gingen, bis zum Ende des Jahres 2014 endlich der erste Spatenstich vorgenommen werden konnte.<\/p>\n<p align=\"JUSTIFY\">Die Arbeiten wurden im Verlauf des Jahres 2015 immer wieder von finanziellen Problemen unterbrochen, die nun jedoch aufgrund einer engeren Zusammenarbeit mit den entsprechenden F\u00f6rdereinrichtungen hoffentlich endg\u00fcltig der Vergangenheit angeh\u00f6ren.<\/p>\n<p>[\/fusion_text][fusion_imageframe image_id=&#8220;12213&#8243; style_type=&#8220;none&#8220; hover_type=&#8220;none&#8220; align=&#8220;center&#8220; lightbox=&#8220;no&#8220; linktarget=&#8220;_self&#8220; hide_on_mobile=&#8220;small-visibility,medium-visibility,large-visibility&#8220; animation_direction=&#8220;left&#8220; animation_speed=&#8220;0.3&#8243;]http:\/\/www.semnonenbund.de\/wp-content\/uploads\/2017\/03\/projekt2-300&#215;298.png[\/fusion_imageframe][fusion_text]<\/p>\n<p align=\"CENTER\"><span style=\"font-family: Verdana,sans-serif;\"><span style=\"font-size: xx-small;\">Doppelfeld, Otto\/Behm, G\u00fcnter: \u201eDas germanische Dorf auf dem B\u00e4rhorst bei Nauen\u201c in:<\/span><\/span><\/p>\n<p align=\"CENTER\"><span style=\"font-family: Verdana,sans-serif;\"><span style=\"font-size: xx-small;\">Praehistorische Zeitschrift 28\/29, 1937\/1938, S. 291.<\/span><\/span><\/p>\n<p>[\/fusion_text][fusion_text]<\/p>\n<p align=\"JUSTIFY\">Entstehen soll in den n\u00e4chsten Jahren der m\u00f6glichst authentische Nachbau eines Segmentes der ehemaligen Siedlungsanlage von Nauen-B\u00e4rhorst, welcher etwas weniger als ein Viertel der vermuteten Gesamtgr\u00f6\u00dfe des Originals haben wird.<\/p>\n<p align=\"JUSTIFY\">Als Grundlage f\u00fcr die Planung dient der Plan zur arch\u00e4ologischen Erschlie\u00dfung am Standort der germanischen Siedlung von 1935, welcher als Kopie des Originals und in der \u00fcberarbeiteten Version von Doppelfeld\/Behm vorliegt.<\/p>\n<p align=\"JUSTIFY\">Im Folgenden dargestellt finden Sie das als Rekonstruktion geplante Teilst\u00fcck des originalen Dorfes, welches einst zum nordwestlichen Teil der Anlage geh\u00f6rte. Dieses wurde um einige spezifische Baulichkeiten aus dem weiteren Siedlungsareal erg\u00e4nzt, bzw. eine unklare Position mit einem entsprechenden Geb\u00e4ude aus dem nord\u00f6stlichen Teil der urspr\u00fcnglichen Siedlung ersetzt.<\/p>\n<p>[\/fusion_text][fusion_imageframe image_id=&#8220;12216&#8243; style_type=&#8220;none&#8220; hover_type=&#8220;none&#8220; align=&#8220;center&#8220; lightbox=&#8220;no&#8220; linktarget=&#8220;_self&#8220; hide_on_mobile=&#8220;small-visibility,medium-visibility,large-visibility&#8220; animation_direction=&#8220;left&#8220; animation_speed=&#8220;0.3&#8243;]http:\/\/www.semnonenbund.de\/wp-content\/uploads\/2017\/03\/projekt3-283&#215;300.png[\/fusion_imageframe][fusion_text]<\/p>\n<p align=\"CENTER\"><span style=\"font-family: Verdana,sans-serif;\"><span style=\"font-size: xx-small;\">Erster skizzierter Entwurf eines Lageplans mit den ins Planungsgebiet eingef\u00fcgten Positionen aus dem Jahr 2008<\/span><\/span><\/p>\n<p align=\"CENTER\"><span style=\"font-family: Verdana,sans-serif;\"><span style=\"font-size: xx-small;\">(Flurkarte und Grabungsplan im Ma\u00dfstab \u00fcbereinandergelegt)<\/span><\/span><\/p>\n<p>[\/fusion_text][fusion_imageframe image_id=&#8220;12217&#8243; style_type=&#8220;none&#8220; hover_type=&#8220;none&#8220; align=&#8220;center&#8220; lightbox=&#8220;yes&#8220; lightbox_image=&#8220;http:\/\/www.gannahall.de\/wp-content\/uploads\/2017\/03\/projekt4.jpg&#8220; linktarget=&#8220;_blank&#8220; hide_on_mobile=&#8220;small-visibility,medium-visibility,large-visibility&#8220; animation_direction=&#8220;left&#8220; animation_speed=&#8220;0.3&#8243;]http:\/\/www.semnonenbund.de\/wp-content\/uploads\/2017\/03\/projekt4-265&#215;300.jpg[\/fusion_imageframe][fusion_text]<\/p>\n<p align=\"CENTER\"><span style=\"font-family: Verdana,sans-serif;\"><span style=\"font-size: xx-small;\">Legende des Bebauungsplanes auf Basis der oben abgebildeten Skizze<\/span><\/span><\/p>\n<p>[\/fusion_text][fusion_text]<\/p>\n<style type=\"text\/css\">\n\t<!-- @page { margin: 2cm } P { margin-bottom: 0.21cm } --><br \/>\t<\/style>\n<p align=\"JUSTIFY\"><span style=\"font-family: Verdana,sans-serif;\"><span style=\"font-size: small;\">Das zu Projekt enth\u00e4lt folgende Positionen:<\/span><\/span><\/p>\n<ul>\n<li>\n<p align=\"JUSTIFY\"><span style=\"font-family: Verdana,sans-serif;\"><span style=\"font-size: small;\">6 germanische Langh\u00e4user mit einer L\u00e4nge von \u00fcber 20\u00a0m bis 40\u00a0m (Pos.\u00a01a-f)<\/span><\/span><\/p>\n<\/li>\n<li>\n<p align=\"JUSTIFY\"><span style=\"font-family: Verdana,sans-serif;\"><span style=\"font-size: small;\">3 germanische Langh\u00e4user von bis zu 20\u00a0m L\u00e4nge (Pos.\u00a02a-c)<\/span><\/span><\/p>\n<\/li>\n<li>\n<p align=\"JUSTIFY\"><span style=\"font-family: Verdana,sans-serif;\"><span style=\"font-size: small;\">4 Grubenh\u00e4user (Pos.\u00a03a-d)<\/span><\/span><\/p>\n<\/li>\n<li>\n<p align=\"JUSTIFY\"><span style=\"font-family: Verdana,sans-serif;\"><span style=\"font-size: small;\">3 Speicher (Pos.\u00a04a-c)<\/span><\/span><\/p>\n<\/li>\n<li>\n<p align=\"JUSTIFY\"><span style=\"font-family: Verdana,sans-serif;\"><span style=\"font-size: small;\">3 Brunnen (Pos.\u00a05a-c)<\/span><\/span><\/p>\n<\/li>\n<li>\n<p align=\"JUSTIFY\"><span style=\"font-family: Verdana,sans-serif;\"><span style=\"font-size: small;\">2 \u00fcberdachte Arbeitspl\u00e4tze (Pos.\u00a06a,b)<\/span><\/span><\/p>\n<\/li>\n<li>\n<p align=\"JUSTIFY\"><span style=\"font-family: Verdana,sans-serif;\"><span style=\"font-size: small;\">2 freistehende Lehm\u00f6fen (Pos.\u00a07a,b)<\/span><\/span><\/p>\n<\/li>\n<li>\n<p align=\"JUSTIFY\"><span style=\"font-family: Verdana,sans-serif;\"><span style=\"font-size: small;\">umlaufende Sicherungsanlage, bestehend aus Graben, Wall, Palisadenzaun (Pos.\u00a08)<\/span><\/span><\/p>\n<\/li>\n<li>\n<p align=\"JUSTIFY\"><span style=\"font-family: Verdana,sans-serif;\"><span style=\"font-size: small;\">1 Teich (Pos.\u00a0T)<\/span><\/span><\/p>\n<\/li>\n<\/ul>\n<p>[\/fusion_text][fusion_imageframe image_id=&#8220;12222&#8243; style_type=&#8220;none&#8220; hover_type=&#8220;none&#8220; align=&#8220;center&#8220; lightbox=&#8220;no&#8220; linktarget=&#8220;_self&#8220; hide_on_mobile=&#8220;small-visibility,medium-visibility,large-visibility&#8220; animation_direction=&#8220;left&#8220; animation_speed=&#8220;0.3&#8243;]http:\/\/www.semnonenbund.de\/wp-content\/uploads\/2017\/03\/projekt5-300&#215;196.png[\/fusion_imageframe][fusion_text]<\/p>\n<style type=\"text\/css\">\n\t<!-- @page { margin: 2cm } P { margin-bottom: 0.21cm } --><br \/>\t<\/style>\n<p align=\"CENTER\"><span style=\"font-family: Verdana,sans-serif;\"><span style=\"font-size: xx-small;\">Rekonstruktion einer b\u00e4uerlichen semnonischen Wirtschaft, bestehend aus einem Langhaus mit Wohn-Stall-Unterteilung, einem Grubenhaus in dem eine Werkstatt zur Textilproduktion dargestellt ist, sowie einem gestelzten Speicherbau. Heimatmuseum Reinickendorf(Berlin) (Quelle: \u201eAls in Hermsdorf noch die Semnonen wohnten\u201c \/ Hans-Joachim Arnold)<\/span><\/span><\/p>\n<p>[\/fusion_text][fusion_text]<\/p>\n<style type=\"text\/css\">\n\t<!-- @page { margin: 2cm } P { margin-bottom: 0.21cm } --><br \/>\t<\/style>\n<p align=\"JUSTIFY\"><span style=\"font-family: Verdana,sans-serif;\"><span style=\"font-size: small;\">Da sich im ausgew\u00e4hlten Areal allerdings lediglich ein Grubenhaus mit Sicherheit nachweisen l\u00e4sst, diese aber als \u201eArbeitsh\u00e4user\u201c in mehrfacher Ausf\u00fchrung zum zeitgen\u00f6ssischen Siedlungsbild geh\u00f6rten, wurden zwei weitere aus ihrer Originalposition im \u00f6stlichen Teil der Befundkarte in den \u00f6stlichen Teil des Projektes projiziert. <\/span><\/span><\/p>\n<p align=\"JUSTIFY\"><span style=\"font-family: Verdana,sans-serif;\"><span style=\"font-size: small;\">Ein in Originallage befindliches Grubenhaus (Pos.\u00a03d), welches nur zur H\u00e4lfte eingetieft scheint, wird aufgrund unklarer Anlage und Nutzung zum Projekt f\u00fcr experimentelle Arch\u00e4ologie (P\u00a0IV) ausgeschrieben und f\u00e4llt somit in die sekund\u00e4re Bauphase.<\/span><\/span><\/p>\n<p align=\"JUSTIFY\"><span style=\"font-family: Verdana,sans-serif;\"><span style=\"font-size: small;\">\u00c4hnlich verh\u00e4lt es sich mit den ganz im Osten der Siedlung gelegenen drei Brunnen. <\/span><\/span><\/p>\n<p align=\"JUSTIFY\"><span style=\"font-family: Verdana,sans-serif;\"><span style=\"font-size: small;\">Die in der Grabungskarte nicht explizit vermerkten Speicherbauten, welche ebenso wie die Grubenh\u00e4user regul\u00e4rer Bestandteil eines germanischen Hofes waren, wurden ebenfalls zus\u00e4tzlich ins Planungsgebiet projiziert.<\/span><\/span><\/p>\n<p align=\"JUSTIFY\"><span style=\"font-family: Verdana,sans-serif;\"><span style=\"font-size: small;\">Eine Begehung des Gel\u00e4ndes soll den Besuchern schon ab der Fertigstellung des ersten Geb\u00e4udes erm\u00f6glicht werden.<\/span><\/span><\/p>\n<p align=\"JUSTIFY\"><span style=\"font-family: Verdana,sans-serif;\"><span style=\"font-size: small;\">Die vollst\u00e4ndige Umsetzung des Projektes \u201eHistorisches Dorf GANNAHALL\u201c wird voraussichtlich einen Zeitraum von 10 bis 15 Jahren in Anspruch nehmen. Aus diesem Grund wird das Projekt in zwei separate Bauphasen eingeteilt:<\/span><\/span><\/p>\n<ul>\n<li>\n<p align=\"JUSTIFY\"><span style=\"font-family: Verdana,sans-serif;\"><span style=\"font-size: small;\">Die prim\u00e4re Bauphase (P.\u00a0B.): In sie f\u00e4llt die Errichtung fast aller Geb\u00e4ude mit klarer Befundstruktur. Hierbei wird ein Zeitraum von bis zu 10\u00a0Jahren angesetzt.<\/span><\/span><\/p>\n<\/li>\n<\/ul>\n<p align=\"CENTER\"><span style=\"font-family: Verdana,sans-serif;\"><span style=\"font-size: xx-small;\">5<\/span><\/span><\/p>\n<ul>\n<li>\n<p align=\"JUSTIFY\"><span style=\"font-family: Verdana,sans-serif;\"><span style=\"font-size: small;\">Die sekund\u00e4re Bauphase (S.\u00a0B.): Hierin werden die Projekte durch experimentelle Arch\u00e4ologie umgesetzt werden. Die Zeitspanne der S.\u00a0B. ist nicht eingegrenzt und kann parallel zur P.\u00a0B. anlaufen.<\/span><\/span><\/p>\n<\/li>\n<\/ul>\n<p align=\"JUSTIFY\"><span style=\"font-family: Verdana,sans-serif;\"><span style=\"font-size: small;\">In die P.\u00a0B. fallen die Errichtung der Basiselemente und Wirtschaftsbereiche. Dazu z\u00e4hlen die Positionen: 1a-d, 2a-c, 3a-c, 4a-c, 6a-b, 7a, 8 und T.<\/span><\/span><\/p>\n<p align=\"JUSTIFY\"><span style=\"font-family: Verdana,sans-serif;\"><span style=\"font-size: small;\">F\u00fcr die Errichtung im Zuge experimenteller Arch\u00e4ologie vorgesehen sind in der S.\u00a0B. die Positionen 1f, 1e, 2c, 3d, 5a-c und 7b als Projekte (in Folge mit P I-\u2026 gekennzeichnet).<\/span><\/span><\/p>\n<p align=\"JUSTIFY\"><span style=\"font-family: Verdana,sans-serif;\"><span style=\"font-size: small;\">Im Detail beinhaltet die Planung folgende Positionen:<\/span><\/span><\/p>\n<p align=\"JUSTIFY\"><span style=\"font-family: Verdana,sans-serif;\"><span style=\"font-size: small;\"><b>1a: Versammlungshaus<\/b><\/span><\/span><\/p>\n<p align=\"JUSTIFY\"><span style=\"font-family: Verdana,sans-serif;\"><span style=\"font-size: small;\">Langhaus von 40\u00a0m L\u00e4nge. Durch eine aus dem Grabungsbefund nicht ersichtliche Unterteilung in Wohn-, Wirtschafts- und Stallbereich kann dieses Haus mit einiger Sicherheit als so genanntes Versammlungshaus nach skandinavischem Vorbild werden. Auch die vor dem Haus befindliche Freifl\u00e4che deutet auf eine Nutzung als Versammlungsort hin.<\/span><\/span><\/p>\n<p align=\"JUSTIFY\"><span style=\"font-family: Verdana,sans-serif;\"><span style=\"font-size: small;\">Solche Hallenh\u00e4user sind von den ortsans\u00e4ssigen Semnonen dieser Zeit nicht bekannt, da diese ihre Rats- und Volksversammlungen, Thing oder Ding genannt, in der Regel auf ihren heiligen Pl\u00e4tzen unter freiem Himmel abhielten. Da den Langobarden ihre urspr\u00fcnglichen Kultpl\u00e4tze auf ihrer Wanderung nicht zur Verf\u00fcgung standen, waren sie auf eigens angelegte Versammlungsorte angewiesen.<\/span><\/span><\/p>\n<p align=\"JUSTIFY\"><span style=\"font-family: Verdana,sans-serif;\"><span style=\"font-size: small;\">Auch den G\u00e4sten des historischen Dorfes GANNAHALL wird das Langhaus, sowie der zugeh\u00f6rige Vorplatz als Veranstaltungs- und Versammlungsort, z.\u00a0B. f\u00fcr themenbezogene Seminare oder zur Begehung diverser Feierlichkeiten zur Verf\u00fcgung stehen.<\/span><\/span><\/p>\n<p>[\/fusion_text][fusion_imageframe image_id=&#8220;12224&#8243; style_type=&#8220;none&#8220; hover_type=&#8220;none&#8220; align=&#8220;center&#8220; lightbox=&#8220;no&#8220; linktarget=&#8220;_self&#8220; hide_on_mobile=&#8220;small-visibility,medium-visibility,large-visibility&#8220; animation_direction=&#8220;left&#8220; animation_speed=&#8220;0.3&#8243;]http:\/\/www.semnonenbund.de\/wp-content\/uploads\/2017\/03\/projekt6-300&#215;249.jpg[\/fusion_imageframe][fusion_text]<\/p>\n<style type=\"text\/css\">\n\t<!-- @page { margin: 2cm } P { margin-bottom: 0.21cm } --><br \/>\t<\/style>\n<p align=\"CENTER\"><span style=\"font-family: Verdana,sans-serif;\"><span style=\"font-size: xx-small;\">Romantisierende Darstellung vom Inneren eines sogenannten Hallenhauses, wie es \u00e4hnlich z.B. in den v\u00f6lkerwanderungszeitlichen Sagen Mittel- und Nordeuropas beschrieben ist. <\/span><\/span><\/p>\n<p align=\"CENTER\"><span style=\"font-family: Verdana,sans-serif;\"><span style=\"font-size: xx-small;\">(Quelle: unbekannt)<\/span><\/span><\/p>\n<p>[\/fusion_text][fusion_text]<\/p>\n<style type=\"text\/css\">\n\t<!-- @page { margin: 2cm } P { margin-bottom: 0.21cm } --><br \/>\t<\/style>\n<p align=\"JUSTIFY\"><span style=\"font-family: Verdana,sans-serif;\"><span style=\"font-size: small;\"><b>1b: Museums-Haus I<\/b><\/span><\/span><span style=\"font-family: Verdana,sans-serif;\"><span style=\"font-size: small;\"> (Nutzungstausch mit 1d)<\/span><\/span><\/p>\n<p align=\"JUSTIFY\"><span style=\"font-family: Verdana,sans-serif;\"><span style=\"font-size: small;\">Langhaus von 20\u00a0m L\u00e4nge. Auch hier fehlt im Grabungsbefund die typische Aufteilung. Dieses Geb\u00e4ude soll als Museumshaus dienen, in welchem zuk\u00fcnftig unter anderem Replikate und Bildmaterial von zeitgen\u00f6ssischen Funden aus dem Havelland ausgestellt werden und weitere historische Fakten zum Thema, z.\u00a0B. mittels Schautafeln, vermittelt werden sollen.<\/span><\/span><\/p>\n<p>[\/fusion_text][fusion_imageframe image_id=&#8220;12225&#8243; style_type=&#8220;none&#8220; hover_type=&#8220;none&#8220; align=&#8220;center&#8220; lightbox=&#8220;no&#8220; linktarget=&#8220;_self&#8220; hide_on_mobile=&#8220;small-visibility,medium-visibility,large-visibility&#8220; animation_direction=&#8220;left&#8220; animation_speed=&#8220;0.3&#8243;]http:\/\/www.semnonenbund.de\/wp-content\/uploads\/2017\/03\/projekt7-300&#215;225.jpg[\/fusion_imageframe][fusion_text]<\/p>\n<style type=\"text\/css\">\n\t<!-- @page { margin: 2cm } P { margin-bottom: 0.21cm } --><br \/>\t<\/style>\n<p align=\"CENTER\"><span style=\"font-family: Verdana,sans-serif;\"><span style=\"font-size: xx-small;\">Foto eines germanischen Langhauses auf der Funkenburg Westgreu\u00dfen. Die Bauweise entspricht sich weitestgehend aufgrund der kulturellen Verwandtschaft von (th\u00fcringischen) Hermunduren und Semnonen.<\/span><\/span><\/p>\n<p align=\"CENTER\"><span style=\"font-family: Verdana,sans-serif;\"><span style=\"font-size: xx-small;\">(Quelle: www.funkenburg-westgreussen.de)<\/span><\/span><\/p>\n<p>[\/fusion_text][fusion_text]<\/p>\n<style type=\"text\/css\">\n\t<!-- @page { margin: 2cm } P { margin-bottom: 0.21cm } --><br \/>\t<\/style>\n<p align=\"JUSTIFY\"><span style=\"font-family: Verdana,sans-serif;\"><span style=\"font-size: small;\"><b>1c: G\u00e4stehaus I <\/b><\/span><\/span><span style=\"font-family: Verdana,sans-serif;\"><span style=\"font-size: small;\">(Nutzungstausch mit 2b)<\/span><\/span><\/p>\n<p align=\"JUSTIFY\">\u201e<span style=\"font-family: Verdana,sans-serif;\"><span style=\"font-size: small;\">Wohnen wie vor 2000\u00a0Jahren\u201c soll \u00fcbernachtungswilligen G\u00e4sten in diesem Langhaus von ca. 25\u00a0m L\u00e4nge erm\u00f6glicht werden. Von der zentralen \u201eDiele\u201c gehen links und rechts jeweils ein Wohn- und Schlafbereich f\u00fcr jeweils bis zu 8\u00a0Personen ab.<\/span><\/span><\/p>\n<p align=\"JUSTIFY\"><span style=\"font-family: Verdana,sans-serif;\"><span style=\"font-size: small;\">Dieses Haus schien im Original vierfach unterteilt zu sein. Klar erkennbar sind jedenfalls Wohn- und Wirtschaftsbereich, wohingegen eine weitere, nicht n\u00e4her identifizierbare Unterteilung im gr\u00f6\u00dferen Stallbereich gelegen haben k\u00f6nnte. Das Langhaus soll in einer sp\u00e4teren Bauphase im Rahmen experimenteller Arch\u00e4ologie errichtet werden. \u201eExperimentelle Arch\u00e4ologie\u201c bedeutet das Rekonstruieren ausschlie\u00dflich mithilfe der Materialien, Werkzeuge und M\u00f6glichkeiten, die den Bewohnern des Havellandes in den ersten Jahrhunderten u.\u00a0Z. zur Verf\u00fcgung standen. Angeboten sollen derartige Projekte allen Interessierten, Freunden und G\u00e4sten, sowie auch und vor allem Fachleuten wie Arch\u00e4ologen und Studenten entsprechender Fachrichtungen. Experimentelle Arch\u00e4ologie ist als weiterf\u00fchrende Ma\u00dfnahme f\u00fcr die Vor- und Fr\u00fchgeschichtsforschung mittlerweile unverzichtbar.<\/span><\/span><\/p>\n<p>[\/fusion_text][fusion_imageframe image_id=&#8220;12226&#8243; style_type=&#8220;none&#8220; hover_type=&#8220;none&#8220; align=&#8220;center&#8220; lightbox=&#8220;no&#8220; linktarget=&#8220;_self&#8220; hide_on_mobile=&#8220;small-visibility,medium-visibility,large-visibility&#8220; animation_direction=&#8220;left&#8220; animation_speed=&#8220;0.3&#8243;]http:\/\/www.semnonenbund.de\/wp-content\/uploads\/2017\/03\/projekt8-300&#215;225.jpg[\/fusion_imageframe][fusion_text]<\/p>\n<style type=\"text\/css\">\n\t<!-- @page { margin: 2cm } P { margin-bottom: 0.21cm } A:link { color: #0000ff } --><br \/>\t<\/style>\n<p align=\"CENTER\"><span style=\"font-family: Verdana,sans-serif;\"><span style=\"font-size: xx-small;\">Innenansicht des Wohnbereiches eines germanischen Langhauses im germanischen Freilichtmuseum Elsarn\/\u00d6sterreich<\/span><\/span><\/p>\n<p align=\"CENTER\"><span style=\"font-family: Verdana,sans-serif;\"><span style=\"font-size: xx-small;\">(Quelle: <\/span><\/span><span style=\"color: #0000ff;\"><span style=\"color: #000000;\"><span style=\"font-family: Verdana,sans-serif;\"><span style=\"font-size: xx-small;\">www.freilichtmuseum-elsarn.at<\/span><\/span><\/span><\/span><span style=\"color: #000000;\"><span style=\"font-family: Verdana,sans-serif;\"><span style=\"font-size: xx-small;\">)<\/span><\/span><\/span><\/p>\n<p>[\/fusion_text][fusion_text]<\/p>\n<style type=\"text\/css\">\n\t<!-- @page { margin: 2cm } P { margin-bottom: 0.21cm } --><br \/>\t<\/style>\n<p align=\"JUSTIFY\"><span style=\"font-family: Verdana,sans-serif;\"><span style=\"font-size: small;\"><b>1d: G\u00e4stehaus II <\/b><\/span><\/span><span style=\"font-family: Verdana,sans-serif;\"><span style=\"font-size: small;\">(Nutzungstausch mit 1b)<\/span><\/span><\/p>\n<p align=\"JUSTIFY\"><span style=\"font-family: Verdana,sans-serif;\"><span style=\"font-size: small;\">Langhaus von ca. 25\u00a0m L\u00e4nge. Dieses Haus soll als \u201eBettenhaus\u201c im Stile einer rustikalen Jugendherberge \u00dcbernachtungsm\u00f6glichkeiten f\u00fcr Schulklassen, Studenten, Reisegruppen oder sonstige Mehrtagestouristen bieten, die nach einem erlebnisreichen Tag die Nacht lieber in einem Bett moderner Bauart verbringen m\u00f6chten. Das Langhaus kann zu diesem Zweck in mehrere R\u00e4ume unterteilt werden und wird neben elektrischem Licht \u00fcber einen durchgehenden Dielenboden verf\u00fcgen. Das G\u00e4stehaus hat die Kapazit\u00e4t, bis zu 20\u00a0Doppelstockbetten aufzunehmen, kann also 40 G\u00e4sten (z.B. Sch\u00fclern) \u00dcbernachtungsm\u00f6glichkeit bieten.<\/span><\/span><\/p>\n<p align=\"JUSTIFY\"><span style=\"font-family: Verdana,sans-serif;\"><span style=\"font-size: small;\"><b>1e und 1f: \u201eProjekt-H\u00e4user P.I und P.II\/ Stallhaus f\u00fcr Nutzvieh\u201c<\/b><\/span><\/span><\/p>\n<p align=\"JUSTIFY\"><span style=\"font-family: Verdana,sans-serif;\"><span style=\"font-size: small;\">Bei beiden H\u00e4usern scheint es sich dem Grabungsbefund zufolge um reine Stallh\u00e4user + angef\u00fcgtem Wirtschaftsbereich zu handeln. Da eingehende Recherchen, bzw. Publikationen zu diesen beiden H\u00e4usern nicht vorliegen, werden diese als Projekte f\u00fcr die experimentelle Arch\u00e4ologie ausgeschrieben und zur Recherche und Umsetzung an Fachleute entsprechender Forschungsrichtungen vergeben. Folglich wird dieses Geb\u00e4ude museal genutzt werden.<br \/>\nIn diesem Geb\u00e4ude sollen im Stallteil bis zu 4 St\u00fcck Schafe einer historischen, bzw. einer r\u00fcckgez\u00fcchteten Schafrasse zu Anschauungszwecken untergebracht werden. Diese winterharten Schafrassen bed\u00fcrfen in der Regel keiner gesonderten Einstallung, dennoch soll eine m\u00f6glichst authentische Darstellung auch diesbez\u00fcglich angeboten werden.<\/span><\/span><\/p>\n<p align=\"JUSTIFY\"><span style=\"font-family: Verdana,sans-serif;\"><span style=\"font-size: small;\"><b>2a: Wirtschaftshaus <\/b><\/span><\/span><\/p>\n<p align=\"JUSTIFY\"><span style=\"font-family: Verdana,sans-serif;\"><span style=\"font-size: small;\">Einfaches germanisches Wohnhaus von 10\u00a0m L\u00e4nge. Dieses Geb\u00e4ude soll zur Unterbringung und Lagerung diverser Requisiten und Werkzeuge dienen.<\/span><\/span><\/p>\n<p align=\"JUSTIFY\"><span style=\"font-family: Verdana,sans-serif;\"><span style=\"font-size: small;\"><b>2b: Museumshaus II <\/b><\/span><\/span><span style=\"font-family: Verdana,sans-serif;\"><span style=\"font-size: small;\">(Nutzungstausch mit 1c)<\/span><\/span><\/p>\n<p align=\"JUSTIFY\"><span style=\"font-family: Verdana,sans-serif;\"><span style=\"font-size: small;\">Dreischiffiges Langhaus von 15\u00a0&#8211;\u00a020\u00a0m L\u00e4nge, mit unterteiltem Wohn-, Stall- und Wirtschaftsbereich. Hier soll anschaulich das Leben unserer Vorfahren auf museale Art dargestellt werden.<\/span><\/span><\/p>\n<p align=\"JUSTIFY\"><span style=\"font-family: Verdana,sans-serif;\"><span style=\"font-size: small;\">\u00c4hnlich wie beim Langhaus von Berlin-Hermsdorf wird der Museumsbesucher dieses Haus auf seinem Weg durch das Dorf durchschreiten und einen Eindruck des damaligen Lebens gewinnen k\u00f6nnen. Auch hier sollen langfristig Puppen in zeitgen\u00f6ssischer Tracht den Eindruck eines bewohnten Hauses vermitteln.<\/span><\/span><\/p>\n<p align=\"JUSTIFY\"><span style=\"font-family: Verdana,sans-serif;\"><span style=\"font-size: small;\"><b>2c: \u201eProjekt-Haus P.III\u201c<\/b><\/span><\/span><\/p>\n<p align=\"JUSTIFY\"><span style=\"font-family: Verdana,sans-serif;\"><span style=\"font-size: small;\">Wohn-Stallhaus von knapp 20\u00a0m L\u00e4nge und speziellem Grundriss. Dieses Geb\u00e4ude wird als Projekt f\u00fcr experimentelle Arch\u00e4ologie ausgeschrieben.<\/span><\/span><\/p>\n<p align=\"JUSTIFY\"><span style=\"font-family: Verdana,sans-serif;\"><span style=\"font-size: small;\"><b>3a, 3b, 3c: Grubenhaus I, II und III <\/b><\/span><\/span><span style=\"font-family: Verdana,sans-serif;\"><span style=\"font-size: small;\">(3c Nutzungstausch mit 6a\/Schmiede)<\/span><\/span><\/p>\n<p align=\"JUSTIFY\"><span style=\"font-family: Verdana,sans-serif;\"><span style=\"font-size: small;\">Zeitgen\u00f6ssische eingetiefte Wirtschaftsh\u00e4user von quadratischer, bis leicht rechteckiger Grundfl\u00e4che und 4\u00a0\u2013\u00a08\u00a0m Seitenl\u00e4nge. Dieser Typ war aufgrund seines angenehmen Raumklimas vor allem w\u00e4hrend des Sommers als Wirtschafts- und Arbeitshaus in Gebrauch. In erster Linie wurden Grubenh\u00e4user als Webh\u00fctten genutzt, welche den Frauen mehrerer H\u00f6fe zur Verf\u00fcgung standen, die dort in Gemeinschaft ihrem Handwerk nachgingen.<\/span><\/span><\/p>\n<p align=\"JUSTIFY\"><span style=\"font-family: Verdana,sans-serif;\"><span style=\"font-size: small;\"><b>3a<\/b><\/span><\/span><span style=\"font-family: Verdana,sans-serif;\"><span style=\"font-size: small;\"> soll Museumscharakter haben. Verschiedene Webst\u00fchle und sonstige Textilverarbeitungsger\u00e4te, sowie entsprechende Werkzeuge sollen hier ausgestellt werden.<\/span><\/span><\/p>\n<p align=\"JUSTIFY\"><span style=\"font-family: Verdana,sans-serif;\"><span style=\"font-size: small;\">In <\/span><\/span><span style=\"font-family: Verdana,sans-serif;\"><span style=\"font-size: small;\"><b>3b<\/b><\/span><\/span><span style=\"font-family: Verdana,sans-serif;\"><span style=\"font-size: small;\"> werden interessierte G\u00e4ste die M\u00f6glichkeit haben, die in 3a ausgestellten Ger\u00e4tschaften auszuprobieren und sich selbst einen Eindruck von den M\u00f6glichkeiten der traditionellen germanischen Textilverarbeitung zu verschaffen.<\/span><\/span><\/p>\n<p align=\"JUSTIFY\"><span style=\"font-family: Verdana,sans-serif;\"><span style=\"font-size: small;\">Im Grubenhaus <\/span><\/span><span style=\"font-family: Verdana,sans-serif;\"><span style=\"font-size: small;\"><b>3c<\/b><\/span><\/span><span style=\"font-family: Verdana,sans-serif;\"><span style=\"font-size: small;\"> wird sich zuk\u00fcnftig die T\u00f6pferei befinden. Auch dieses Handwerk l\u00e4sst sich im typischen k\u00fchlen Klima eines Grubenhauses hervorragend ausf\u00fchren. <\/span><\/span><\/p>\n<p align=\"CENTER\"><span style=\"font-family: Verdana,sans-serif;\"><span style=\"font-size: small;\">8<\/span><\/span><\/p>\n<p align=\"JUSTIFY\"><span style=\"font-family: Verdana,sans-serif;\"><span style=\"font-size: small;\">Die Trocknung der frischen T\u00f6pfereierzeugnisse wird vor dem Grubenhaus vorgenommen, w\u00e4hrend das Brennen der Keramik im Ton-Brennofen <\/span><\/span><span style=\"font-family: Verdana,sans-serif;\"><span style=\"font-size: small;\"><b>7a<\/b><\/span><\/span><span style=\"font-family: Verdana,sans-serif;\"><span style=\"font-size: small;\"> stattfindet.<\/span><\/span><\/p>\n<p>[\/fusion_text][fusion_imageframe image_id=&#8220;12227&#8243; style_type=&#8220;none&#8220; hover_type=&#8220;none&#8220; align=&#8220;center&#8220; lightbox=&#8220;no&#8220; linktarget=&#8220;_self&#8220; hide_on_mobile=&#8220;small-visibility,medium-visibility,large-visibility&#8220; animation_direction=&#8220;left&#8220; animation_speed=&#8220;0.3&#8243;]http:\/\/www.semnonenbund.de\/wp-content\/uploads\/2017\/03\/projekt9-300&#215;211.jpg[\/fusion_imageframe][fusion_text]<\/p>\n<style type=\"text\/css\">\n\t<!-- @page { margin: 2cm } P { margin-bottom: 0.21cm } --><br \/>\t<\/style>\n<p align=\"CENTER\"><span style=\"font-family: Verdana,sans-serif;\"><span style=\"font-size: xx-small;\">Einblick ins Innere eines Grubenhauses mit angedeuteter Webstube. Diese eingetieften H\u00e4user dienten nachweislich in der Hauptsache als Werkst\u00e4tten. Diese Abbildung entstammt eventuell einem Schulbuch der Nachkriegszeit. (Quelle: unbekannt)<\/span><\/span><\/p>\n<p>[\/fusion_text][fusion_text]<\/p>\n<style type=\"text\/css\">\n\t<!-- @page { margin: 2cm } P { margin-bottom: 0.21cm } --><br \/>\t<\/style>\n<p align=\"JUSTIFY\"><span style=\"font-family: Verdana,sans-serif;\"><span style=\"font-size: small;\"><b>3d: \u201eProjekt-Grubenhaus P.IV\u201c<\/b><\/span><\/span><\/p>\n<p align=\"JUSTIFY\"><span style=\"font-family: Verdana,sans-serif;\"><span style=\"font-size: small;\">Dieses Grubenhaus scheint nur zur H\u00e4lfte eingetieft gewesen zu sein. \u00dcber Aufbau und Nutzung besteht aktuell leider noch Unklarheit. Da dieses Geb\u00e4ude sich jedoch im von uns zu rekonstruierenden Areal befindet und f\u00fcr Arch\u00e4ologen, bzw. Historiker entsprechender Fachrichtung evtl. ein interessantes Forschungsobjekt darstellt, wird 3d als P.IV f\u00fcr experimentelle Arch\u00e4ologie ausgeschrieben.<\/span><\/span><\/p>\n<p align=\"JUSTIFY\"><span style=\"font-family: Verdana,sans-serif;\"><span style=\"font-size: small;\"><b>4a-c: Gestelzte Speicherbauten<\/b><\/span><\/span><\/p>\n<p align=\"JUSTIFY\"><span style=\"font-family: Verdana,sans-serif;\"><span style=\"font-size: small;\">Dieser Geb\u00e4udetyp diente zur Lagerung von landwirtschaftlichen Erzeugnissen, in erster Linie Getreide. Die Formen der Grundfl\u00e4che k\u00f6nnen sowohl quadratisch oder rechteckig, als auch trapezf\u00f6rmig, oval oder in Einzelf\u00e4llen sogar rund sein. Urs\u00e4chlicher Zweck der Nutzung und technisches Grundprinzip dieser Bauten ist jedoch allen gemein. Ihre Errichtung auf hohen Stelzen sollte die eingelagerten Lebensmittel vor allem vor Hochwasser, Bodenn\u00e4sse und Nahrungssch\u00e4dlingen, wie Insekten, M\u00e4usen und Ratten sch\u00fctzen. <\/span><\/span><\/p>\n<p align=\"JUSTIFY\"><span style=\"font-family: Verdana,sans-serif;\"><span style=\"font-size: small;\">Letzterer Zweck wurde seinerzeit durch spezielle Behandlung der Unterkonstruktion, wie zum Beispiel durch Anbrennen der Pf\u00e4hle im Feuer oder das Bestreichen mit diversen Harzen und Teeren erreicht.<\/span><\/span><\/p>\n<p align=\"JUSTIFY\"><span style=\"font-family: Verdana,sans-serif;\"><span style=\"font-size: small;\">Da in den zur Verf\u00fcgung stehenden Grabungsunterlagen keine Angaben oder entsprechende Analyse zu Speicherbauten verzeichnet sind, werden in n\u00e4chster Zeit die belegten Typen zeitgen\u00f6ssischer Speicherbauten unserer Region recherchiert und daraufhin die gebr\u00e4uchlichsten rekonstruiert.<\/span><\/span><\/p>\n<p>[\/fusion_text][fusion_imageframe image_id=&#8220;12228&#8243; style_type=&#8220;none&#8220; hover_type=&#8220;none&#8220; align=&#8220;center&#8220; lightbox=&#8220;no&#8220; linktarget=&#8220;_self&#8220; hide_on_mobile=&#8220;small-visibility,medium-visibility,large-visibility&#8220; animation_direction=&#8220;left&#8220; animation_speed=&#8220;0.3&#8243;]http:\/\/www.semnonenbund.de\/wp-content\/uploads\/2017\/03\/projekt10-300&#215;225.jpg[\/fusion_imageframe][fusion_text]<\/p>\n<style type=\"text\/css\">\n\t<!-- @page { margin: 2cm } P { margin-bottom: 0.21cm } --><br \/>\t<\/style>\n<p align=\"CENTER\"><span style=\"font-family: Verdana,sans-serif;\"><span style=\"font-size: xx-small;\">Beispiel eines typisch germanischen Speicherbaus aus Elsarn\/\u00d6sterreich<\/span><\/span><\/p>\n<p align=\"CENTER\"><span style=\"font-family: Verdana,sans-serif;\"><span style=\"font-size: xx-small;\">(Quelle: <\/span><\/span><span style=\"font-family: Verdana,sans-serif;\"><span style=\"font-size: xx-small;\">www.freilichtmuseum-elsarn.at)<\/span><\/span><\/p>\n<p>[\/fusion_text][fusion_text]<\/p>\n<style type=\"text\/css\">\n\t<!-- @page { margin: 2cm } P { margin-bottom: 0.21cm } --><br \/>\t<\/style>\n<p align=\"JUSTIFY\"><span style=\"font-family: Verdana,sans-serif;\"><span style=\"font-size: small;\"><b>5a: Brunnen<\/b><\/span><\/span><\/p>\n<p align=\"JUSTIFY\"><span style=\"font-family: Verdana,sans-serif;\"><span style=\"font-size: small;\">Da eine eingehende wissenschaftliche Analyse der in Nauen-B\u00e4rhorst freigelegten Brunnen nicht vorliegt, wird zur Rekonstruktion derselben auf die fachliche Abhandlung des Arch\u00e4ologen und Spezialisten auf dem Gebiet des germanischen Brunnenbaus, Peter Sch\u00f6neburg (Sonderdruck aus \u201eVer\u00f6ffentlichungen des Brandenburgischen Landesmuseums f\u00fcr Ur- und Fr\u00fchgeschichte\u201c Bd.\u00a030, 1996) zur\u00fcckgegriffen, in welcher 13\u00a0Korbgeflechtbrunnen, 7\u00a0Kastenbrunnen, 1\u00a0Baumstammbrunnen, 1\u00a0zylindrischer Brunnen in Stabbautechnik, 1\u00a0Kastenbrunnen mit eingebautem Baumstamm und 1\u00a0Korbgeflechtbrunnen mit Steinkranz (alle aus der semnonischen Siedlung von Dallgow-D\u00f6beritz) eingehend beschrieben werden.<\/span><\/span><\/p>\n<p align=\"JUSTIFY\"><span style=\"font-family: Verdana,sans-serif;\"><span style=\"font-size: small;\">Brunnen 5a wird in der ersten Bauphase als Kastenbrunnen errichtet.<\/span><\/span><\/p>\n<p>[\/fusion_text][fusion_imageframe image_id=&#8220;12229&#8243; style_type=&#8220;none&#8220; hover_type=&#8220;none&#8220; align=&#8220;center&#8220; lightbox=&#8220;no&#8220; linktarget=&#8220;_self&#8220; hide_on_mobile=&#8220;small-visibility,medium-visibility,large-visibility&#8220; animation_direction=&#8220;left&#8220; animation_speed=&#8220;0.3&#8243;]http:\/\/www.semnonenbund.de\/wp-content\/uploads\/2017\/03\/projekt11-282&#215;300.jpg[\/fusion_imageframe][fusion_text]<\/p>\n<style type=\"text\/css\">\n\t<!-- @page { margin: 2cm } P { margin-bottom: 0.21cm } --><br \/>\t<\/style>\n<p align=\"CENTER\"><span style=\"font-family: Verdana,sans-serif;\"><span style=\"font-size: xx-small;\">Kastenbrunnen in \u201eBlockbauweise\u201c sind aufgrund der massiveren Bauweise langlebiger als beispielsweise Korbgeflechtbrunnen und trotz erh\u00f6hten Aufwandes weit verbreitet im semnonischen Siedlungsgebiet.<\/span><\/span><\/p>\n<p align=\"CENTER\"><span style=\"font-family: Verdana,sans-serif;\"><span style=\"font-size: xx-small;\">(Quelle: \u201eAls in Hermsdorf noch die Semnonen wohnten\u201c, von Hans-Joachim Arnold)<\/span><\/span><\/p>\n<p>[\/fusion_text][fusion_text]<\/p>\n<style type=\"text\/css\">\n\t<!-- @page { margin: 2cm } P { margin-bottom: 0.21cm } --><br \/>\t<\/style>\n<p align=\"JUSTIFY\"><span style=\"font-family: Verdana,sans-serif;\"><span style=\"font-size: small;\"><b>5b, 5c: \u201eProjekt-Brunnen P.V und P.VI\u201c<\/b><\/span><\/span><\/p>\n<p align=\"JUSTIFY\"><span style=\"font-family: Verdana,sans-serif;\"><span style=\"font-size: small;\">Beide Brunnen werden in sp\u00e4teren Bauphasen innerhalb von Projekten der experimentellen Arch\u00e4ologie errichtet. 5b soll als Korbgeflechtbrunnen und 5c als Baum-stammbrunnen rekonstruiert werden.<\/span><\/span><\/p>\n<p align=\"JUSTIFY\"><span style=\"font-family: Verdana,sans-serif;\"><span style=\"font-size: small;\"><b>6a-b: Zwei \u00fcberdachte Arbeitsstellen, Schmiede und B\u00e4ckerei<\/b><\/span><\/span><\/p>\n<p align=\"JUSTIFY\"><span style=\"font-family: Verdana,sans-serif;\"><span style=\"font-size: small;\">Fast jede gr\u00f6\u00dfere kaiserzeitliche Siedlung im Havelland verf\u00fcgte \u00fcber einen oder mehrere Bereiche, in denen Handwerk wie das Schmieden, die Verh\u00fcttung von Eisen oder das Brennen von Keramik durchgef\u00fchrt wurden. <\/span><\/span><\/p>\n<p align=\"JUSTIFY\"><span style=\"font-family: Verdana,sans-serif;\"><span style=\"font-size: small;\">Diese scheinen, wie auch die verschiedenen Arten von \u00d6fen, entweder in speziellen eingetieften Arbeitsh\u00e4usern oder aber \u201eOpen Air\u201c, immer aber in einiger Entfernung zu den Wohngeb\u00e4uden errichtet worden zu sein. Dies lag zum einen an der m\u00f6glichen L\u00e4rmbel\u00e4stigung, vielmehr jedoch sollte im Brandfall ein \u00dcbergreifen der Flammen auf die umliegende Wohnbebauung verhindert werden.<\/span><\/span><\/p>\n<p align=\"JUSTIFY\"><span style=\"font-family: Verdana,sans-serif;\"><span style=\"font-size: small;\">Aus diesem Grund werden die Werkst\u00e4tten <\/span><\/span><span style=\"font-family: Verdana,sans-serif;\"><span style=\"font-size: small;\"><b>6a-b<\/b><\/span><\/span><span style=\"font-family: Verdana,sans-serif;\"><span style=\"font-size: small;\">, sowie die \u00d6fen <\/span><\/span><span style=\"font-family: Verdana,sans-serif;\"><span style=\"font-size: small;\"><b>7a-b<\/b><\/span><\/span><span style=\"font-family: Verdana,sans-serif;\"><span style=\"font-size: small;\"> nicht wie im Plan festgelegt errichtet, sondern im nord\u00f6stlichen Bereich des Dorfes mit ausreichendem Abstand zu den anderen H\u00e4usern der Siedlung.<\/span><\/span><\/p>\n<p align=\"JUSTIFY\"><span style=\"font-family: Verdana,sans-serif;\"><span style=\"font-size: small;\">In der Regel boten leichte Holzkonstruktionen, bestehend aus St\u00e4nderwerk, Dach und zwei- bis dreiseitige Windf\u00e4ngen aus Korbgeflecht dem Handwerker Schutz vor Witterungseinfl\u00fcssen. <\/span><\/span><\/p>\n<p align=\"JUSTIFY\"><span style=\"font-family: Verdana,sans-serif;\"><span style=\"font-size: small;\">In der Schmiede (<\/span><\/span><span style=\"font-family: Verdana,sans-serif;\"><span style=\"font-size: small;\"><b>6a<\/b><\/span><\/span><span style=\"font-family: Verdana,sans-serif;\"><span style=\"font-size: small;\">) sollen die traditionellen Werkzeuge nicht nur ausgestellt werden, sondern auch praktischer Nutzung zur Verf\u00fcgung stehen.<\/span><\/span><\/p>\n<p align=\"JUSTIFY\"><span style=\"font-family: Verdana,sans-serif;\"><span style=\"font-size: small;\">Da es sich beim Schmieden um eine eher ger\u00e4uschintensive T\u00e4tigkeit handelt, wird sich die \u00fcberdachte Schmiede im hinteren Teil des historischen Dorfes befinden. <\/span><\/span><\/p>\n<p align=\"JUSTIFY\"><span style=\"font-family: Verdana,sans-serif;\"><span style=\"font-size: small;\">Eingang bzw. offener Bereich des Arbeitsplatzes werden au\u00dferdem in Richtung Kanal zeigen, w\u00e4hrend der r\u00fcckw\u00e4rtige Teil, \u00e4hnlich wie beim eingetieften Grubenhaus, mit einer Erdansch\u00fcttung versehen wird, um den umliegenden Anwohnern eine Bel\u00e4stigung durch L\u00e4rmemission weitestgehend zu ersparen.<\/span><\/span><\/p>\n<p align=\"JUSTIFY\"><span style=\"font-family: Verdana,sans-serif;\"><span style=\"font-size: small;\">Aus eben diesem Grund wird die Schmiede auch lediglich zu bestimmten Veranstaltungen in Betrieb sein.<\/span><\/span><\/p>\n<p align=\"JUSTIFY\"><span style=\"font-family: Verdana,sans-serif;\"><span style=\"font-size: small;\">Der traditionelle Backofen (<\/span><\/span><span style=\"font-family: Verdana,sans-serif;\"><span style=\"font-size: small;\"><b>6b<\/b><\/span><\/span><span style=\"font-family: Verdana,sans-serif;\"><span style=\"font-size: small;\">)ist von \u00e4hnlicher Konstruktion und Anlage wie der Ton-Brennofen (7a). Ein bis zwei dieser gro\u00dfen halbkugeligen Lehm\u00f6fen dienten der kompletten Einwohnerschaft einer mittelgro\u00dfen germanischen Siedlung zum Backen von Teigwaren, Fleisch und anderen Nahrungsmitteln.<\/span><\/span><\/p>\n<p>[\/fusion_text][fusion_imageframe image_id=&#8220;12247&#8243; style_type=&#8220;none&#8220; stylecolor=&#8220;#ffffff&#8220; hover_type=&#8220;zoomin&#8220; align=&#8220;center&#8220; lightbox=&#8220;no&#8220; linktarget=&#8220;_self&#8220; hide_on_mobile=&#8220;small-visibility,medium-visibility,large-visibility&#8220; animation_direction=&#8220;left&#8220; animation_speed=&#8220;0.3&#8243; animation_offset=&#8220;top-into-view&#8220;]http:\/\/www.semnonenbund.de\/wp-content\/uploads\/2017\/03\/projekt12-300&#215;169.jpg[\/fusion_imageframe][fusion_text]<\/p>\n<style type=\"text\/css\">\n\t<!-- @page { margin: 2cm } P { margin-bottom: 0.21cm } A:link { color: #0000ff } --><br \/>\t<\/style>\n<p align=\"CENTER\"><span style=\"font-family: Verdana,sans-serif;\"><span style=\"font-size: xx-small;\">\u00dcberdachter Backplatz im hermundurischen Museumsdorf Funkenburg<\/span><\/span><\/p>\n<p align=\"CENTER\"><span style=\"font-family: Verdana,sans-serif;\"><span style=\"font-size: xx-small;\">(Quelle: <\/span><\/span><span style=\"color: #0000ff;\"><span style=\"color: #000000;\"><span style=\"font-family: Verdana,sans-serif;\"><span style=\"font-size: xx-small;\">www.funkenburg-westgreussen.de<\/span><\/span><\/span><\/span><span style=\"color: #000000;\"><span style=\"font-family: Verdana,sans-serif;\"><span style=\"font-size: xx-small;\">)<\/span><\/span><\/span><\/p>\n<p>[\/fusion_text][fusion_text]<\/p>\n<style type=\"text\/css\">\n\t<!-- @page { margin: 2cm } P { margin-bottom: 0.21cm } --><br \/>\t<\/style>\n<p align=\"JUSTIFY\"><span style=\"font-family: Verdana,sans-serif;\"><span style=\"font-size: small;\"><b>7a: Brennofen f\u00fcr Keramik<\/b><\/span><\/span><\/p>\n<p align=\"JUSTIFY\"><span style=\"font-family: Verdana,sans-serif;\"><span style=\"font-size: small;\">Unverzichtbar war im germanischen Dorf der r\u00f6mischen Kaiserzeit die Existenz eines Ofens zum Brennen von Tonwaren. In \u00fcblicher Bauweise fu\u00dfte dieser auf einem Weidengeflecht-Skelett, welches dem folgenden Lehmbewurf Form und Stabilit\u00e4t verlieh. <\/span><\/span><\/p>\n<p align=\"JUSTIFY\"><span style=\"font-family: Verdana,sans-serif;\"><span style=\"font-size: small;\">Als Vorlage soll ein zeitgen\u00f6ssisches Exemplar vom Siedlungsplatz Nauen-Mahlbusen dienen. Auch er besitzt freistehende \u00dcberdachung.<\/span><\/span><\/p>\n<p>[\/fusion_text][fusion_imageframe image_id=&#8220;12792&#8243; style_type=&#8220;none&#8220; hover_type=&#8220;none&#8220; align=&#8220;center&#8220; lightbox=&#8220;no&#8220; linktarget=&#8220;_self&#8220; hide_on_mobile=&#8220;small-visibility,medium-visibility,large-visibility&#8220; animation_direction=&#8220;left&#8220; animation_speed=&#8220;0.3&#8243;]http:\/\/www.gannahall.de\/wp-content\/uploads\/2017\/03\/projekt13.png[\/fusion_imageframe][fusion_text]<\/p>\n<style type=\"text\/css\">\n\t<!-- @page { margin: 2cm } P { margin-bottom: 0.21cm } --><br \/>\t<\/style>\n<p align=\"CENTER\"><span style=\"font-family: Verdana,sans-serif;\"><span style=\"font-size: xx-small;\">Schematischer Querschnitt eines Tonbrennofens. <\/span><\/span><\/p>\n<p align=\"CENTER\"><span style=\"font-family: Verdana,sans-serif;\"><span style=\"font-size: xx-small;\">(Quelle: \u201eAls in Hermsdorf noch die Semnonen wohnten\u201c von Hans-Joachim Arnold)<\/span><\/span><\/p>\n<p>[\/fusion_text][fusion_text]<\/p>\n<style type=\"text\/css\">\n\t<!-- @page { margin: 2cm } P { margin-bottom: 0.21cm } --><br \/>\t<\/style>\n<p align=\"JUSTIFY\"><span style=\"font-family: Verdana,sans-serif;\"><span style=\"font-size: small;\"><b>7b: Rennofen<\/b><\/span><\/span><\/p>\n<p align=\"JUSTIFY\"><span style=\"font-family: Verdana,sans-serif;\"><span style=\"font-size: small;\">Zum Verh\u00fctten von Eisenerz (im Havelland vornehmlich sog. Raseneisenerz) nutzten die Germanen in der Regel die einfache aber effektive Konstruktion des Rennofens. <\/span><\/span><\/p>\n<p align=\"JUSTIFY\"><span style=\"font-family: Verdana,sans-serif;\"><span style=\"font-size: small;\">Da diese \u00d6fen meist nur einmalig genutzt wurden, finden sich ihrer viele in kaiserzeitlichen Siedlungen der Region.<\/span><\/span><\/p>\n<p align=\"JUSTIFY\"><span style=\"font-family: Verdana,sans-serif;\"><span style=\"font-size: small;\">Es wird einen Muster-Rennofen geben, welcher nicht betrieben wird, sondern lediglich zur Anschauung vorgesehen ist und zum Zweck einer Darstellung oder im Zuge experimenteller Arch\u00e4ologie werden praktisch nutzbare Renn\u00f6fen erstellt werden, welche im Anschluss wieder entfernt werden.<\/span><\/span><\/p>\n<p align=\"JUSTIFY\"><span style=\"font-family: Verdana,sans-serif;\"><span style=\"font-size: small;\"><b>8: Sicherungsanlage mit Graben, Wall und Palisadenzaun<\/b><\/span><\/span><\/p>\n<p align=\"JUSTIFY\"><span style=\"font-family: Verdana,sans-serif;\"><span style=\"font-size: small;\">F\u00fcr das Germanendorf von Nauen-B\u00e4rhorst kann eine quadratische Sicherungsanlage, bestehend aus hoher Palisade (evtl. sogar zweireihig auf einem Wall?) angenommen werden, auch wenn sich eine solche Umgrenzung lediglich f\u00fcr den nord\u00f6stlichen Randbereich der Siedlung nachweisen l\u00e4sst. Im Original erstreckte sich der Palisadenzaun vermutlich \u00fcber die komplette L\u00e4nge der Siedlungsgrenze, sofern sie nicht auf ein oder zwei Seiten von Wasser begrenzt wurde. <\/span><\/span><\/p>\n<p align=\"JUSTIFY\"><span style=\"font-family: Verdana,sans-serif;\"><span style=\"font-size: small;\">Da germanische Siedlungen oftmals auch von \u201enat\u00fcrlich gewachsenen\u201c Schutzanlagen, wie so genannten \u201eGeb\u00fccken\u201c umgeben waren, wird das historische Dorf Gannhall von einer Kombination verschiedener Wehr- und Schutzanlagen umgeben sein.<\/span><\/span><\/p>\n<p>[\/fusion_text][fusion_imageframe image_id=&#8220;12794&#8243; style_type=&#8220;none&#8220; hover_type=&#8220;none&#8220; align=&#8220;center&#8220; lightbox=&#8220;no&#8220; linktarget=&#8220;_self&#8220; hide_on_mobile=&#8220;small-visibility,medium-visibility,large-visibility&#8220; animation_direction=&#8220;left&#8220; animation_speed=&#8220;0.3&#8243;]http:\/\/www.gannahall.de\/wp-content\/uploads\/2017\/03\/projekt14.jpg[\/fusion_imageframe][fusion_text]<\/p>\n<style type=\"text\/css\">\n\t<!-- @page { margin: 2cm } P { margin-bottom: 0.21cm } --><br \/>\t<\/style>\n<p align=\"CENTER\"><span style=\"font-family: Verdana,sans-serif;\"><span style=\"font-size: xx-small;\">Palisadenzaun mit Tor als eine der Sicherungsanlagen der hermundurischen Wehrsiedlung Funkenburg in Th\u00fcringen<\/span><\/span><\/p>\n<p align=\"CENTER\"><span style=\"font-family: Verdana,sans-serif;\"><span style=\"font-size: xx-small;\">(Quelle: www.funkenburg-westgreussen.de)<\/span><\/span><\/p>\n<p>[\/fusion_text][fusion_text]<\/p>\n<style type=\"text\/css\">\n\t<!-- @page { margin: 2cm } P { margin-bottom: 0.21cm } --><br \/>\t<\/style>\n<p align=\"JUSTIFY\"><span style=\"font-family: Verdana,sans-serif;\"><span style=\"font-size: small;\"><b>T: Teich<\/b><\/span><\/span><\/p>\n<p align=\"JUSTIFY\"><span style=\"font-family: Verdana,sans-serif;\"><span style=\"font-size: small;\">Innerhalb der Siedlung von Nauen\/B\u00e4rhorst befanden sich am westlichen Rand zwei verschieden gro\u00dfe, kreisrunde Teiche, welche im urspr\u00fcnglichen Grabungsplan als \u201eT\u00fcmpel\u201c aufgef\u00fchrt werden. <\/span><\/span><\/p>\n<p align=\"JUSTIFY\"><span style=\"font-family: Verdana,sans-serif;\"><span style=\"font-size: small;\">Diese Wasserl\u00f6cher wurden k\u00fcnstlich hergestellt und dienten den Bewohnern des Dorfes sowohl als Feuerl\u00f6schteich im Brandfall, als auch zur Senkung des Grundwasserspiegels, da die Siedlung eher ung\u00fcnstig auf einem sehr flachen Talsandh\u00fcgel gelegen war. Jedenfalls wurden die Teiche seinerzeit gezielt innerhalb der Siedlungsgrenze angelegt, weshalb dies auch im historischen Dorf Gannahall genauso geschehen soll.<\/span><\/span><\/p>\n<p align=\"JUSTIFY\"><span style=\"font-family: Verdana,sans-serif;\"><span style=\"font-size: small;\">Aufgrund des begrenzten Platzangebotes werden die beiden Teiche allerdings zu einem einzigen zusammengelegt.<\/span><\/span><\/p>\n<p>[\/fusion_text][fusion_imageframe image_id=&#8220;12795&#8243; style_type=&#8220;none&#8220; hover_type=&#8220;none&#8220; align=&#8220;center&#8220; lightbox=&#8220;yes&#8220; lightbox_image=&#8220;http:\/\/www.gannahall.de\/wp-content\/uploads\/2017\/03\/projekt15.jpg&#8220; linktarget=&#8220;_self&#8220; hide_on_mobile=&#8220;small-visibility,medium-visibility,large-visibility&#8220; animation_direction=&#8220;left&#8220; animation_speed=&#8220;0.3&#8243;]http:\/\/www.gannahall.de\/wp-content\/uploads\/2017\/03\/projekt15-224&#215;300.jpg[\/fusion_imageframe][\/fusion_builder_column][\/fusion_builder_row][\/fusion_builder_container]<\/p>\n","protected":false},"excerpt":{"rendered":"<p>[fusion_builder_container hundred_percent=&#8220;no&#8220; equal_height_columns=&#8220;no&#8220; hide_on_mobile=&#8220;small-visibility,medium-visibility,large-visibility&#8220; background_position=&#8220;center center&#8220; background_repeat=&#8220;no-repeat&#8220; fade=&#8220;no&#8220; background_parallax=&#8220;none&#8220; parallax_speed=&#8220;0.3&#8243; video_aspect_ratio=&#8220;16:9&#8243; video_loop=&#8220;yes&#8220; video_mute=&#8220;yes&#8220; overlay_opacity=&#8220;0.5&#8243; border_style=&#8220;solid&#8220;][fusion_builder_row][fusion_builder_column type=&#8220;1_1&#8243; layout=&#8220;1_1&#8243; background_position=&#8220;left top&#8220; background_color=&#8220;&#8220; border_size=&#8220;&#8220; border_color=&#8220;&#8220; border_style=&#8220;solid&#8220; border_position=&#8220;all&#8220; spacing=&#8220;yes&#8220; background_image=&#8220;&#8220; background_repeat=&#8220;no-repeat&#8220; padding=&#8220;&#8220; margin_top=&#8220;0px&#8220; margin_bottom=&#8220;0px&#8220; class=&#8220;&#8220; id=&#8220;&#8220; animation_type=&#8220;&#8220; animation_speed=&#8220;0.3&#8243; animation_direction=&#8220;left&#8220; hide_on_mobile=&#8220;small-visibility,medium-visibility,large-visibility&#8220; center_content=&#8220;no&#8220; last=&#8220;no&#8220; min_height=&#8220;&#8220; hover_type=&#8220;none&#8220; link=&#8220;&#8220;][fusion_text] Das Projekt \u201eHistorisches Dorf &#8211; GANNAHALL\u201c Ein historischer Lehr- Erlebnis- und Veranstaltungsort f\u00fcr offene Kinder- und Jugendarbeit, Kultur, Tourismus, sowie experimentelle Arch\u00e4ologie und den Erhalt bedrohter einheimischer Nutztierrassen und \u2013Pflanzen [\/fusion_text][fusion_imageframe image_id=&#8220;12210&#8243; style_type=&#8220;none&#8220; hover_type=&#8220;none&#8220; align=&#8220;center&#8220; lightbox=&#8220;no&#8220; linktarget=&#8220;_self&#8220; hide_on_mobile=&#8220;small-visibility,medium-visibility,large-visibility&#8220; animation_direction=&#8220;left&#8220; animation_speed=&#8220;0.3&#8243;]http:\/\/www.semnonenbund.de\/wp-content\/uploads\/2017\/03\/projekt1-300&#215;217.jpg[\/fusion_imageframe][fusion_text] Das Projekt Die Rekonstruktion eines Teiles der fr\u00fchgeschichtlichen Siedlung von Nauen-B\u00e4rhorst Der gemeinn\u00fctzige Verein SEMNONENBUND e.V. plant als Bauherr [&hellip;]<\/p>\n","protected":false},"author":1,"featured_media":0,"parent":12082,"menu_order":0,"comment_status":"closed","ping_status":"closed","template":"","meta":[],"_links":{"self":[{"href":"http:\/\/www.tiuwari.de\/index.php\/wp-json\/wp\/v2\/pages\/12062"}],"collection":[{"href":"http:\/\/www.tiuwari.de\/index.php\/wp-json\/wp\/v2\/pages"}],"about":[{"href":"http:\/\/www.tiuwari.de\/index.php\/wp-json\/wp\/v2\/types\/page"}],"author":[{"embeddable":true,"href":"http:\/\/www.tiuwari.de\/index.php\/wp-json\/wp\/v2\/users\/1"}],"replies":[{"embeddable":true,"href":"http:\/\/www.tiuwari.de\/index.php\/wp-json\/wp\/v2\/comments?post=12062"}],"version-history":[{"count":23,"href":"http:\/\/www.tiuwari.de\/index.php\/wp-json\/wp\/v2\/pages\/12062\/revisions"}],"predecessor-version":[{"id":12800,"href":"http:\/\/www.tiuwari.de\/index.php\/wp-json\/wp\/v2\/pages\/12062\/revisions\/12800"}],"up":[{"embeddable":true,"href":"http:\/\/www.tiuwari.de\/index.php\/wp-json\/wp\/v2\/pages\/12082"}],"wp:attachment":[{"href":"http:\/\/www.tiuwari.de\/index.php\/wp-json\/wp\/v2\/media?parent=12062"}],"curies":[{"name":"wp","href":"https:\/\/api.w.org\/{rel}","templated":true}]}}